{"version":"1.0","provider_name":"La Farga L&#039;Hospitalet Centre d&#039;Activitats. La Farga GEM, S.A.","provider_url":"https:\/\/www.lafargalhospitalet.com\/ca\/","title":"ACTO POL\u00cdTICO DE SUMAR EN COM\u00da PODEM - La Farga L&#039;Hospitalet Centre d&#039;Activitats. La Farga GEM, S.A.","type":"rich","width":600,"height":338,"html":"<blockquote class=\"wp-embedded-content\" data-secret=\"ywKjtw7liS\"><a href=\"https:\/\/www.lafargalhospitalet.com\/ca\/events\/acto-politico-de-sumar-en-comu-podem\/\">ACTO POL\u00cdTICO DE SUMAR EN COM\u00da PODEM<\/a><\/blockquote><iframe sandbox=\"allow-scripts\" security=\"restricted\" src=\"https:\/\/www.lafargalhospitalet.com\/ca\/events\/acto-politico-de-sumar-en-comu-podem\/embed\/#?secret=ywKjtw7liS\" width=\"600\" height=\"338\" title=\"&#8220;ACTO POL\u00cdTICO DE SUMAR EN COM\u00da PODEM&#8221; &#8212; La Farga L&#039;Hospitalet Centre d&#039;Activitats. La Farga GEM, S.A.\" data-secret=\"ywKjtw7liS\" frameborder=\"0\" marginwidth=\"0\" marginheight=\"0\" scrolling=\"no\" class=\"wp-embedded-content\"><\/iframe><script>\n\/*! This file is auto-generated *\/\n!function(d,l){\"use strict\";l.querySelector&&d.addEventListener&&\"undefined\"!=typeof URL&&(d.wp=d.wp||{},d.wp.receiveEmbedMessage||(d.wp.receiveEmbedMessage=function(e){var t=e.data;if((t||t.secret||t.message||t.value)&&!\/[^a-zA-Z0-9]\/.test(t.secret)){for(var s,r,n,a=l.querySelectorAll('iframe[data-secret=\"'+t.secret+'\"]'),o=l.querySelectorAll('blockquote[data-secret=\"'+t.secret+'\"]'),c=new RegExp(\"^https?:$\",\"i\"),i=0;i<o.length;i++)o[i].style.display=\"none\";for(i=0;i<a.length;i++)s=a[i],e.source===s.contentWindow&&(s.removeAttribute(\"style\"),\"height\"===t.message?(1e3<(r=parseInt(t.value,10))?r=1e3:~~r<200&&(r=200),s.height=r):\"link\"===t.message&&(r=new URL(s.getAttribute(\"src\")),n=new URL(t.value),c.test(n.protocol))&&n.host===r.host&&l.activeElement===s&&(d.top.location.href=t.value))}},d.addEventListener(\"message\",d.wp.receiveEmbedMessage,!1),l.addEventListener(\"DOMContentLoaded\",function(){for(var e,t,s=l.querySelectorAll(\"iframe.wp-embedded-content\"),r=0;r<s.length;r++)(t=(e=s[r]).getAttribute(\"data-secret\"))||(t=Math.random().toString(36).substring(2,12),e.src+=\"#?secret=\"+t,e.setAttribute(\"data-secret\",t)),e.contentWindow.postMessage({message:\"ready\",secret:t},\"*\")},!1)))}(window,document);\n\/\/# sourceURL=https:\/\/www.lafargalhospitalet.com\/wp-includes\/js\/wp-embed.min.js\n<\/script>\n","thumbnail_url":"https:\/\/www.lafargalhospitalet.com\/wp-content\/uploads\/2025\/11\/Sumar-EnComuPodem.jpg","thumbnail_width":1080,"thumbnail_height":1080,"description":"Jueves, 2O de julio, 19 h La formaci\u00f3n Sumar En Com\u00fa Podem celebra un acto pol\u00edtico, en La Farga Centro de Actividades, dentro de la campa\u00f1a de las Elecciones Generales del 23 de julio, con la presencia de las candidatas Yolanda D\u00edaz y Aina Vidal."}