{"id":15492,"date":"2024-02-06T17:05:28","date_gmt":"2024-02-06T16:05:28","guid":{"rendered":"https:\/\/www.lafargalhospitalet.com\/?post_type=ajde_events&#038;p=15492"},"modified":"2025-11-04T11:59:18","modified_gmt":"2025-11-04T10:59:18","slug":"brick-fest-live","status":"publish","type":"ajde_events","link":"https:\/\/www.lafargalhospitalet.com\/ca\/events\/brick-fest-live\/","title":{"rendered":"BRICK FEST LIVE"},"content":{"rendered":"\n<div class=\"wp-block-uagb-advanced-heading uagb-block-89347239\"><h3 class=\"uagb-heading-text\">Dies 5, 6 i 7 d&#8217;abril de 2024<\/h3><\/div>\n\n\n\n\n\n<p>L&#8217;esdeveniment m\u00e9s gran de LEGO arriba per primer cop a Espanya. La Farga de L\u2019Hospitalet acull el <strong>Brick Fest Live<\/strong> els dies 5, 6 i 7 d\u2019abril amb m\u00e9s d\u2019un mili\u00f3 de peces de LEGO en exhibici\u00f3 i llestos perqu\u00e8 tots hi juguem.<br><br>Brick Fest Live permet a les fam\u00edlies gaudir de creacions al\u00b7lucinants de tot el m\u00f3n fetes completament d&#8217;aquesta joguina atemporal. Nens i adults queden sorpresos amb models LEGO a mida real i activitats de construcci\u00f3 interactives que han estat dissenyades per fer volar la imaginaci\u00f3.<br><br>&#8220;A Brick Fest Live, els nens poden construir juntament amb els seus pares, germans i fins i tot avis en aquesta experi\u00e8ncia \u00fanica d&#8217;uni\u00f3 familiar, mentre simult\u00e0niament s&#8217;inspiren per convertir-se en la propera generaci\u00f3 d&#8217;artistes, enginyers i l\u00edders&#8221;, expliquen des de GET ROCK, empresa organitzadora de les mostres a Espanya.<br><br><strong><a href=\"https:\/\/www.brickfest.es\/\" target=\"_blank\" rel=\"noreferrer noopener\">M\u00e9s informaci\u00f3 i venda d&#8217;entrades<\/a><\/strong><\/p>\n","protected":false},"author":1,"featured_media":19428,"menu_order":0,"comment_status":"open","ping_status":"closed","template":"","meta":{"_monsterinsights_skip_tracking":false,"_monsterinsights_sitenote_active":false,"_monsterinsights_sitenote_note":"","_monsterinsights_sitenote_category":0},"tags":[],"event_type":[86,91],"event_type_2":[],"class_list":["post-15492","ajde_events","type-ajde_events","status-publish","has-post-thumbnail","hentry","event_location-la-farga-centre-dactivitats","event_organizer-get-rock","event_type-catala","event_type-portada-catala"],"yoast_head":"<!-- This site is optimized with the Yoast SEO plugin v27.5 - https:\/\/yoast.com\/product\/yoast-seo-wordpress\/ -->\n<title>BRICK FEST LIVE - La Farga L&#039;Hospitalet Centre d&#039;Activitats. La Farga GEM, S.A.<\/title>\n<meta name=\"robots\" content=\"index, follow, max-snippet:-1, max-image-preview:large, max-video-preview:-1\" \/>\n<link rel=\"canonical\" href=\"https:\/\/www.lafargalhospitalet.com\/ca\/events\/brick-fest-live\/\" \/>\n<meta property=\"og:locale\" content=\"ca_ES\" \/>\n<meta property=\"og:type\" content=\"article\" \/>\n<meta property=\"og:title\" content=\"BRICK FEST LIVE - La Farga L&#039;Hospitalet Centre d&#039;Activitats. La Farga GEM, S.A.\" \/>\n<meta property=\"og:description\" content=\"L&#8217;esdeveniment m\u00e9s gran de LEGO arriba per primer cop a Espanya. La Farga de L\u2019Hospitalet acull el Brick Fest Live els dies 5, 6 i 7 d\u2019abril amb m\u00e9s d\u2019un mili\u00f3 de peces de LEGO en exhibici\u00f3 i llestos perqu\u00e8 tots hi juguem. Brick Fest Live permet a les fam\u00edlies gaudir de creacions al\u00b7lucinants de [&hellip;]\" \/>\n<meta property=\"og:url\" content=\"https:\/\/www.lafargalhospitalet.com\/ca\/events\/brick-fest-live\/\" \/>\n<meta property=\"og:site_name\" content=\"La Farga L&#039;Hospitalet Centre d&#039;Activitats. La Farga GEM, S.A.\" \/>\n<meta property=\"article:publisher\" content=\"https:\/\/www.facebook.com\/fargahospitalet\/\" \/>\n<meta property=\"article:modified_time\" content=\"2025-11-04T10:59:18+00:00\" \/>\n<meta property=\"og:image\" content=\"https:\/\/www.lafargalhospitalet.com\/wp-content\/uploads\/2025\/11\/BrickFest.png\" \/>\n\t<meta property=\"og:image:width\" content=\"834\" \/>\n\t<meta property=\"og:image:height\" content=\"834\" \/>\n\t<meta property=\"og:image:type\" content=\"image\/png\" \/>\n<meta name=\"twitter:card\" content=\"summary_large_image\" \/>\n<meta name=\"twitter:site\" content=\"@fargahospitalet\" \/>\n<meta name=\"twitter:label1\" content=\"Temps estimat de lectura\" \/>\n\t<meta name=\"twitter:data1\" content=\"1 minut\" \/>\n<script type=\"application\/ld+json\" class=\"yoast-schema-graph\">{\"@context\":\"https:\\\/\\\/schema.org\",\"@graph\":[{\"@type\":\"WebPage\",\"@id\":\"https:\\\/\\\/www.lafargalhospitalet.com\\\/ca\\\/events\\\/brick-fest-live\\\/\",\"url\":\"https:\\\/\\\/www.lafargalhospitalet.com\\\/ca\\\/events\\\/brick-fest-live\\\/\",\"name\":\"BRICK FEST LIVE - La Farga L&#039;Hospitalet Centre d&#039;Activitats. La Farga GEM, S.A.\",\"isPartOf\":{\"@id\":\"https:\\\/\\\/www.lafargalhospitalet.com\\\/#website\"},\"primaryImageOfPage\":{\"@id\":\"https:\\\/\\\/www.lafargalhospitalet.com\\\/ca\\\/events\\\/brick-fest-live\\\/#primaryimage\"},\"image\":{\"@id\":\"https:\\\/\\\/www.lafargalhospitalet.com\\\/ca\\\/events\\\/brick-fest-live\\\/#primaryimage\"},\"thumbnailUrl\":\"https:\\\/\\\/www.lafargalhospitalet.com\\\/wp-content\\\/uploads\\\/2025\\\/11\\\/BrickFest.png\",\"datePublished\":\"2024-02-06T16:05:28+00:00\",\"dateModified\":\"2025-11-04T10:59:18+00:00\",\"breadcrumb\":{\"@id\":\"https:\\\/\\\/www.lafargalhospitalet.com\\\/ca\\\/events\\\/brick-fest-live\\\/#breadcrumb\"},\"inLanguage\":\"ca\",\"potentialAction\":[{\"@type\":\"ReadAction\",\"target\":[\"https:\\\/\\\/www.lafargalhospitalet.com\\\/ca\\\/events\\\/brick-fest-live\\\/\"]}]},{\"@type\":\"ImageObject\",\"inLanguage\":\"ca\",\"@id\":\"https:\\\/\\\/www.lafargalhospitalet.com\\\/ca\\\/events\\\/brick-fest-live\\\/#primaryimage\",\"url\":\"https:\\\/\\\/www.lafargalhospitalet.com\\\/wp-content\\\/uploads\\\/2025\\\/11\\\/BrickFest.png\",\"contentUrl\":\"https:\\\/\\\/www.lafargalhospitalet.com\\\/wp-content\\\/uploads\\\/2025\\\/11\\\/BrickFest.png\",\"width\":834,\"height\":834},{\"@type\":\"BreadcrumbList\",\"@id\":\"https:\\\/\\\/www.lafargalhospitalet.com\\\/ca\\\/events\\\/brick-fest-live\\\/#breadcrumb\",\"itemListElement\":[{\"@type\":\"ListItem\",\"position\":1,\"name\":\"Portada\",\"item\":\"https:\\\/\\\/www.lafargalhospitalet.com\\\/\"},{\"@type\":\"ListItem\",\"position\":2,\"name\":\"Events\",\"item\":\"https:\\\/\\\/www.lafargalhospitalet.com\\\/ca\\\/events\\\/\"},{\"@type\":\"ListItem\",\"position\":3,\"name\":\"BRICK FEST LIVE\"}]},{\"@type\":\"WebSite\",\"@id\":\"https:\\\/\\\/www.lafargalhospitalet.com\\\/#website\",\"url\":\"https:\\\/\\\/www.lafargalhospitalet.com\\\/\",\"name\":\"La Farga L'Hospitalet Centre d'Activitats. La Farga GEM, S.A.\",\"description\":\"La Farga L&#039;Hospitalet Centre d&#039;Activitats. Gestionat per La Farga GEM, S.A. Fires i Congressos. Concerts, exposicions, reunions, filmacions, sopars de gala.\",\"publisher\":{\"@id\":\"https:\\\/\\\/www.lafargalhospitalet.com\\\/#organization\"},\"potentialAction\":[{\"@type\":\"SearchAction\",\"target\":{\"@type\":\"EntryPoint\",\"urlTemplate\":\"https:\\\/\\\/www.lafargalhospitalet.com\\\/?s={search_term_string}\"},\"query-input\":{\"@type\":\"PropertyValueSpecification\",\"valueRequired\":true,\"valueName\":\"search_term_string\"}}],\"inLanguage\":\"ca\"},{\"@type\":\"Organization\",\"@id\":\"https:\\\/\\\/www.lafargalhospitalet.com\\\/#organization\",\"name\":\"La Farga L'Hospitalet Centre d'Activitats. La Farga GEM, S.A.\",\"url\":\"https:\\\/\\\/www.lafargalhospitalet.com\\\/\",\"logo\":{\"@type\":\"ImageObject\",\"inLanguage\":\"ca\",\"@id\":\"https:\\\/\\\/www.lafargalhospitalet.com\\\/#\\\/schema\\\/logo\\\/image\\\/\",\"url\":\"https:\\\/\\\/www.lafargalhospitalet.com\\\/wp-content\\\/uploads\\\/2025\\\/10\\\/logotipo_lafarga_centre_activitats.png\",\"contentUrl\":\"https:\\\/\\\/www.lafargalhospitalet.com\\\/wp-content\\\/uploads\\\/2025\\\/10\\\/logotipo_lafarga_centre_activitats.png\",\"width\":266,\"height\":101,\"caption\":\"La Farga L'Hospitalet Centre d'Activitats. La Farga GEM, S.A.\"},\"image\":{\"@id\":\"https:\\\/\\\/www.lafargalhospitalet.com\\\/#\\\/schema\\\/logo\\\/image\\\/\"},\"sameAs\":[\"https:\\\/\\\/www.facebook.com\\\/fargahospitalet\\\/\",\"https:\\\/\\\/x.com\\\/fargahospitalet\",\"https:\\\/\\\/www.instagram.com\\\/lafargahospitalet\\\/\",\"https:\\\/\\\/www.youtube.com\\\/channel\\\/UCoLt6hen3PqGXgbLMGI3Qdw\",\"https:\\\/\\\/www.flickr.com\\\/photos\\\/lafargagemsa\\\/albums\"]}]}<\/script>\n<!-- \/ Yoast SEO plugin. -->","yoast_head_json":{"title":"BRICK FEST LIVE - La Farga L&#039;Hospitalet Centre d&#039;Activitats. La Farga GEM, S.A.","robots":{"index":"index","follow":"follow","max-snippet":"max-snippet:-1","max-image-preview":"max-image-preview:large","max-video-preview":"max-video-preview:-1"},"canonical":"https:\/\/www.lafargalhospitalet.com\/ca\/events\/brick-fest-live\/","og_locale":"ca_ES","og_type":"article","og_title":"BRICK FEST LIVE - La Farga L&#039;Hospitalet Centre d&#039;Activitats. La Farga GEM, S.A.","og_description":"L&#8217;esdeveniment m\u00e9s gran de LEGO arriba per primer cop a Espanya. La Farga de L\u2019Hospitalet acull el Brick Fest Live els dies 5, 6 i 7 d\u2019abril amb m\u00e9s d\u2019un mili\u00f3 de peces de LEGO en exhibici\u00f3 i llestos perqu\u00e8 tots hi juguem. Brick Fest Live permet a les fam\u00edlies gaudir de creacions al\u00b7lucinants de [&hellip;]","og_url":"https:\/\/www.lafargalhospitalet.com\/ca\/events\/brick-fest-live\/","og_site_name":"La Farga L&#039;Hospitalet Centre d&#039;Activitats. La Farga GEM, S.A.","article_publisher":"https:\/\/www.facebook.com\/fargahospitalet\/","article_modified_time":"2025-11-04T10:59:18+00:00","og_image":[{"width":834,"height":834,"url":"https:\/\/www.lafargalhospitalet.com\/wp-content\/uploads\/2025\/11\/BrickFest.png","type":"image\/png"}],"twitter_card":"summary_large_image","twitter_site":"@fargahospitalet","twitter_misc":{"Temps estimat de lectura":"1 minut"},"schema":{"@context":"https:\/\/schema.org","@graph":[{"@type":"WebPage","@id":"https:\/\/www.lafargalhospitalet.com\/ca\/events\/brick-fest-live\/","url":"https:\/\/www.lafargalhospitalet.com\/ca\/events\/brick-fest-live\/","name":"BRICK FEST LIVE - La Farga L&#039;Hospitalet Centre d&#039;Activitats. La Farga GEM, S.A.","isPartOf":{"@id":"https:\/\/www.lafargalhospitalet.com\/#website"},"primaryImageOfPage":{"@id":"https:\/\/www.lafargalhospitalet.com\/ca\/events\/brick-fest-live\/#primaryimage"},"image":{"@id":"https:\/\/www.lafargalhospitalet.com\/ca\/events\/brick-fest-live\/#primaryimage"},"thumbnailUrl":"https:\/\/www.lafargalhospitalet.com\/wp-content\/uploads\/2025\/11\/BrickFest.png","datePublished":"2024-02-06T16:05:28+00:00","dateModified":"2025-11-04T10:59:18+00:00","breadcrumb":{"@id":"https:\/\/www.lafargalhospitalet.com\/ca\/events\/brick-fest-live\/#breadcrumb"},"inLanguage":"ca","potentialAction":[{"@type":"ReadAction","target":["https:\/\/www.lafargalhospitalet.com\/ca\/events\/brick-fest-live\/"]}]},{"@type":"ImageObject","inLanguage":"ca","@id":"https:\/\/www.lafargalhospitalet.com\/ca\/events\/brick-fest-live\/#primaryimage","url":"https:\/\/www.lafargalhospitalet.com\/wp-content\/uploads\/2025\/11\/BrickFest.png","contentUrl":"https:\/\/www.lafargalhospitalet.com\/wp-content\/uploads\/2025\/11\/BrickFest.png","width":834,"height":834},{"@type":"BreadcrumbList","@id":"https:\/\/www.lafargalhospitalet.com\/ca\/events\/brick-fest-live\/#breadcrumb","itemListElement":[{"@type":"ListItem","position":1,"name":"Portada","item":"https:\/\/www.lafargalhospitalet.com\/"},{"@type":"ListItem","position":2,"name":"Events","item":"https:\/\/www.lafargalhospitalet.com\/ca\/events\/"},{"@type":"ListItem","position":3,"name":"BRICK FEST LIVE"}]},{"@type":"WebSite","@id":"https:\/\/www.lafargalhospitalet.com\/#website","url":"https:\/\/www.lafargalhospitalet.com\/","name":"La Farga L'Hospitalet Centre d'Activitats. La Farga GEM, S.A.","description":"La Farga L&#039;Hospitalet Centre d&#039;Activitats. Gestionat per La Farga GEM, S.A. Fires i Congressos. Concerts, exposicions, reunions, filmacions, sopars de gala.","publisher":{"@id":"https:\/\/www.lafargalhospitalet.com\/#organization"},"potentialAction":[{"@type":"SearchAction","target":{"@type":"EntryPoint","urlTemplate":"https:\/\/www.lafargalhospitalet.com\/?s={search_term_string}"},"query-input":{"@type":"PropertyValueSpecification","valueRequired":true,"valueName":"search_term_string"}}],"inLanguage":"ca"},{"@type":"Organization","@id":"https:\/\/www.lafargalhospitalet.com\/#organization","name":"La Farga L'Hospitalet Centre d'Activitats. La Farga GEM, S.A.","url":"https:\/\/www.lafargalhospitalet.com\/","logo":{"@type":"ImageObject","inLanguage":"ca","@id":"https:\/\/www.lafargalhospitalet.com\/#\/schema\/logo\/image\/","url":"https:\/\/www.lafargalhospitalet.com\/wp-content\/uploads\/2025\/10\/logotipo_lafarga_centre_activitats.png","contentUrl":"https:\/\/www.lafargalhospitalet.com\/wp-content\/uploads\/2025\/10\/logotipo_lafarga_centre_activitats.png","width":266,"height":101,"caption":"La Farga L'Hospitalet Centre d'Activitats. La Farga GEM, S.A."},"image":{"@id":"https:\/\/www.lafargalhospitalet.com\/#\/schema\/logo\/image\/"},"sameAs":["https:\/\/www.facebook.com\/fargahospitalet\/","https:\/\/x.com\/fargahospitalet","https:\/\/www.instagram.com\/lafargahospitalet\/","https:\/\/www.youtube.com\/channel\/UCoLt6hen3PqGXgbLMGI3Qdw","https:\/\/www.flickr.com\/photos\/lafargagemsa\/albums"]}]}},"_links":{"self":[{"href":"https:\/\/www.lafargalhospitalet.com\/ca\/wp-json\/wp\/v2\/ajde_events\/15492","targetHints":{"allow":["GET"]}}],"collection":[{"href":"https:\/\/www.lafargalhospitalet.com\/ca\/wp-json\/wp\/v2\/ajde_events"}],"about":[{"href":"https:\/\/www.lafargalhospitalet.com\/ca\/wp-json\/wp\/v2\/types\/ajde_events"}],"author":[{"embeddable":true,"href":"https:\/\/www.lafargalhospitalet.com\/ca\/wp-json\/wp\/v2\/users\/1"}],"replies":[{"embeddable":true,"href":"https:\/\/www.lafargalhospitalet.com\/ca\/wp-json\/wp\/v2\/comments?post=15492"}],"wp:featuredmedia":[{"embeddable":true,"href":"https:\/\/www.lafargalhospitalet.com\/ca\/wp-json\/wp\/v2\/media\/19428"}],"wp:attachment":[{"href":"https:\/\/www.lafargalhospitalet.com\/ca\/wp-json\/wp\/v2\/media?parent=15492"}],"wp:term":[{"taxonomy":"post_tag","embeddable":true,"href":"https:\/\/www.lafargalhospitalet.com\/ca\/wp-json\/wp\/v2\/tags?post=15492"},{"taxonomy":"event_type","embeddable":true,"href":"https:\/\/www.lafargalhospitalet.com\/ca\/wp-json\/wp\/v2\/event_type?post=15492"},{"taxonomy":"event_type_2","embeddable":true,"href":"https:\/\/www.lafargalhospitalet.com\/ca\/wp-json\/wp\/v2\/event_type_2?post=15492"}],"curies":[{"name":"wp","href":"https:\/\/api.w.org\/{rel}","templated":true}]}}