{"id":19969,"date":"2025-12-10T16:39:33","date_gmt":"2025-12-10T15:39:33","guid":{"rendered":"https:\/\/www.lafargalhospitalet.com\/?post_type=ajde_events&#038;p=19969"},"modified":"2026-02-05T12:54:38","modified_gmt":"2026-02-05T11:54:38","slug":"festival-super-90s","status":"publish","type":"ajde_events","link":"https:\/\/www.lafargalhospitalet.com\/ca\/events\/festival-super-90s\/","title":{"rendered":"FESTIVAL SUPER 90&#8217;S"},"content":{"rendered":"\n<p>Arriba la 3a edici\u00f3 del <strong>Festival SUPER 90&#8217;s: m\u00e9s de 7 hores non-stop<\/strong> de pura m\u00e0gia norantera.<br><br><strong>Dissabte 18 d&#8217;abril de 2026 <\/strong>a partir de les 17:00h tens una cita amb els temes que van marcar una d\u00e8cada. El festival <strong>SUPER 90&#8217;s<\/strong> omplir\u00e0 <strong>La Farga de L&#8217;Hospitalet<\/strong> amb l&#8217;esperit dels 90, amb m\u00e9s artistes, m\u00e9s hores de m\u00fasica i carregat de sorpreses nost\u00e0lgiques!<br><br>A l&#8217;escenari us esperen <strong>m\u00e9s de 7 hores ininterrompudes d&#8217;actuacions en directe<\/strong> amb:<br><br><strong>WHIGFIELD, DAISY DEE from TECHNOTRONIC, MARION from INVISIBLE LIMITS, JOHN WESLEY, PACO PIL, VICEVERSA, DJ SYLVAN (live), FRAKTAL (live), NEW LIMIT, SENSITY WORLD, DOUBLE VISION, AREA ( DAGON, NEWTON, ORORO, EX-3 (live), CLUBLANDERS, PAUL DROID.<\/strong><br><br>Els locutors i dj&#8217;s <strong>TONI PERET &amp; LEO GARRIGA<\/strong> presentaran aquesta festa que portar\u00e0 de nou els himnes de tota una generaci\u00f3 i els artistes que van omplir pistes de ball, mixtapes en casset i carpetes de l&#8217;EGB. Per altra banda <strong>DJ DAVID OLEART<\/strong> ser\u00e0 l\u2019encarregat de tancar la festa.<br><br>A m\u00e9s a m\u00e9s de gaudir de <strong>tots els hits dels 90<\/strong>, dins del festival podr\u00e0s trobar un <strong>espai \u00fanic. Aquest any SUPER 90&#8217;s, en col\u00b7laboraci\u00f3 amb Retro Experience BCN, et porta El T\u00fanel del Temps: zones immersives equipades amb objectes ic\u00f2nics de l&#8217;\u00e8poca<\/strong> que et transportaran a escenaris reals i et faran <strong>reviure moments memorables<\/strong> mentre descobreixes detalls i sorpreses que nom\u00e9s els aut\u00e8ntics amants dels 90.<br><br>Si vols tornar a viure aquestes nits inoblidables: posa&#8217;t la teva ronyonera m\u00e9s \u201cfashion\u201d, desempolsa el xandall de colors fluor i torna a ballar ia sentir els 90!<br><br><a href=\"http:\/\/super90sfestival.com\" type=\"link\" id=\"super90sfestival.com\" target=\"_blank\" rel=\"noreferrer noopener\"><strong>M\u00e9s informaci\u00f3n<\/strong><\/a><\/p>\n\n\n\n<p><\/p>\n","protected":false},"author":3,"featured_media":20130,"menu_order":0,"comment_status":"closed","ping_status":"closed","template":"","meta":{"_monsterinsights_skip_tracking":false,"_monsterinsights_sitenote_active":false,"_monsterinsights_sitenote_note":"","_monsterinsights_sitenote_category":0},"tags":[69],"event_type":[86,91],"event_type_2":[],"class_list":["post-19969","ajde_events","type-ajde_events","status-publish","has-post-thumbnail","hentry","tag-la-farga-centre-dactivitats","event_location-la-farga-centre-dactivitats","event_organizer-doctor-music","event_type-catala","event_type-portada-catala"],"yoast_head":"<!-- This site is optimized with the Yoast SEO plugin v27.5 - https:\/\/yoast.com\/product\/yoast-seo-wordpress\/ -->\n<title>FESTIVAL SUPER 90&#039;S - La Farga L&#039;Hospitalet Centre d&#039;Activitats. La Farga GEM, S.A.<\/title>\n<meta name=\"description\" content=\"El festival SUPER 90&#039;s omplir\u00e0 La Farga de L&#039;Hospitalet amb l&#039;esperit dels 90,\" \/>\n<meta name=\"robots\" content=\"index, follow, max-snippet:-1, max-image-preview:large, max-video-preview:-1\" \/>\n<link rel=\"canonical\" href=\"https:\/\/www.lafargalhospitalet.com\/events\/festival-super-90s\/\" \/>\n<meta property=\"og:locale\" content=\"ca_ES\" \/>\n<meta property=\"og:type\" content=\"article\" \/>\n<meta property=\"og:title\" content=\"FESTIVAL SUPER 90&#039;S - La Farga L&#039;Hospitalet Centre d&#039;Activitats. La Farga GEM, S.A.\" \/>\n<meta property=\"og:description\" content=\"El festival SUPER 90&#039;s omplir\u00e0 La Farga de L&#039;Hospitalet amb l&#039;esperit dels 90,\" \/>\n<meta property=\"og:url\" content=\"https:\/\/www.lafargalhospitalet.com\/events\/festival-super-90s\/\" \/>\n<meta property=\"og:site_name\" content=\"La Farga L&#039;Hospitalet Centre d&#039;Activitats. La Farga GEM, S.A.\" \/>\n<meta property=\"article:publisher\" content=\"https:\/\/www.facebook.com\/fargahospitalet\/\" \/>\n<meta property=\"article:modified_time\" content=\"2026-02-05T11:54:38+00:00\" \/>\n<meta property=\"og:image\" content=\"https:\/\/www.lafargalhospitalet.com\/wp-content\/uploads\/2025\/12\/Super90s-Farga.jpg\" \/>\n\t<meta property=\"og:image:width\" content=\"1080\" \/>\n\t<meta property=\"og:image:height\" content=\"1080\" \/>\n\t<meta property=\"og:image:type\" content=\"image\/jpeg\" \/>\n<meta name=\"twitter:card\" content=\"summary_large_image\" \/>\n<meta name=\"twitter:site\" content=\"@fargahospitalet\" \/>\n<meta name=\"twitter:label1\" content=\"Temps estimat de lectura\" \/>\n\t<meta name=\"twitter:data1\" content=\"2 minuts\" \/>\n<script type=\"application\/ld+json\" class=\"yoast-schema-graph\">{\"@context\":\"https:\\\/\\\/schema.org\",\"@graph\":[{\"@type\":\"WebPage\",\"@id\":\"https:\\\/\\\/www.lafargalhospitalet.com\\\/events\\\/festival-super-90s\\\/\",\"url\":\"https:\\\/\\\/www.lafargalhospitalet.com\\\/events\\\/festival-super-90s\\\/\",\"name\":\"FESTIVAL SUPER 90'S - La Farga L&#039;Hospitalet Centre d&#039;Activitats. La Farga GEM, S.A.\",\"isPartOf\":{\"@id\":\"https:\\\/\\\/www.lafargalhospitalet.com\\\/#website\"},\"primaryImageOfPage\":{\"@id\":\"https:\\\/\\\/www.lafargalhospitalet.com\\\/events\\\/festival-super-90s\\\/#primaryimage\"},\"image\":{\"@id\":\"https:\\\/\\\/www.lafargalhospitalet.com\\\/events\\\/festival-super-90s\\\/#primaryimage\"},\"thumbnailUrl\":\"https:\\\/\\\/www.lafargalhospitalet.com\\\/wp-content\\\/uploads\\\/2025\\\/12\\\/Super90s-Farga.jpg\",\"datePublished\":\"2025-12-10T15:39:33+00:00\",\"dateModified\":\"2026-02-05T11:54:38+00:00\",\"description\":\"El festival SUPER 90's omplir\u00e0 La Farga de L'Hospitalet amb l'esperit dels 90,\",\"breadcrumb\":{\"@id\":\"https:\\\/\\\/www.lafargalhospitalet.com\\\/events\\\/festival-super-90s\\\/#breadcrumb\"},\"inLanguage\":\"ca\",\"potentialAction\":[{\"@type\":\"ReadAction\",\"target\":[\"https:\\\/\\\/www.lafargalhospitalet.com\\\/events\\\/festival-super-90s\\\/\"]}]},{\"@type\":\"ImageObject\",\"inLanguage\":\"ca\",\"@id\":\"https:\\\/\\\/www.lafargalhospitalet.com\\\/events\\\/festival-super-90s\\\/#primaryimage\",\"url\":\"https:\\\/\\\/www.lafargalhospitalet.com\\\/wp-content\\\/uploads\\\/2025\\\/12\\\/Super90s-Farga.jpg\",\"contentUrl\":\"https:\\\/\\\/www.lafargalhospitalet.com\\\/wp-content\\\/uploads\\\/2025\\\/12\\\/Super90s-Farga.jpg\",\"width\":1080,\"height\":1080},{\"@type\":\"BreadcrumbList\",\"@id\":\"https:\\\/\\\/www.lafargalhospitalet.com\\\/events\\\/festival-super-90s\\\/#breadcrumb\",\"itemListElement\":[{\"@type\":\"ListItem\",\"position\":1,\"name\":\"Portada\",\"item\":\"https:\\\/\\\/www.lafargalhospitalet.com\\\/\"},{\"@type\":\"ListItem\",\"position\":2,\"name\":\"Events\",\"item\":\"https:\\\/\\\/www.lafargalhospitalet.com\\\/ca\\\/events\\\/\"},{\"@type\":\"ListItem\",\"position\":3,\"name\":\"FESTIVAL SUPER 90&#8217;S\"}]},{\"@type\":\"WebSite\",\"@id\":\"https:\\\/\\\/www.lafargalhospitalet.com\\\/#website\",\"url\":\"https:\\\/\\\/www.lafargalhospitalet.com\\\/\",\"name\":\"La Farga L'Hospitalet Centre d'Activitats. La Farga GEM, S.A.\",\"description\":\"La Farga L&#039;Hospitalet Centre d&#039;Activitats. Gestionat per La Farga GEM, S.A. Fires i Congressos. Concerts, exposicions, reunions, filmacions, sopars de gala.\",\"publisher\":{\"@id\":\"https:\\\/\\\/www.lafargalhospitalet.com\\\/#organization\"},\"potentialAction\":[{\"@type\":\"SearchAction\",\"target\":{\"@type\":\"EntryPoint\",\"urlTemplate\":\"https:\\\/\\\/www.lafargalhospitalet.com\\\/?s={search_term_string}\"},\"query-input\":{\"@type\":\"PropertyValueSpecification\",\"valueRequired\":true,\"valueName\":\"search_term_string\"}}],\"inLanguage\":\"ca\"},{\"@type\":\"Organization\",\"@id\":\"https:\\\/\\\/www.lafargalhospitalet.com\\\/#organization\",\"name\":\"La Farga L'Hospitalet Centre d'Activitats. La Farga GEM, S.A.\",\"url\":\"https:\\\/\\\/www.lafargalhospitalet.com\\\/\",\"logo\":{\"@type\":\"ImageObject\",\"inLanguage\":\"ca\",\"@id\":\"https:\\\/\\\/www.lafargalhospitalet.com\\\/#\\\/schema\\\/logo\\\/image\\\/\",\"url\":\"https:\\\/\\\/www.lafargalhospitalet.com\\\/wp-content\\\/uploads\\\/2025\\\/10\\\/logotipo_lafarga_centre_activitats.png\",\"contentUrl\":\"https:\\\/\\\/www.lafargalhospitalet.com\\\/wp-content\\\/uploads\\\/2025\\\/10\\\/logotipo_lafarga_centre_activitats.png\",\"width\":266,\"height\":101,\"caption\":\"La Farga L'Hospitalet Centre d'Activitats. La Farga GEM, S.A.\"},\"image\":{\"@id\":\"https:\\\/\\\/www.lafargalhospitalet.com\\\/#\\\/schema\\\/logo\\\/image\\\/\"},\"sameAs\":[\"https:\\\/\\\/www.facebook.com\\\/fargahospitalet\\\/\",\"https:\\\/\\\/x.com\\\/fargahospitalet\",\"https:\\\/\\\/www.instagram.com\\\/lafargahospitalet\\\/\",\"https:\\\/\\\/www.youtube.com\\\/channel\\\/UCoLt6hen3PqGXgbLMGI3Qdw\",\"https:\\\/\\\/www.flickr.com\\\/photos\\\/lafargagemsa\\\/albums\"]}]}<\/script>\n<!-- \/ Yoast SEO plugin. -->","yoast_head_json":{"title":"FESTIVAL SUPER 90'S - La Farga L&#039;Hospitalet Centre d&#039;Activitats. La Farga GEM, S.A.","description":"El festival SUPER 90's omplir\u00e0 La Farga de L'Hospitalet amb l'esperit dels 90,","robots":{"index":"index","follow":"follow","max-snippet":"max-snippet:-1","max-image-preview":"max-image-preview:large","max-video-preview":"max-video-preview:-1"},"canonical":"https:\/\/www.lafargalhospitalet.com\/events\/festival-super-90s\/","og_locale":"ca_ES","og_type":"article","og_title":"FESTIVAL SUPER 90'S - La Farga L&#039;Hospitalet Centre d&#039;Activitats. La Farga GEM, S.A.","og_description":"El festival SUPER 90's omplir\u00e0 La Farga de L'Hospitalet amb l'esperit dels 90,","og_url":"https:\/\/www.lafargalhospitalet.com\/events\/festival-super-90s\/","og_site_name":"La Farga L&#039;Hospitalet Centre d&#039;Activitats. La Farga GEM, S.A.","article_publisher":"https:\/\/www.facebook.com\/fargahospitalet\/","article_modified_time":"2026-02-05T11:54:38+00:00","og_image":[{"width":1080,"height":1080,"url":"https:\/\/www.lafargalhospitalet.com\/wp-content\/uploads\/2025\/12\/Super90s-Farga.jpg","type":"image\/jpeg"}],"twitter_card":"summary_large_image","twitter_site":"@fargahospitalet","twitter_misc":{"Temps estimat de lectura":"2 minuts"},"schema":{"@context":"https:\/\/schema.org","@graph":[{"@type":"WebPage","@id":"https:\/\/www.lafargalhospitalet.com\/events\/festival-super-90s\/","url":"https:\/\/www.lafargalhospitalet.com\/events\/festival-super-90s\/","name":"FESTIVAL SUPER 90'S - La Farga L&#039;Hospitalet Centre d&#039;Activitats. La Farga GEM, S.A.","isPartOf":{"@id":"https:\/\/www.lafargalhospitalet.com\/#website"},"primaryImageOfPage":{"@id":"https:\/\/www.lafargalhospitalet.com\/events\/festival-super-90s\/#primaryimage"},"image":{"@id":"https:\/\/www.lafargalhospitalet.com\/events\/festival-super-90s\/#primaryimage"},"thumbnailUrl":"https:\/\/www.lafargalhospitalet.com\/wp-content\/uploads\/2025\/12\/Super90s-Farga.jpg","datePublished":"2025-12-10T15:39:33+00:00","dateModified":"2026-02-05T11:54:38+00:00","description":"El festival SUPER 90's omplir\u00e0 La Farga de L'Hospitalet amb l'esperit dels 90,","breadcrumb":{"@id":"https:\/\/www.lafargalhospitalet.com\/events\/festival-super-90s\/#breadcrumb"},"inLanguage":"ca","potentialAction":[{"@type":"ReadAction","target":["https:\/\/www.lafargalhospitalet.com\/events\/festival-super-90s\/"]}]},{"@type":"ImageObject","inLanguage":"ca","@id":"https:\/\/www.lafargalhospitalet.com\/events\/festival-super-90s\/#primaryimage","url":"https:\/\/www.lafargalhospitalet.com\/wp-content\/uploads\/2025\/12\/Super90s-Farga.jpg","contentUrl":"https:\/\/www.lafargalhospitalet.com\/wp-content\/uploads\/2025\/12\/Super90s-Farga.jpg","width":1080,"height":1080},{"@type":"BreadcrumbList","@id":"https:\/\/www.lafargalhospitalet.com\/events\/festival-super-90s\/#breadcrumb","itemListElement":[{"@type":"ListItem","position":1,"name":"Portada","item":"https:\/\/www.lafargalhospitalet.com\/"},{"@type":"ListItem","position":2,"name":"Events","item":"https:\/\/www.lafargalhospitalet.com\/ca\/events\/"},{"@type":"ListItem","position":3,"name":"FESTIVAL SUPER 90&#8217;S"}]},{"@type":"WebSite","@id":"https:\/\/www.lafargalhospitalet.com\/#website","url":"https:\/\/www.lafargalhospitalet.com\/","name":"La Farga L'Hospitalet Centre d'Activitats. La Farga GEM, S.A.","description":"La Farga L&#039;Hospitalet Centre d&#039;Activitats. Gestionat per La Farga GEM, S.A. Fires i Congressos. Concerts, exposicions, reunions, filmacions, sopars de gala.","publisher":{"@id":"https:\/\/www.lafargalhospitalet.com\/#organization"},"potentialAction":[{"@type":"SearchAction","target":{"@type":"EntryPoint","urlTemplate":"https:\/\/www.lafargalhospitalet.com\/?s={search_term_string}"},"query-input":{"@type":"PropertyValueSpecification","valueRequired":true,"valueName":"search_term_string"}}],"inLanguage":"ca"},{"@type":"Organization","@id":"https:\/\/www.lafargalhospitalet.com\/#organization","name":"La Farga L'Hospitalet Centre d'Activitats. La Farga GEM, S.A.","url":"https:\/\/www.lafargalhospitalet.com\/","logo":{"@type":"ImageObject","inLanguage":"ca","@id":"https:\/\/www.lafargalhospitalet.com\/#\/schema\/logo\/image\/","url":"https:\/\/www.lafargalhospitalet.com\/wp-content\/uploads\/2025\/10\/logotipo_lafarga_centre_activitats.png","contentUrl":"https:\/\/www.lafargalhospitalet.com\/wp-content\/uploads\/2025\/10\/logotipo_lafarga_centre_activitats.png","width":266,"height":101,"caption":"La Farga L'Hospitalet Centre d'Activitats. La Farga GEM, S.A."},"image":{"@id":"https:\/\/www.lafargalhospitalet.com\/#\/schema\/logo\/image\/"},"sameAs":["https:\/\/www.facebook.com\/fargahospitalet\/","https:\/\/x.com\/fargahospitalet","https:\/\/www.instagram.com\/lafargahospitalet\/","https:\/\/www.youtube.com\/channel\/UCoLt6hen3PqGXgbLMGI3Qdw","https:\/\/www.flickr.com\/photos\/lafargagemsa\/albums"]}]}},"_links":{"self":[{"href":"https:\/\/www.lafargalhospitalet.com\/ca\/wp-json\/wp\/v2\/ajde_events\/19969","targetHints":{"allow":["GET"]}}],"collection":[{"href":"https:\/\/www.lafargalhospitalet.com\/ca\/wp-json\/wp\/v2\/ajde_events"}],"about":[{"href":"https:\/\/www.lafargalhospitalet.com\/ca\/wp-json\/wp\/v2\/types\/ajde_events"}],"author":[{"embeddable":true,"href":"https:\/\/www.lafargalhospitalet.com\/ca\/wp-json\/wp\/v2\/users\/3"}],"replies":[{"embeddable":true,"href":"https:\/\/www.lafargalhospitalet.com\/ca\/wp-json\/wp\/v2\/comments?post=19969"}],"wp:featuredmedia":[{"embeddable":true,"href":"https:\/\/www.lafargalhospitalet.com\/ca\/wp-json\/wp\/v2\/media\/20130"}],"wp:attachment":[{"href":"https:\/\/www.lafargalhospitalet.com\/ca\/wp-json\/wp\/v2\/media?parent=19969"}],"wp:term":[{"taxonomy":"post_tag","embeddable":true,"href":"https:\/\/www.lafargalhospitalet.com\/ca\/wp-json\/wp\/v2\/tags?post=19969"},{"taxonomy":"event_type","embeddable":true,"href":"https:\/\/www.lafargalhospitalet.com\/ca\/wp-json\/wp\/v2\/event_type?post=19969"},{"taxonomy":"event_type_2","embeddable":true,"href":"https:\/\/www.lafargalhospitalet.com\/ca\/wp-json\/wp\/v2\/event_type_2?post=19969"}],"curies":[{"name":"wp","href":"https:\/\/api.w.org\/{rel}","templated":true}]}}