{"id":5809,"date":"2018-05-10T17:07:07","date_gmt":"2018-05-10T16:07:07","guid":{"rendered":"http:\/\/www.lafargalhospitalet.com\/events\/vi-congreso-del-tercer-sector-social\/"},"modified":"2018-05-10T17:07:07","modified_gmt":"2018-05-10T16:07:07","slug":"vi-congreso-del-tercer-sector-social","status":"publish","type":"ajde_events","link":"https:\/\/www.lafargalhospitalet.com\/ca\/events\/vi-congreso-del-tercer-sector-social\/","title":{"rendered":"VI Congreso del Tercer Sector Social"},"content":{"rendered":"<h5>Organizado por la Mesa de Entidades del Tercer Sector<\/h5>\n<p>El VI Congreso del Tercer Sector Social se celebrar\u00e1 en La Farga Centro de Actividades el 21 y 22 de noviembre de 2018 bajo el lema &#8216;Desigualdades sociales, soluciones locales&#8217;. Este VI Congreso supondr\u00e1 un nuevo paso adelante para convertirse en un sector m\u00e1s fuerte, m\u00e1s comprometido, m\u00e1s reconocido y m\u00e1s influyente.<\/p>\n<p>El VI Congreso tiene como objetivo principal hacer visible la labor de las entidades sociales, la relevancia de la interacci\u00f3n entre ellas y las administraciones locales y la importancia de fortalecer este trabajo diaria para conseguir una sociedad m\u00e1s justa y que vele para mejorar la calidad de vida de los colectivos m\u00e1s vulnerables.<\/p>\n<p>El VI Congreso contar\u00e1 con una conferencia inaugural, 2 grandes coloquios, 6 debates. Tambi\u00e9n se presentar\u00e1n 54 experiencias innovadoras del Tercer Sector Social. Como novedad, el VI Congreso acoger\u00e1 un espacio tecnol\u00f3gico donde se presentar\u00e1n las apps sociales dirigidas al Tercer Sector y diferentes experiencias de innovaci\u00f3n tecnol\u00f3gica para las entidades sociales.<\/p>\n<p>La inauguraci\u00f3n del VI Congreso tendr\u00e1 lugar en el auditorio del Museo del Dise\u00f1o de Barcelona el martes 20 de noviembre por la tarde. El resto de actividades del VI Congreso (coloquios, debates, &#8216;Speakers Corner&#8217;, Muestra de entidades &#8230;) se celebrar\u00e1n en La Farga Centro de Actividades.<\/p>\n","protected":false},"author":1,"featured_media":5807,"menu_order":0,"comment_status":"open","ping_status":"closed","template":"","meta":{"_monsterinsights_skip_tracking":false,"_monsterinsights_sitenote_active":false,"_monsterinsights_sitenote_note":"","_monsterinsights_sitenote_category":0},"tags":[],"event_type":[89,92],"event_type_2":[],"class_list":["post-5809","ajde_events","type-ajde_events","status-publish","has-post-thumbnail","hentry","event_location-la-farga-centre-dactivitats","event_organizer-taula-dentitats-del-tercer-sector","event_type-castella","event_type-portada-castella"],"yoast_head":"<!-- This site is optimized with the Yoast SEO plugin v27.5 - https:\/\/yoast.com\/product\/yoast-seo-wordpress\/ -->\n<title>VI Congreso del Tercer Sector Social - La Farga L&#039;Hospitalet Centre d&#039;Activitats. La Farga GEM, S.A.<\/title>\n<meta name=\"description\" content=\"El VI Congr\u00e9s del Tercer Sector Social se celebrar\u00e0 a La Farga Congress el 20, 21 i 22 de novembre de 2018 sota el lema &#039;Desigualtats socials, solucions locals\u2019.\" \/>\n<meta name=\"robots\" content=\"index, follow, max-snippet:-1, max-image-preview:large, max-video-preview:-1\" \/>\n<link rel=\"canonical\" href=\"https:\/\/www.lafargalhospitalet.com\/ca\/events\/vi-congreso-del-tercer-sector-social\/\" \/>\n<meta property=\"og:locale\" content=\"ca_ES\" \/>\n<meta property=\"og:type\" content=\"article\" \/>\n<meta property=\"og:title\" content=\"VI Congreso del Tercer Sector Social - La Farga L&#039;Hospitalet Centre d&#039;Activitats. La Farga GEM, S.A.\" \/>\n<meta property=\"og:description\" content=\"El VI Congr\u00e9s del Tercer Sector Social se celebrar\u00e0 a La Farga Congress el 20, 21 i 22 de novembre de 2018 sota el lema &#039;Desigualtats socials, solucions locals\u2019.\" \/>\n<meta property=\"og:url\" content=\"https:\/\/www.lafargalhospitalet.com\/ca\/events\/vi-congreso-del-tercer-sector-social\/\" \/>\n<meta property=\"og:site_name\" content=\"La Farga L&#039;Hospitalet Centre d&#039;Activitats. La Farga GEM, S.A.\" \/>\n<meta property=\"article:publisher\" content=\"https:\/\/www.facebook.com\/fargahospitalet\/\" \/>\n<meta property=\"og:image\" content=\"https:\/\/www.lafargalhospitalet.com\/wp-content\/uploads\/2018\/05\/2018-05-09_15h42_54.png\" \/>\n\t<meta property=\"og:image:width\" content=\"1090\" \/>\n\t<meta property=\"og:image:height\" content=\"451\" \/>\n\t<meta property=\"og:image:type\" content=\"image\/png\" \/>\n<meta name=\"twitter:card\" content=\"summary_large_image\" \/>\n<meta name=\"twitter:site\" content=\"@fargahospitalet\" \/>\n<meta name=\"twitter:label1\" content=\"Temps estimat de lectura\" \/>\n\t<meta name=\"twitter:data1\" content=\"1 minut\" \/>\n<script type=\"application\/ld+json\" class=\"yoast-schema-graph\">{\"@context\":\"https:\\\/\\\/schema.org\",\"@graph\":[{\"@type\":\"WebPage\",\"@id\":\"https:\\\/\\\/www.lafargalhospitalet.com\\\/ca\\\/events\\\/vi-congreso-del-tercer-sector-social\\\/\",\"url\":\"https:\\\/\\\/www.lafargalhospitalet.com\\\/ca\\\/events\\\/vi-congreso-del-tercer-sector-social\\\/\",\"name\":\"VI Congreso del Tercer Sector Social - La Farga L&#039;Hospitalet Centre d&#039;Activitats. La Farga GEM, S.A.\",\"isPartOf\":{\"@id\":\"https:\\\/\\\/www.lafargalhospitalet.com\\\/#website\"},\"primaryImageOfPage\":{\"@id\":\"https:\\\/\\\/www.lafargalhospitalet.com\\\/ca\\\/events\\\/vi-congreso-del-tercer-sector-social\\\/#primaryimage\"},\"image\":{\"@id\":\"https:\\\/\\\/www.lafargalhospitalet.com\\\/ca\\\/events\\\/vi-congreso-del-tercer-sector-social\\\/#primaryimage\"},\"thumbnailUrl\":\"https:\\\/\\\/www.lafargalhospitalet.com\\\/wp-content\\\/uploads\\\/2018\\\/05\\\/2018-05-09_15h42_54.png\",\"datePublished\":\"2018-05-10T16:07:07+00:00\",\"description\":\"El VI Congr\u00e9s del Tercer Sector Social se celebrar\u00e0 a La Farga Congress el 20, 21 i 22 de novembre de 2018 sota el lema 'Desigualtats socials, solucions locals\u2019.\",\"breadcrumb\":{\"@id\":\"https:\\\/\\\/www.lafargalhospitalet.com\\\/ca\\\/events\\\/vi-congreso-del-tercer-sector-social\\\/#breadcrumb\"},\"inLanguage\":\"ca\",\"potentialAction\":[{\"@type\":\"ReadAction\",\"target\":[\"https:\\\/\\\/www.lafargalhospitalet.com\\\/ca\\\/events\\\/vi-congreso-del-tercer-sector-social\\\/\"]}]},{\"@type\":\"ImageObject\",\"inLanguage\":\"ca\",\"@id\":\"https:\\\/\\\/www.lafargalhospitalet.com\\\/ca\\\/events\\\/vi-congreso-del-tercer-sector-social\\\/#primaryimage\",\"url\":\"https:\\\/\\\/www.lafargalhospitalet.com\\\/wp-content\\\/uploads\\\/2018\\\/05\\\/2018-05-09_15h42_54.png\",\"contentUrl\":\"https:\\\/\\\/www.lafargalhospitalet.com\\\/wp-content\\\/uploads\\\/2018\\\/05\\\/2018-05-09_15h42_54.png\",\"width\":1090,\"height\":451,\"caption\":\"Farga Cong\u00e9s Sector Social\"},{\"@type\":\"BreadcrumbList\",\"@id\":\"https:\\\/\\\/www.lafargalhospitalet.com\\\/ca\\\/events\\\/vi-congreso-del-tercer-sector-social\\\/#breadcrumb\",\"itemListElement\":[{\"@type\":\"ListItem\",\"position\":1,\"name\":\"Portada\",\"item\":\"https:\\\/\\\/www.lafargalhospitalet.com\\\/\"},{\"@type\":\"ListItem\",\"position\":2,\"name\":\"Events\",\"item\":\"https:\\\/\\\/www.lafargalhospitalet.com\\\/ca\\\/events\\\/\"},{\"@type\":\"ListItem\",\"position\":3,\"name\":\"VI Congreso del Tercer Sector Social\"}]},{\"@type\":\"WebSite\",\"@id\":\"https:\\\/\\\/www.lafargalhospitalet.com\\\/#website\",\"url\":\"https:\\\/\\\/www.lafargalhospitalet.com\\\/\",\"name\":\"La Farga L'Hospitalet Centre d'Activitats. La Farga GEM, S.A.\",\"description\":\"La Farga L&#039;Hospitalet Centre d&#039;Activitats. Gestionat per La Farga GEM, S.A. Fires i Congressos. Concerts, exposicions, reunions, filmacions, sopars de gala.\",\"publisher\":{\"@id\":\"https:\\\/\\\/www.lafargalhospitalet.com\\\/#organization\"},\"potentialAction\":[{\"@type\":\"SearchAction\",\"target\":{\"@type\":\"EntryPoint\",\"urlTemplate\":\"https:\\\/\\\/www.lafargalhospitalet.com\\\/?s={search_term_string}\"},\"query-input\":{\"@type\":\"PropertyValueSpecification\",\"valueRequired\":true,\"valueName\":\"search_term_string\"}}],\"inLanguage\":\"ca\"},{\"@type\":\"Organization\",\"@id\":\"https:\\\/\\\/www.lafargalhospitalet.com\\\/#organization\",\"name\":\"La Farga L'Hospitalet Centre d'Activitats. La Farga GEM, S.A.\",\"url\":\"https:\\\/\\\/www.lafargalhospitalet.com\\\/\",\"logo\":{\"@type\":\"ImageObject\",\"inLanguage\":\"ca\",\"@id\":\"https:\\\/\\\/www.lafargalhospitalet.com\\\/#\\\/schema\\\/logo\\\/image\\\/\",\"url\":\"https:\\\/\\\/www.lafargalhospitalet.com\\\/wp-content\\\/uploads\\\/2025\\\/10\\\/logotipo_lafarga_centre_activitats.png\",\"contentUrl\":\"https:\\\/\\\/www.lafargalhospitalet.com\\\/wp-content\\\/uploads\\\/2025\\\/10\\\/logotipo_lafarga_centre_activitats.png\",\"width\":266,\"height\":101,\"caption\":\"La Farga L'Hospitalet Centre d'Activitats. La Farga GEM, S.A.\"},\"image\":{\"@id\":\"https:\\\/\\\/www.lafargalhospitalet.com\\\/#\\\/schema\\\/logo\\\/image\\\/\"},\"sameAs\":[\"https:\\\/\\\/www.facebook.com\\\/fargahospitalet\\\/\",\"https:\\\/\\\/x.com\\\/fargahospitalet\",\"https:\\\/\\\/www.instagram.com\\\/lafargahospitalet\\\/\",\"https:\\\/\\\/www.youtube.com\\\/channel\\\/UCoLt6hen3PqGXgbLMGI3Qdw\",\"https:\\\/\\\/www.flickr.com\\\/photos\\\/lafargagemsa\\\/albums\"]}]}<\/script>\n<!-- \/ Yoast SEO plugin. -->","yoast_head_json":{"title":"VI Congreso del Tercer Sector Social - La Farga L&#039;Hospitalet Centre d&#039;Activitats. La Farga GEM, S.A.","description":"El VI Congr\u00e9s del Tercer Sector Social se celebrar\u00e0 a La Farga Congress el 20, 21 i 22 de novembre de 2018 sota el lema 'Desigualtats socials, solucions locals\u2019.","robots":{"index":"index","follow":"follow","max-snippet":"max-snippet:-1","max-image-preview":"max-image-preview:large","max-video-preview":"max-video-preview:-1"},"canonical":"https:\/\/www.lafargalhospitalet.com\/ca\/events\/vi-congreso-del-tercer-sector-social\/","og_locale":"ca_ES","og_type":"article","og_title":"VI Congreso del Tercer Sector Social - La Farga L&#039;Hospitalet Centre d&#039;Activitats. La Farga GEM, S.A.","og_description":"El VI Congr\u00e9s del Tercer Sector Social se celebrar\u00e0 a La Farga Congress el 20, 21 i 22 de novembre de 2018 sota el lema 'Desigualtats socials, solucions locals\u2019.","og_url":"https:\/\/www.lafargalhospitalet.com\/ca\/events\/vi-congreso-del-tercer-sector-social\/","og_site_name":"La Farga L&#039;Hospitalet Centre d&#039;Activitats. La Farga GEM, S.A.","article_publisher":"https:\/\/www.facebook.com\/fargahospitalet\/","og_image":[{"width":1090,"height":451,"url":"https:\/\/www.lafargalhospitalet.com\/wp-content\/uploads\/2018\/05\/2018-05-09_15h42_54.png","type":"image\/png"}],"twitter_card":"summary_large_image","twitter_site":"@fargahospitalet","twitter_misc":{"Temps estimat de lectura":"1 minut"},"schema":{"@context":"https:\/\/schema.org","@graph":[{"@type":"WebPage","@id":"https:\/\/www.lafargalhospitalet.com\/ca\/events\/vi-congreso-del-tercer-sector-social\/","url":"https:\/\/www.lafargalhospitalet.com\/ca\/events\/vi-congreso-del-tercer-sector-social\/","name":"VI Congreso del Tercer Sector Social - La Farga L&#039;Hospitalet Centre d&#039;Activitats. La Farga GEM, S.A.","isPartOf":{"@id":"https:\/\/www.lafargalhospitalet.com\/#website"},"primaryImageOfPage":{"@id":"https:\/\/www.lafargalhospitalet.com\/ca\/events\/vi-congreso-del-tercer-sector-social\/#primaryimage"},"image":{"@id":"https:\/\/www.lafargalhospitalet.com\/ca\/events\/vi-congreso-del-tercer-sector-social\/#primaryimage"},"thumbnailUrl":"https:\/\/www.lafargalhospitalet.com\/wp-content\/uploads\/2018\/05\/2018-05-09_15h42_54.png","datePublished":"2018-05-10T16:07:07+00:00","description":"El VI Congr\u00e9s del Tercer Sector Social se celebrar\u00e0 a La Farga Congress el 20, 21 i 22 de novembre de 2018 sota el lema 'Desigualtats socials, solucions locals\u2019.","breadcrumb":{"@id":"https:\/\/www.lafargalhospitalet.com\/ca\/events\/vi-congreso-del-tercer-sector-social\/#breadcrumb"},"inLanguage":"ca","potentialAction":[{"@type":"ReadAction","target":["https:\/\/www.lafargalhospitalet.com\/ca\/events\/vi-congreso-del-tercer-sector-social\/"]}]},{"@type":"ImageObject","inLanguage":"ca","@id":"https:\/\/www.lafargalhospitalet.com\/ca\/events\/vi-congreso-del-tercer-sector-social\/#primaryimage","url":"https:\/\/www.lafargalhospitalet.com\/wp-content\/uploads\/2018\/05\/2018-05-09_15h42_54.png","contentUrl":"https:\/\/www.lafargalhospitalet.com\/wp-content\/uploads\/2018\/05\/2018-05-09_15h42_54.png","width":1090,"height":451,"caption":"Farga Cong\u00e9s Sector Social"},{"@type":"BreadcrumbList","@id":"https:\/\/www.lafargalhospitalet.com\/ca\/events\/vi-congreso-del-tercer-sector-social\/#breadcrumb","itemListElement":[{"@type":"ListItem","position":1,"name":"Portada","item":"https:\/\/www.lafargalhospitalet.com\/"},{"@type":"ListItem","position":2,"name":"Events","item":"https:\/\/www.lafargalhospitalet.com\/ca\/events\/"},{"@type":"ListItem","position":3,"name":"VI Congreso del Tercer Sector Social"}]},{"@type":"WebSite","@id":"https:\/\/www.lafargalhospitalet.com\/#website","url":"https:\/\/www.lafargalhospitalet.com\/","name":"La Farga L'Hospitalet Centre d'Activitats. La Farga GEM, S.A.","description":"La Farga L&#039;Hospitalet Centre d&#039;Activitats. Gestionat per La Farga GEM, S.A. Fires i Congressos. Concerts, exposicions, reunions, filmacions, sopars de gala.","publisher":{"@id":"https:\/\/www.lafargalhospitalet.com\/#organization"},"potentialAction":[{"@type":"SearchAction","target":{"@type":"EntryPoint","urlTemplate":"https:\/\/www.lafargalhospitalet.com\/?s={search_term_string}"},"query-input":{"@type":"PropertyValueSpecification","valueRequired":true,"valueName":"search_term_string"}}],"inLanguage":"ca"},{"@type":"Organization","@id":"https:\/\/www.lafargalhospitalet.com\/#organization","name":"La Farga L'Hospitalet Centre d'Activitats. La Farga GEM, S.A.","url":"https:\/\/www.lafargalhospitalet.com\/","logo":{"@type":"ImageObject","inLanguage":"ca","@id":"https:\/\/www.lafargalhospitalet.com\/#\/schema\/logo\/image\/","url":"https:\/\/www.lafargalhospitalet.com\/wp-content\/uploads\/2025\/10\/logotipo_lafarga_centre_activitats.png","contentUrl":"https:\/\/www.lafargalhospitalet.com\/wp-content\/uploads\/2025\/10\/logotipo_lafarga_centre_activitats.png","width":266,"height":101,"caption":"La Farga L'Hospitalet Centre d'Activitats. La Farga GEM, S.A."},"image":{"@id":"https:\/\/www.lafargalhospitalet.com\/#\/schema\/logo\/image\/"},"sameAs":["https:\/\/www.facebook.com\/fargahospitalet\/","https:\/\/x.com\/fargahospitalet","https:\/\/www.instagram.com\/lafargahospitalet\/","https:\/\/www.youtube.com\/channel\/UCoLt6hen3PqGXgbLMGI3Qdw","https:\/\/www.flickr.com\/photos\/lafargagemsa\/albums"]}]}},"_links":{"self":[{"href":"https:\/\/www.lafargalhospitalet.com\/ca\/wp-json\/wp\/v2\/ajde_events\/5809","targetHints":{"allow":["GET"]}}],"collection":[{"href":"https:\/\/www.lafargalhospitalet.com\/ca\/wp-json\/wp\/v2\/ajde_events"}],"about":[{"href":"https:\/\/www.lafargalhospitalet.com\/ca\/wp-json\/wp\/v2\/types\/ajde_events"}],"author":[{"embeddable":true,"href":"https:\/\/www.lafargalhospitalet.com\/ca\/wp-json\/wp\/v2\/users\/1"}],"replies":[{"embeddable":true,"href":"https:\/\/www.lafargalhospitalet.com\/ca\/wp-json\/wp\/v2\/comments?post=5809"}],"wp:featuredmedia":[{"embeddable":true,"href":"https:\/\/www.lafargalhospitalet.com\/ca\/wp-json\/wp\/v2\/media\/5807"}],"wp:attachment":[{"href":"https:\/\/www.lafargalhospitalet.com\/ca\/wp-json\/wp\/v2\/media?parent=5809"}],"wp:term":[{"taxonomy":"post_tag","embeddable":true,"href":"https:\/\/www.lafargalhospitalet.com\/ca\/wp-json\/wp\/v2\/tags?post=5809"},{"taxonomy":"event_type","embeddable":true,"href":"https:\/\/www.lafargalhospitalet.com\/ca\/wp-json\/wp\/v2\/event_type?post=5809"},{"taxonomy":"event_type_2","embeddable":true,"href":"https:\/\/www.lafargalhospitalet.com\/ca\/wp-json\/wp\/v2\/event_type_2?post=5809"}],"curies":[{"name":"wp","href":"https:\/\/api.w.org\/{rel}","templated":true}]}}