{"id":8070,"date":"2021-03-11T13:48:04","date_gmt":"2021-03-11T12:48:04","guid":{"rendered":"http:\/\/www.lafargalhospitalet.com\/events\/conciertos-de-fiestas-de-primavera-2021-el-pot-petit\/"},"modified":"2021-03-11T13:48:04","modified_gmt":"2021-03-11T12:48:04","slug":"conciertos-de-fiestas-de-primavera-2021-el-pot-petit","status":"publish","type":"ajde_events","link":"https:\/\/www.lafargalhospitalet.com\/ca\/events\/conciertos-de-fiestas-de-primavera-2021-el-pot-petit\/","title":{"rendered":"CONCIERTOS DE FIESTAS DE PRIMAVERA 2021. EL POT PETIT"},"content":{"rendered":"<h5>El Pot Petit propuesta infantil para los Conciertos de Fiestas de Primavera 2021<\/h5>\n<p>Tras la inevitable pausa durante la temporada pasada, este a\u00f1o la m\u00fasica en directo vuelve a nuestro recinto de La Farga con el renovado concepto de los Conciertos de Primavera. El Ayuntamiento de L\u2019Hospitalet, organizador de las Fiestas de Primavera, da un paso adelante en la irreversible vuelta a la normalidad y apuesta abiertamente por la cultura y la m\u00fasica en directo con todas las medidas necesarias.<\/p>\n<p>Esta edici\u00f3n 2021, con un recinto especialmente adaptado para establecer todos los protocolos sanitarios, de aforo (con sillas numeradas) y de distancia social, tendr\u00e1 lugar los d\u00edas 23 y 24 de abril y la programaci\u00f3n incluye\u00a0<a href=\"https:\/\/www.lafargalhospitalet.com\/miki-nunez-miguel-poveda-y-el-pot-petit-conciertos-de-fiestas-de-primavera\/\" target=\"_blank\" rel=\"noopener\"><strong>3 nombres muy atractivos en sus respectivos \u00e1mbitos<\/strong><\/a>.<\/p>\n<p>El s\u00e1bado, 24 de abril, sesi\u00f3n matinal y familiar con El Pot Petit (12h.), uno de los espect\u00e1culos favoritos de los m\u00e1s j\u00f3venes de la casa.<\/p>\n<p><a href=\"https:\/\/www.theproject.es\/es\/c-3497\/EL-POT-PETIT\" target=\"_blank\" rel=\"noopener\"><strong>Compra de entradas<\/strong><\/a><\/p>\n","protected":false},"author":1,"featured_media":8078,"menu_order":0,"comment_status":"open","ping_status":"closed","template":"","meta":{"_monsterinsights_skip_tracking":false,"_monsterinsights_sitenote_active":false,"_monsterinsights_sitenote_note":"","_monsterinsights_sitenote_category":0},"tags":[],"event_type":[89,92],"event_type_2":[],"class_list":["post-8070","ajde_events","type-ajde_events","status-publish","has-post-thumbnail","hentry","event_location-la-farga-centre-dactivitats","event_organizer-the-project","event_type-castella","event_type-portada-castella"],"yoast_head":"<!-- This site is optimized with the Yoast SEO plugin v27.5 - https:\/\/yoast.com\/product\/yoast-seo-wordpress\/ -->\n<title>CONCIERTOS DE FIESTAS DE PRIMAVERA 2021. EL POT PETIT - La Farga L&#039;Hospitalet Centre d&#039;Activitats. La Farga GEM, S.A.<\/title>\n<meta name=\"description\" content=\"Dissabte, 24 d\u2019abril, sessi\u00f3 matinal i familiar amb El Pot Petit (12h.), un dels espectacles favorits dels m\u00e9s joves de la casa.\" \/>\n<meta name=\"robots\" content=\"index, follow, max-snippet:-1, max-image-preview:large, max-video-preview:-1\" \/>\n<link rel=\"canonical\" href=\"https:\/\/www.lafargalhospitalet.com\/ca\/events\/conciertos-de-fiestas-de-primavera-2021-el-pot-petit\/\" \/>\n<meta property=\"og:locale\" content=\"ca_ES\" \/>\n<meta property=\"og:type\" content=\"article\" \/>\n<meta property=\"og:title\" content=\"CONCIERTOS DE FIESTAS DE PRIMAVERA 2021. EL POT PETIT - La Farga L&#039;Hospitalet Centre d&#039;Activitats. La Farga GEM, S.A.\" \/>\n<meta property=\"og:description\" content=\"Dissabte, 24 d\u2019abril, sessi\u00f3 matinal i familiar amb El Pot Petit (12h.), un dels espectacles favorits dels m\u00e9s joves de la casa.\" \/>\n<meta property=\"og:url\" content=\"https:\/\/www.lafargalhospitalet.com\/ca\/events\/conciertos-de-fiestas-de-primavera-2021-el-pot-petit\/\" \/>\n<meta property=\"og:site_name\" content=\"La Farga L&#039;Hospitalet Centre d&#039;Activitats. La Farga GEM, S.A.\" \/>\n<meta property=\"article:publisher\" content=\"https:\/\/www.facebook.com\/fargahospitalet\/\" \/>\n<meta property=\"og:image\" content=\"https:\/\/www.lafargalhospitalet.com\/wp-content\/uploads\/2021\/03\/ElPotPetit-Farga.jpg\" \/>\n\t<meta property=\"og:image:width\" content=\"750\" \/>\n\t<meta property=\"og:image:height\" content=\"244\" \/>\n\t<meta property=\"og:image:type\" content=\"image\/jpeg\" \/>\n<meta name=\"twitter:card\" content=\"summary_large_image\" \/>\n<meta name=\"twitter:site\" content=\"@fargahospitalet\" \/>\n<meta name=\"twitter:label1\" content=\"Temps estimat de lectura\" \/>\n\t<meta name=\"twitter:data1\" content=\"1 minut\" \/>\n<script type=\"application\/ld+json\" class=\"yoast-schema-graph\">{\"@context\":\"https:\\\/\\\/schema.org\",\"@graph\":[{\"@type\":\"WebPage\",\"@id\":\"https:\\\/\\\/www.lafargalhospitalet.com\\\/ca\\\/events\\\/conciertos-de-fiestas-de-primavera-2021-el-pot-petit\\\/\",\"url\":\"https:\\\/\\\/www.lafargalhospitalet.com\\\/ca\\\/events\\\/conciertos-de-fiestas-de-primavera-2021-el-pot-petit\\\/\",\"name\":\"CONCIERTOS DE FIESTAS DE PRIMAVERA 2021. EL POT PETIT - La Farga L&#039;Hospitalet Centre d&#039;Activitats. La Farga GEM, S.A.\",\"isPartOf\":{\"@id\":\"https:\\\/\\\/www.lafargalhospitalet.com\\\/#website\"},\"primaryImageOfPage\":{\"@id\":\"https:\\\/\\\/www.lafargalhospitalet.com\\\/ca\\\/events\\\/conciertos-de-fiestas-de-primavera-2021-el-pot-petit\\\/#primaryimage\"},\"image\":{\"@id\":\"https:\\\/\\\/www.lafargalhospitalet.com\\\/ca\\\/events\\\/conciertos-de-fiestas-de-primavera-2021-el-pot-petit\\\/#primaryimage\"},\"thumbnailUrl\":\"https:\\\/\\\/www.lafargalhospitalet.com\\\/wp-content\\\/uploads\\\/2021\\\/03\\\/ElPotPetit-Farga.jpg\",\"datePublished\":\"2021-03-11T12:48:04+00:00\",\"description\":\"Dissabte, 24 d\u2019abril, sessi\u00f3 matinal i familiar amb El Pot Petit (12h.), un dels espectacles favorits dels m\u00e9s joves de la casa.\",\"breadcrumb\":{\"@id\":\"https:\\\/\\\/www.lafargalhospitalet.com\\\/ca\\\/events\\\/conciertos-de-fiestas-de-primavera-2021-el-pot-petit\\\/#breadcrumb\"},\"inLanguage\":\"ca\",\"potentialAction\":[{\"@type\":\"ReadAction\",\"target\":[\"https:\\\/\\\/www.lafargalhospitalet.com\\\/ca\\\/events\\\/conciertos-de-fiestas-de-primavera-2021-el-pot-petit\\\/\"]}]},{\"@type\":\"ImageObject\",\"inLanguage\":\"ca\",\"@id\":\"https:\\\/\\\/www.lafargalhospitalet.com\\\/ca\\\/events\\\/conciertos-de-fiestas-de-primavera-2021-el-pot-petit\\\/#primaryimage\",\"url\":\"https:\\\/\\\/www.lafargalhospitalet.com\\\/wp-content\\\/uploads\\\/2021\\\/03\\\/ElPotPetit-Farga.jpg\",\"contentUrl\":\"https:\\\/\\\/www.lafargalhospitalet.com\\\/wp-content\\\/uploads\\\/2021\\\/03\\\/ElPotPetit-Farga.jpg\",\"width\":750,\"height\":244,\"caption\":\"El Pot Petit Farga\"},{\"@type\":\"BreadcrumbList\",\"@id\":\"https:\\\/\\\/www.lafargalhospitalet.com\\\/ca\\\/events\\\/conciertos-de-fiestas-de-primavera-2021-el-pot-petit\\\/#breadcrumb\",\"itemListElement\":[{\"@type\":\"ListItem\",\"position\":1,\"name\":\"Portada\",\"item\":\"https:\\\/\\\/www.lafargalhospitalet.com\\\/\"},{\"@type\":\"ListItem\",\"position\":2,\"name\":\"Events\",\"item\":\"https:\\\/\\\/www.lafargalhospitalet.com\\\/ca\\\/events\\\/\"},{\"@type\":\"ListItem\",\"position\":3,\"name\":\"CONCIERTOS DE FIESTAS DE PRIMAVERA 2021. EL POT PETIT\"}]},{\"@type\":\"WebSite\",\"@id\":\"https:\\\/\\\/www.lafargalhospitalet.com\\\/#website\",\"url\":\"https:\\\/\\\/www.lafargalhospitalet.com\\\/\",\"name\":\"La Farga L'Hospitalet Centre d'Activitats. La Farga GEM, S.A.\",\"description\":\"La Farga L&#039;Hospitalet Centre d&#039;Activitats. Gestionat per La Farga GEM, S.A. Fires i Congressos. Concerts, exposicions, reunions, filmacions, sopars de gala.\",\"publisher\":{\"@id\":\"https:\\\/\\\/www.lafargalhospitalet.com\\\/#organization\"},\"potentialAction\":[{\"@type\":\"SearchAction\",\"target\":{\"@type\":\"EntryPoint\",\"urlTemplate\":\"https:\\\/\\\/www.lafargalhospitalet.com\\\/?s={search_term_string}\"},\"query-input\":{\"@type\":\"PropertyValueSpecification\",\"valueRequired\":true,\"valueName\":\"search_term_string\"}}],\"inLanguage\":\"ca\"},{\"@type\":\"Organization\",\"@id\":\"https:\\\/\\\/www.lafargalhospitalet.com\\\/#organization\",\"name\":\"La Farga L'Hospitalet Centre d'Activitats. La Farga GEM, S.A.\",\"url\":\"https:\\\/\\\/www.lafargalhospitalet.com\\\/\",\"logo\":{\"@type\":\"ImageObject\",\"inLanguage\":\"ca\",\"@id\":\"https:\\\/\\\/www.lafargalhospitalet.com\\\/#\\\/schema\\\/logo\\\/image\\\/\",\"url\":\"https:\\\/\\\/www.lafargalhospitalet.com\\\/wp-content\\\/uploads\\\/2025\\\/10\\\/logotipo_lafarga_centre_activitats.png\",\"contentUrl\":\"https:\\\/\\\/www.lafargalhospitalet.com\\\/wp-content\\\/uploads\\\/2025\\\/10\\\/logotipo_lafarga_centre_activitats.png\",\"width\":266,\"height\":101,\"caption\":\"La Farga L'Hospitalet Centre d'Activitats. La Farga GEM, S.A.\"},\"image\":{\"@id\":\"https:\\\/\\\/www.lafargalhospitalet.com\\\/#\\\/schema\\\/logo\\\/image\\\/\"},\"sameAs\":[\"https:\\\/\\\/www.facebook.com\\\/fargahospitalet\\\/\",\"https:\\\/\\\/x.com\\\/fargahospitalet\",\"https:\\\/\\\/www.instagram.com\\\/lafargahospitalet\\\/\",\"https:\\\/\\\/www.youtube.com\\\/channel\\\/UCoLt6hen3PqGXgbLMGI3Qdw\",\"https:\\\/\\\/www.flickr.com\\\/photos\\\/lafargagemsa\\\/albums\"]}]}<\/script>\n<!-- \/ Yoast SEO plugin. -->","yoast_head_json":{"title":"CONCIERTOS DE FIESTAS DE PRIMAVERA 2021. EL POT PETIT - La Farga L&#039;Hospitalet Centre d&#039;Activitats. La Farga GEM, S.A.","description":"Dissabte, 24 d\u2019abril, sessi\u00f3 matinal i familiar amb El Pot Petit (12h.), un dels espectacles favorits dels m\u00e9s joves de la casa.","robots":{"index":"index","follow":"follow","max-snippet":"max-snippet:-1","max-image-preview":"max-image-preview:large","max-video-preview":"max-video-preview:-1"},"canonical":"https:\/\/www.lafargalhospitalet.com\/ca\/events\/conciertos-de-fiestas-de-primavera-2021-el-pot-petit\/","og_locale":"ca_ES","og_type":"article","og_title":"CONCIERTOS DE FIESTAS DE PRIMAVERA 2021. EL POT PETIT - La Farga L&#039;Hospitalet Centre d&#039;Activitats. La Farga GEM, S.A.","og_description":"Dissabte, 24 d\u2019abril, sessi\u00f3 matinal i familiar amb El Pot Petit (12h.), un dels espectacles favorits dels m\u00e9s joves de la casa.","og_url":"https:\/\/www.lafargalhospitalet.com\/ca\/events\/conciertos-de-fiestas-de-primavera-2021-el-pot-petit\/","og_site_name":"La Farga L&#039;Hospitalet Centre d&#039;Activitats. La Farga GEM, S.A.","article_publisher":"https:\/\/www.facebook.com\/fargahospitalet\/","og_image":[{"width":750,"height":244,"url":"https:\/\/www.lafargalhospitalet.com\/wp-content\/uploads\/2021\/03\/ElPotPetit-Farga.jpg","type":"image\/jpeg"}],"twitter_card":"summary_large_image","twitter_site":"@fargahospitalet","twitter_misc":{"Temps estimat de lectura":"1 minut"},"schema":{"@context":"https:\/\/schema.org","@graph":[{"@type":"WebPage","@id":"https:\/\/www.lafargalhospitalet.com\/ca\/events\/conciertos-de-fiestas-de-primavera-2021-el-pot-petit\/","url":"https:\/\/www.lafargalhospitalet.com\/ca\/events\/conciertos-de-fiestas-de-primavera-2021-el-pot-petit\/","name":"CONCIERTOS DE FIESTAS DE PRIMAVERA 2021. EL POT PETIT - La Farga L&#039;Hospitalet Centre d&#039;Activitats. La Farga GEM, S.A.","isPartOf":{"@id":"https:\/\/www.lafargalhospitalet.com\/#website"},"primaryImageOfPage":{"@id":"https:\/\/www.lafargalhospitalet.com\/ca\/events\/conciertos-de-fiestas-de-primavera-2021-el-pot-petit\/#primaryimage"},"image":{"@id":"https:\/\/www.lafargalhospitalet.com\/ca\/events\/conciertos-de-fiestas-de-primavera-2021-el-pot-petit\/#primaryimage"},"thumbnailUrl":"https:\/\/www.lafargalhospitalet.com\/wp-content\/uploads\/2021\/03\/ElPotPetit-Farga.jpg","datePublished":"2021-03-11T12:48:04+00:00","description":"Dissabte, 24 d\u2019abril, sessi\u00f3 matinal i familiar amb El Pot Petit (12h.), un dels espectacles favorits dels m\u00e9s joves de la casa.","breadcrumb":{"@id":"https:\/\/www.lafargalhospitalet.com\/ca\/events\/conciertos-de-fiestas-de-primavera-2021-el-pot-petit\/#breadcrumb"},"inLanguage":"ca","potentialAction":[{"@type":"ReadAction","target":["https:\/\/www.lafargalhospitalet.com\/ca\/events\/conciertos-de-fiestas-de-primavera-2021-el-pot-petit\/"]}]},{"@type":"ImageObject","inLanguage":"ca","@id":"https:\/\/www.lafargalhospitalet.com\/ca\/events\/conciertos-de-fiestas-de-primavera-2021-el-pot-petit\/#primaryimage","url":"https:\/\/www.lafargalhospitalet.com\/wp-content\/uploads\/2021\/03\/ElPotPetit-Farga.jpg","contentUrl":"https:\/\/www.lafargalhospitalet.com\/wp-content\/uploads\/2021\/03\/ElPotPetit-Farga.jpg","width":750,"height":244,"caption":"El Pot Petit Farga"},{"@type":"BreadcrumbList","@id":"https:\/\/www.lafargalhospitalet.com\/ca\/events\/conciertos-de-fiestas-de-primavera-2021-el-pot-petit\/#breadcrumb","itemListElement":[{"@type":"ListItem","position":1,"name":"Portada","item":"https:\/\/www.lafargalhospitalet.com\/"},{"@type":"ListItem","position":2,"name":"Events","item":"https:\/\/www.lafargalhospitalet.com\/ca\/events\/"},{"@type":"ListItem","position":3,"name":"CONCIERTOS DE FIESTAS DE PRIMAVERA 2021. EL POT PETIT"}]},{"@type":"WebSite","@id":"https:\/\/www.lafargalhospitalet.com\/#website","url":"https:\/\/www.lafargalhospitalet.com\/","name":"La Farga L'Hospitalet Centre d'Activitats. La Farga GEM, S.A.","description":"La Farga L&#039;Hospitalet Centre d&#039;Activitats. Gestionat per La Farga GEM, S.A. Fires i Congressos. Concerts, exposicions, reunions, filmacions, sopars de gala.","publisher":{"@id":"https:\/\/www.lafargalhospitalet.com\/#organization"},"potentialAction":[{"@type":"SearchAction","target":{"@type":"EntryPoint","urlTemplate":"https:\/\/www.lafargalhospitalet.com\/?s={search_term_string}"},"query-input":{"@type":"PropertyValueSpecification","valueRequired":true,"valueName":"search_term_string"}}],"inLanguage":"ca"},{"@type":"Organization","@id":"https:\/\/www.lafargalhospitalet.com\/#organization","name":"La Farga L'Hospitalet Centre d'Activitats. La Farga GEM, S.A.","url":"https:\/\/www.lafargalhospitalet.com\/","logo":{"@type":"ImageObject","inLanguage":"ca","@id":"https:\/\/www.lafargalhospitalet.com\/#\/schema\/logo\/image\/","url":"https:\/\/www.lafargalhospitalet.com\/wp-content\/uploads\/2025\/10\/logotipo_lafarga_centre_activitats.png","contentUrl":"https:\/\/www.lafargalhospitalet.com\/wp-content\/uploads\/2025\/10\/logotipo_lafarga_centre_activitats.png","width":266,"height":101,"caption":"La Farga L'Hospitalet Centre d'Activitats. La Farga GEM, S.A."},"image":{"@id":"https:\/\/www.lafargalhospitalet.com\/#\/schema\/logo\/image\/"},"sameAs":["https:\/\/www.facebook.com\/fargahospitalet\/","https:\/\/x.com\/fargahospitalet","https:\/\/www.instagram.com\/lafargahospitalet\/","https:\/\/www.youtube.com\/channel\/UCoLt6hen3PqGXgbLMGI3Qdw","https:\/\/www.flickr.com\/photos\/lafargagemsa\/albums"]}]}},"_links":{"self":[{"href":"https:\/\/www.lafargalhospitalet.com\/ca\/wp-json\/wp\/v2\/ajde_events\/8070","targetHints":{"allow":["GET"]}}],"collection":[{"href":"https:\/\/www.lafargalhospitalet.com\/ca\/wp-json\/wp\/v2\/ajde_events"}],"about":[{"href":"https:\/\/www.lafargalhospitalet.com\/ca\/wp-json\/wp\/v2\/types\/ajde_events"}],"author":[{"embeddable":true,"href":"https:\/\/www.lafargalhospitalet.com\/ca\/wp-json\/wp\/v2\/users\/1"}],"replies":[{"embeddable":true,"href":"https:\/\/www.lafargalhospitalet.com\/ca\/wp-json\/wp\/v2\/comments?post=8070"}],"wp:featuredmedia":[{"embeddable":true,"href":"https:\/\/www.lafargalhospitalet.com\/ca\/wp-json\/wp\/v2\/media\/8078"}],"wp:attachment":[{"href":"https:\/\/www.lafargalhospitalet.com\/ca\/wp-json\/wp\/v2\/media?parent=8070"}],"wp:term":[{"taxonomy":"post_tag","embeddable":true,"href":"https:\/\/www.lafargalhospitalet.com\/ca\/wp-json\/wp\/v2\/tags?post=8070"},{"taxonomy":"event_type","embeddable":true,"href":"https:\/\/www.lafargalhospitalet.com\/ca\/wp-json\/wp\/v2\/event_type?post=8070"},{"taxonomy":"event_type_2","embeddable":true,"href":"https:\/\/www.lafargalhospitalet.com\/ca\/wp-json\/wp\/v2\/event_type_2?post=8070"}],"curies":[{"name":"wp","href":"https:\/\/api.w.org\/{rel}","templated":true}]}}