{"id":9686,"date":"2023-07-12T14:58:39","date_gmt":"2023-07-12T13:58:39","guid":{"rendered":"https:\/\/www.lafargalhospitalet.com\/events\/acto-politico-de-sumar-en-comu-podem\/"},"modified":"2025-11-04T12:23:45","modified_gmt":"2025-11-04T11:23:45","slug":"acto-politico-de-sumar-en-comu-podem","status":"publish","type":"ajde_events","link":"https:\/\/www.lafargalhospitalet.com\/ca\/events\/acto-politico-de-sumar-en-comu-podem\/","title":{"rendered":"ACTO POL\u00cdTICO DE SUMAR EN COM\u00da PODEM"},"content":{"rendered":"<h5>Jueves, 2O de julio, 19 h<\/h5>\n<p>La formaci\u00f3n Sumar En Com\u00fa Podem celebra un acto pol\u00edtico, en La Farga Centro de Actividades, dentro de la campa\u00f1a de las Elecciones Generales del 23 de julio, con la presencia de las candidatas Yolanda D\u00edaz y Aina Vidal.<\/p>\n","protected":false},"author":1,"featured_media":19514,"menu_order":0,"comment_status":"open","ping_status":"closed","template":"","meta":{"_monsterinsights_skip_tracking":false,"_monsterinsights_sitenote_active":false,"_monsterinsights_sitenote_note":"","_monsterinsights_sitenote_category":0},"tags":[],"event_type":[89,92],"event_type_2":[],"class_list":["post-9686","ajde_events","type-ajde_events","status-publish","has-post-thumbnail","hentry","event_location-la-farga-centre-dactivitats","event_organizer-sumar-en-comu-podem","event_type-castella","event_type-portada-castella"],"yoast_head":"<!-- This site is optimized with the Yoast SEO plugin v27.5 - https:\/\/yoast.com\/product\/yoast-seo-wordpress\/ -->\n<title>ACTO POL\u00cdTICO DE SUMAR EN COM\u00da PODEM - La Farga L&#039;Hospitalet Centre d&#039;Activitats. La Farga GEM, S.A.<\/title>\n<meta name=\"robots\" content=\"index, follow, max-snippet:-1, max-image-preview:large, max-video-preview:-1\" \/>\n<link rel=\"canonical\" href=\"https:\/\/www.lafargalhospitalet.com\/ca\/events\/acto-politico-de-sumar-en-comu-podem\/\" \/>\n<meta property=\"og:locale\" content=\"ca_ES\" \/>\n<meta property=\"og:type\" content=\"article\" \/>\n<meta property=\"og:title\" content=\"ACTO POL\u00cdTICO DE SUMAR EN COM\u00da PODEM - La Farga L&#039;Hospitalet Centre d&#039;Activitats. La Farga GEM, S.A.\" \/>\n<meta property=\"og:description\" content=\"Jueves, 2O de julio, 19 h La formaci\u00f3n Sumar En Com\u00fa Podem celebra un acto pol\u00edtico, en La Farga Centro de Actividades, dentro de la campa\u00f1a de las Elecciones Generales del 23 de julio, con la presencia de las candidatas Yolanda D\u00edaz y Aina Vidal.\" \/>\n<meta property=\"og:url\" content=\"https:\/\/www.lafargalhospitalet.com\/ca\/events\/acto-politico-de-sumar-en-comu-podem\/\" \/>\n<meta property=\"og:site_name\" content=\"La Farga L&#039;Hospitalet Centre d&#039;Activitats. La Farga GEM, S.A.\" \/>\n<meta property=\"article:publisher\" content=\"https:\/\/www.facebook.com\/fargahospitalet\/\" \/>\n<meta property=\"article:modified_time\" content=\"2025-11-04T11:23:45+00:00\" \/>\n<meta property=\"og:image\" content=\"https:\/\/www.lafargalhospitalet.com\/wp-content\/uploads\/2025\/11\/Sumar-EnComuPodem.jpg\" \/>\n\t<meta property=\"og:image:width\" content=\"1080\" \/>\n\t<meta property=\"og:image:height\" content=\"1080\" \/>\n\t<meta property=\"og:image:type\" content=\"image\/jpeg\" \/>\n<meta name=\"twitter:card\" content=\"summary_large_image\" \/>\n<meta name=\"twitter:site\" content=\"@fargahospitalet\" \/>\n<meta name=\"twitter:label1\" content=\"Temps estimat de lectura\" \/>\n\t<meta name=\"twitter:data1\" content=\"1 minut\" \/>\n<script type=\"application\/ld+json\" class=\"yoast-schema-graph\">{\"@context\":\"https:\\\/\\\/schema.org\",\"@graph\":[{\"@type\":\"WebPage\",\"@id\":\"https:\\\/\\\/www.lafargalhospitalet.com\\\/ca\\\/events\\\/acto-politico-de-sumar-en-comu-podem\\\/\",\"url\":\"https:\\\/\\\/www.lafargalhospitalet.com\\\/ca\\\/events\\\/acto-politico-de-sumar-en-comu-podem\\\/\",\"name\":\"ACTO POL\u00cdTICO DE SUMAR EN COM\u00da PODEM - La Farga L&#039;Hospitalet Centre d&#039;Activitats. La Farga GEM, S.A.\",\"isPartOf\":{\"@id\":\"https:\\\/\\\/www.lafargalhospitalet.com\\\/#website\"},\"primaryImageOfPage\":{\"@id\":\"https:\\\/\\\/www.lafargalhospitalet.com\\\/ca\\\/events\\\/acto-politico-de-sumar-en-comu-podem\\\/#primaryimage\"},\"image\":{\"@id\":\"https:\\\/\\\/www.lafargalhospitalet.com\\\/ca\\\/events\\\/acto-politico-de-sumar-en-comu-podem\\\/#primaryimage\"},\"thumbnailUrl\":\"https:\\\/\\\/www.lafargalhospitalet.com\\\/wp-content\\\/uploads\\\/2025\\\/11\\\/Sumar-EnComuPodem.jpg\",\"datePublished\":\"2023-07-12T13:58:39+00:00\",\"dateModified\":\"2025-11-04T11:23:45+00:00\",\"breadcrumb\":{\"@id\":\"https:\\\/\\\/www.lafargalhospitalet.com\\\/ca\\\/events\\\/acto-politico-de-sumar-en-comu-podem\\\/#breadcrumb\"},\"inLanguage\":\"ca\",\"potentialAction\":[{\"@type\":\"ReadAction\",\"target\":[\"https:\\\/\\\/www.lafargalhospitalet.com\\\/ca\\\/events\\\/acto-politico-de-sumar-en-comu-podem\\\/\"]}]},{\"@type\":\"ImageObject\",\"inLanguage\":\"ca\",\"@id\":\"https:\\\/\\\/www.lafargalhospitalet.com\\\/ca\\\/events\\\/acto-politico-de-sumar-en-comu-podem\\\/#primaryimage\",\"url\":\"https:\\\/\\\/www.lafargalhospitalet.com\\\/wp-content\\\/uploads\\\/2025\\\/11\\\/Sumar-EnComuPodem.jpg\",\"contentUrl\":\"https:\\\/\\\/www.lafargalhospitalet.com\\\/wp-content\\\/uploads\\\/2025\\\/11\\\/Sumar-EnComuPodem.jpg\",\"width\":1080,\"height\":1080,\"caption\":\"xr:d:DAFpFWrfZB4:3,j:4098672676738309749,t:23071913\"},{\"@type\":\"BreadcrumbList\",\"@id\":\"https:\\\/\\\/www.lafargalhospitalet.com\\\/ca\\\/events\\\/acto-politico-de-sumar-en-comu-podem\\\/#breadcrumb\",\"itemListElement\":[{\"@type\":\"ListItem\",\"position\":1,\"name\":\"Portada\",\"item\":\"https:\\\/\\\/www.lafargalhospitalet.com\\\/\"},{\"@type\":\"ListItem\",\"position\":2,\"name\":\"Events\",\"item\":\"https:\\\/\\\/www.lafargalhospitalet.com\\\/ca\\\/events\\\/\"},{\"@type\":\"ListItem\",\"position\":3,\"name\":\"ACTO POL\u00cdTICO DE SUMAR EN COM\u00da PODEM\"}]},{\"@type\":\"WebSite\",\"@id\":\"https:\\\/\\\/www.lafargalhospitalet.com\\\/#website\",\"url\":\"https:\\\/\\\/www.lafargalhospitalet.com\\\/\",\"name\":\"La Farga L'Hospitalet Centre d'Activitats. La Farga GEM, S.A.\",\"description\":\"La Farga L&#039;Hospitalet Centre d&#039;Activitats. Gestionat per La Farga GEM, S.A. Fires i Congressos. Concerts, exposicions, reunions, filmacions, sopars de gala.\",\"publisher\":{\"@id\":\"https:\\\/\\\/www.lafargalhospitalet.com\\\/#organization\"},\"potentialAction\":[{\"@type\":\"SearchAction\",\"target\":{\"@type\":\"EntryPoint\",\"urlTemplate\":\"https:\\\/\\\/www.lafargalhospitalet.com\\\/?s={search_term_string}\"},\"query-input\":{\"@type\":\"PropertyValueSpecification\",\"valueRequired\":true,\"valueName\":\"search_term_string\"}}],\"inLanguage\":\"ca\"},{\"@type\":\"Organization\",\"@id\":\"https:\\\/\\\/www.lafargalhospitalet.com\\\/#organization\",\"name\":\"La Farga L'Hospitalet Centre d'Activitats. La Farga GEM, S.A.\",\"url\":\"https:\\\/\\\/www.lafargalhospitalet.com\\\/\",\"logo\":{\"@type\":\"ImageObject\",\"inLanguage\":\"ca\",\"@id\":\"https:\\\/\\\/www.lafargalhospitalet.com\\\/#\\\/schema\\\/logo\\\/image\\\/\",\"url\":\"https:\\\/\\\/www.lafargalhospitalet.com\\\/wp-content\\\/uploads\\\/2025\\\/10\\\/logotipo_lafarga_centre_activitats.png\",\"contentUrl\":\"https:\\\/\\\/www.lafargalhospitalet.com\\\/wp-content\\\/uploads\\\/2025\\\/10\\\/logotipo_lafarga_centre_activitats.png\",\"width\":266,\"height\":101,\"caption\":\"La Farga L'Hospitalet Centre d'Activitats. La Farga GEM, S.A.\"},\"image\":{\"@id\":\"https:\\\/\\\/www.lafargalhospitalet.com\\\/#\\\/schema\\\/logo\\\/image\\\/\"},\"sameAs\":[\"https:\\\/\\\/www.facebook.com\\\/fargahospitalet\\\/\",\"https:\\\/\\\/x.com\\\/fargahospitalet\",\"https:\\\/\\\/www.instagram.com\\\/lafargahospitalet\\\/\",\"https:\\\/\\\/www.youtube.com\\\/channel\\\/UCoLt6hen3PqGXgbLMGI3Qdw\",\"https:\\\/\\\/www.flickr.com\\\/photos\\\/lafargagemsa\\\/albums\"]}]}<\/script>\n<!-- \/ Yoast SEO plugin. -->","yoast_head_json":{"title":"ACTO POL\u00cdTICO DE SUMAR EN COM\u00da PODEM - La Farga L&#039;Hospitalet Centre d&#039;Activitats. La Farga GEM, S.A.","robots":{"index":"index","follow":"follow","max-snippet":"max-snippet:-1","max-image-preview":"max-image-preview:large","max-video-preview":"max-video-preview:-1"},"canonical":"https:\/\/www.lafargalhospitalet.com\/ca\/events\/acto-politico-de-sumar-en-comu-podem\/","og_locale":"ca_ES","og_type":"article","og_title":"ACTO POL\u00cdTICO DE SUMAR EN COM\u00da PODEM - La Farga L&#039;Hospitalet Centre d&#039;Activitats. La Farga GEM, S.A.","og_description":"Jueves, 2O de julio, 19 h La formaci\u00f3n Sumar En Com\u00fa Podem celebra un acto pol\u00edtico, en La Farga Centro de Actividades, dentro de la campa\u00f1a de las Elecciones Generales del 23 de julio, con la presencia de las candidatas Yolanda D\u00edaz y Aina Vidal.","og_url":"https:\/\/www.lafargalhospitalet.com\/ca\/events\/acto-politico-de-sumar-en-comu-podem\/","og_site_name":"La Farga L&#039;Hospitalet Centre d&#039;Activitats. La Farga GEM, S.A.","article_publisher":"https:\/\/www.facebook.com\/fargahospitalet\/","article_modified_time":"2025-11-04T11:23:45+00:00","og_image":[{"width":1080,"height":1080,"url":"https:\/\/www.lafargalhospitalet.com\/wp-content\/uploads\/2025\/11\/Sumar-EnComuPodem.jpg","type":"image\/jpeg"}],"twitter_card":"summary_large_image","twitter_site":"@fargahospitalet","twitter_misc":{"Temps estimat de lectura":"1 minut"},"schema":{"@context":"https:\/\/schema.org","@graph":[{"@type":"WebPage","@id":"https:\/\/www.lafargalhospitalet.com\/ca\/events\/acto-politico-de-sumar-en-comu-podem\/","url":"https:\/\/www.lafargalhospitalet.com\/ca\/events\/acto-politico-de-sumar-en-comu-podem\/","name":"ACTO POL\u00cdTICO DE SUMAR EN COM\u00da PODEM - La Farga L&#039;Hospitalet Centre d&#039;Activitats. La Farga GEM, S.A.","isPartOf":{"@id":"https:\/\/www.lafargalhospitalet.com\/#website"},"primaryImageOfPage":{"@id":"https:\/\/www.lafargalhospitalet.com\/ca\/events\/acto-politico-de-sumar-en-comu-podem\/#primaryimage"},"image":{"@id":"https:\/\/www.lafargalhospitalet.com\/ca\/events\/acto-politico-de-sumar-en-comu-podem\/#primaryimage"},"thumbnailUrl":"https:\/\/www.lafargalhospitalet.com\/wp-content\/uploads\/2025\/11\/Sumar-EnComuPodem.jpg","datePublished":"2023-07-12T13:58:39+00:00","dateModified":"2025-11-04T11:23:45+00:00","breadcrumb":{"@id":"https:\/\/www.lafargalhospitalet.com\/ca\/events\/acto-politico-de-sumar-en-comu-podem\/#breadcrumb"},"inLanguage":"ca","potentialAction":[{"@type":"ReadAction","target":["https:\/\/www.lafargalhospitalet.com\/ca\/events\/acto-politico-de-sumar-en-comu-podem\/"]}]},{"@type":"ImageObject","inLanguage":"ca","@id":"https:\/\/www.lafargalhospitalet.com\/ca\/events\/acto-politico-de-sumar-en-comu-podem\/#primaryimage","url":"https:\/\/www.lafargalhospitalet.com\/wp-content\/uploads\/2025\/11\/Sumar-EnComuPodem.jpg","contentUrl":"https:\/\/www.lafargalhospitalet.com\/wp-content\/uploads\/2025\/11\/Sumar-EnComuPodem.jpg","width":1080,"height":1080,"caption":"xr:d:DAFpFWrfZB4:3,j:4098672676738309749,t:23071913"},{"@type":"BreadcrumbList","@id":"https:\/\/www.lafargalhospitalet.com\/ca\/events\/acto-politico-de-sumar-en-comu-podem\/#breadcrumb","itemListElement":[{"@type":"ListItem","position":1,"name":"Portada","item":"https:\/\/www.lafargalhospitalet.com\/"},{"@type":"ListItem","position":2,"name":"Events","item":"https:\/\/www.lafargalhospitalet.com\/ca\/events\/"},{"@type":"ListItem","position":3,"name":"ACTO POL\u00cdTICO DE SUMAR EN COM\u00da PODEM"}]},{"@type":"WebSite","@id":"https:\/\/www.lafargalhospitalet.com\/#website","url":"https:\/\/www.lafargalhospitalet.com\/","name":"La Farga L'Hospitalet Centre d'Activitats. La Farga GEM, S.A.","description":"La Farga L&#039;Hospitalet Centre d&#039;Activitats. Gestionat per La Farga GEM, S.A. Fires i Congressos. Concerts, exposicions, reunions, filmacions, sopars de gala.","publisher":{"@id":"https:\/\/www.lafargalhospitalet.com\/#organization"},"potentialAction":[{"@type":"SearchAction","target":{"@type":"EntryPoint","urlTemplate":"https:\/\/www.lafargalhospitalet.com\/?s={search_term_string}"},"query-input":{"@type":"PropertyValueSpecification","valueRequired":true,"valueName":"search_term_string"}}],"inLanguage":"ca"},{"@type":"Organization","@id":"https:\/\/www.lafargalhospitalet.com\/#organization","name":"La Farga L'Hospitalet Centre d'Activitats. La Farga GEM, S.A.","url":"https:\/\/www.lafargalhospitalet.com\/","logo":{"@type":"ImageObject","inLanguage":"ca","@id":"https:\/\/www.lafargalhospitalet.com\/#\/schema\/logo\/image\/","url":"https:\/\/www.lafargalhospitalet.com\/wp-content\/uploads\/2025\/10\/logotipo_lafarga_centre_activitats.png","contentUrl":"https:\/\/www.lafargalhospitalet.com\/wp-content\/uploads\/2025\/10\/logotipo_lafarga_centre_activitats.png","width":266,"height":101,"caption":"La Farga L'Hospitalet Centre d'Activitats. La Farga GEM, S.A."},"image":{"@id":"https:\/\/www.lafargalhospitalet.com\/#\/schema\/logo\/image\/"},"sameAs":["https:\/\/www.facebook.com\/fargahospitalet\/","https:\/\/x.com\/fargahospitalet","https:\/\/www.instagram.com\/lafargahospitalet\/","https:\/\/www.youtube.com\/channel\/UCoLt6hen3PqGXgbLMGI3Qdw","https:\/\/www.flickr.com\/photos\/lafargagemsa\/albums"]}]}},"_links":{"self":[{"href":"https:\/\/www.lafargalhospitalet.com\/ca\/wp-json\/wp\/v2\/ajde_events\/9686","targetHints":{"allow":["GET"]}}],"collection":[{"href":"https:\/\/www.lafargalhospitalet.com\/ca\/wp-json\/wp\/v2\/ajde_events"}],"about":[{"href":"https:\/\/www.lafargalhospitalet.com\/ca\/wp-json\/wp\/v2\/types\/ajde_events"}],"author":[{"embeddable":true,"href":"https:\/\/www.lafargalhospitalet.com\/ca\/wp-json\/wp\/v2\/users\/1"}],"replies":[{"embeddable":true,"href":"https:\/\/www.lafargalhospitalet.com\/ca\/wp-json\/wp\/v2\/comments?post=9686"}],"wp:featuredmedia":[{"embeddable":true,"href":"https:\/\/www.lafargalhospitalet.com\/ca\/wp-json\/wp\/v2\/media\/19514"}],"wp:attachment":[{"href":"https:\/\/www.lafargalhospitalet.com\/ca\/wp-json\/wp\/v2\/media?parent=9686"}],"wp:term":[{"taxonomy":"post_tag","embeddable":true,"href":"https:\/\/www.lafargalhospitalet.com\/ca\/wp-json\/wp\/v2\/tags?post=9686"},{"taxonomy":"event_type","embeddable":true,"href":"https:\/\/www.lafargalhospitalet.com\/ca\/wp-json\/wp\/v2\/event_type?post=9686"},{"taxonomy":"event_type_2","embeddable":true,"href":"https:\/\/www.lafargalhospitalet.com\/ca\/wp-json\/wp\/v2\/event_type_2?post=9686"}],"curies":[{"name":"wp","href":"https:\/\/api.w.org\/{rel}","templated":true}]}}