{"id":729,"date":"2025-10-27T17:28:09","date_gmt":"2025-10-27T16:28:09","guid":{"rendered":"https:\/\/www.lafargalhospitalet.com\/inicio\/"},"modified":"2026-02-24T10:00:29","modified_gmt":"2026-02-24T09:00:29","slug":"inicio","status":"publish","type":"page","link":"https:\/\/www.lafargalhospitalet.com\/ca\/","title":{"rendered":"Inici"},"content":{"rendered":"\t\t<div data-elementor-type=\"wp-page\" data-elementor-id=\"729\" class=\"elementor elementor-729 elementor-27\" data-elementor-post-type=\"page\">\n\t\t\t\t<div class=\"elementor-element elementor-element-e3ce4c7 e-con-full e-flex e-con e-parent\" data-id=\"e3ce4c7\" data-element_type=\"container\" data-e-type=\"container\">\n\t\t\t\t<div class=\"elementor-element elementor-element-8423458 elementor-arrows-position-inside elementor-widget elementor-widget-loop-carousel\" data-id=\"8423458\" data-element_type=\"widget\" data-e-type=\"widget\" data-settings=\"{&quot;template_id&quot;:19595,&quot;slides_to_show&quot;:&quot;1&quot;,&quot;_skin&quot;:&quot;post&quot;,&quot;slides_to_show_tablet&quot;:&quot;2&quot;,&quot;slides_to_show_mobile&quot;:&quot;1&quot;,&quot;slides_to_scroll&quot;:&quot;1&quot;,&quot;edit_handle_selector&quot;:&quot;.elementor-loop-container&quot;,&quot;autoplay&quot;:&quot;yes&quot;,&quot;autoplay_speed&quot;:5000,&quot;pause_on_hover&quot;:&quot;yes&quot;,&quot;pause_on_interaction&quot;:&quot;yes&quot;,&quot;infinite&quot;:&quot;yes&quot;,&quot;speed&quot;:500,&quot;offset_sides&quot;:&quot;none&quot;,&quot;arrows&quot;:&quot;yes&quot;,&quot;image_spacing_custom&quot;:{&quot;unit&quot;:&quot;px&quot;,&quot;size&quot;:10,&quot;sizes&quot;:[]},&quot;image_spacing_custom_tablet&quot;:{&quot;unit&quot;:&quot;px&quot;,&quot;size&quot;:&quot;&quot;,&quot;sizes&quot;:[]},&quot;image_spacing_custom_mobile&quot;:{&quot;unit&quot;:&quot;px&quot;,&quot;size&quot;:&quot;&quot;,&quot;sizes&quot;:[]}}\" data-widget_type=\"loop-carousel.post\">\n\t\t\t\t\t\t\t<div class=\"swiper elementor-loop-container elementor-grid\" role=\"list\" dir=\"ltr\">\n\t\t\t\t<div class=\"swiper-wrapper\" aria-live=\"off\">\n\t\t<style id=\"loop-dynamic-19595\">.e-loop-item-20128 .elementor-element.elementor-element-bf9a407:not(.elementor-motion-effects-element-type-background), .e-loop-item-20128 .elementor-element.elementor-element-bf9a407 > .elementor-motion-effects-container > .elementor-motion-effects-layer{background-image:url(\"https:\/\/www.lafargalhospitalet.com\/wp-content\/uploads\/2026\/02\/BioCultura-Farga-scaled.jpg\");}<\/style><style id=\"loop-19595\">.elementor-19595 .elementor-element.elementor-element-bf9a407{--display:flex;--min-height:700px;--flex-direction:column;--container-widget-width:calc( ( 1 - var( --container-widget-flex-grow ) ) * 100% );--container-widget-height:initial;--container-widget-flex-grow:0;--container-widget-align-self:initial;--flex-wrap-mobile:wrap;--justify-content:center;--align-items:flex-start;--margin-top:0px;--margin-bottom:0px;--margin-left:0px;--margin-right:0px;--padding-top:0%;--padding-bottom:0%;--padding-left:10%;--padding-right:0%;}.elementor-19595 .elementor-element.elementor-element-bf9a407:not(.elementor-motion-effects-element-type-background), .elementor-19595 .elementor-element.elementor-element-bf9a407 > .elementor-motion-effects-container > .elementor-motion-effects-layer{background-position:center center;background-repeat:no-repeat;background-size:cover;}.elementor-19595 .elementor-element.elementor-element-61f932d{--display:flex;--min-height:400px;--justify-content:center;--gap:10px 10px;--row-gap:10px;--column-gap:10px;--border-radius:5px 5px 5px 5px;--padding-top:40px;--padding-bottom:40px;--padding-left:40px;--padding-right:40px;}.elementor-19595 .elementor-element.elementor-element-61f932d:not(.elementor-motion-effects-element-type-background), .elementor-19595 .elementor-element.elementor-element-61f932d > .elementor-motion-effects-container > .elementor-motion-effects-layer{background-color:var( --e-global-color-5d7d6af );}.elementor-widget-heading .elementor-heading-title{font-family:var( --e-global-typography-primary-font-family ), Sans-serif;font-weight:var( --e-global-typography-primary-font-weight );}.elementor-19595 .elementor-element.elementor-element-8bbb54a .elementor-heading-title{-webkit-text-stroke-color:#000;stroke:#000;color:var( --e-global-color-secondary );}.elementor-19595 .elementor-element.elementor-element-d277a27 .elementor-heading-title{font-family:\"QuickSand\", Sans-serif;font-weight:700;text-transform:uppercase;-webkit-text-stroke-color:#000;stroke:#000;color:var( --e-global-color-primary );}.elementor-widget-text-editor{font-family:var( --e-global-typography-text-font-family ), Sans-serif;font-size:var( --e-global-typography-text-font-size );font-weight:var( --e-global-typography-text-font-weight );line-height:var( --e-global-typography-text-line-height );}.elementor-19595 .elementor-element.elementor-element-4b31142{margin:0px 0px calc(var(--kit-widget-spacing, 0px) + 10px) 0px;}.elementor-widget-button .elementor-button{font-family:var( --e-global-typography-accent-font-family ), Sans-serif;font-weight:var( --e-global-typography-accent-font-weight );}@media(min-width:768px){.elementor-19595 .elementor-element.elementor-element-61f932d{--width:550px;}}@media(max-width:1024px){.elementor-19595 .elementor-element.elementor-element-bf9a407{--padding-top:0em;--padding-bottom:0em;--padding-left:1em;--padding-right:0em;}.elementor-widget-text-editor{font-size:var( --e-global-typography-text-font-size );line-height:var( --e-global-typography-text-line-height );}}@media(max-width:767px){.elementor-19595 .elementor-element.elementor-element-bf9a407{--min-height:50vh;--padding-top:20px;--padding-bottom:20px;--padding-left:20px;--padding-right:20px;}.elementor-19595 .elementor-element.elementor-element-61f932d{--width:100%;--padding-top:30px;--padding-bottom:30px;--padding-left:20px;--padding-right:20px;}.elementor-widget-text-editor{font-size:var( --e-global-typography-text-font-size );line-height:var( --e-global-typography-text-line-height );}}<\/style>\t\t<div data-elementor-type=\"loop-item\" data-elementor-id=\"19595\" class=\"elementor elementor-19595 elementor-19583 elementor-19583 swiper-slide e-loop-item e-loop-item-20128 post-20128 destacados_home type-destacados_home status-publish has-post-thumbnail hentry\" data-elementor-post-type=\"elementor_library\" role=\"group\" aria-roledescription=\"slide\" data-custom-edit-handle=\"1\">\n\t\t\t<div class=\"elementor-element elementor-element-bf9a407 e-con-full e-flex e-con e-parent\" data-id=\"bf9a407\" data-element_type=\"container\" data-e-type=\"container\" data-settings=\"{&quot;background_background&quot;:&quot;classic&quot;}\">\n\t\t<div class=\"elementor-element elementor-element-61f932d e-con-full e-flex e-con e-child\" data-id=\"61f932d\" data-element_type=\"container\" data-e-type=\"container\" data-settings=\"{&quot;background_background&quot;:&quot;classic&quot;}\">\n\t\t\t\t<div class=\"elementor-element elementor-element-8bbb54a elementor-widget elementor-widget-heading\" data-id=\"8bbb54a\" data-element_type=\"widget\" data-e-type=\"widget\" data-widget_type=\"heading.default\">\n\t\t\t\t\t<h6 class=\"elementor-heading-title elementor-size-default\">7, 8, 9 i 10 de maig de 2026<\/h6>\t\t\t\t<\/div>\n\t\t\t\t<div class=\"elementor-element elementor-element-d277a27 elementor-widget elementor-widget-heading\" data-id=\"d277a27\" data-element_type=\"widget\" data-e-type=\"widget\" data-widget_type=\"heading.default\">\n\t\t\t\t\t<h2 class=\"elementor-heading-title elementor-size-default\">BIOCULTURA BARCELONA<\/h2>\t\t\t\t<\/div>\n\t\t\t\t<div class=\"elementor-element elementor-element-4b31142 elementor-widget elementor-widget-text-editor\" data-id=\"4b31142\" data-element_type=\"widget\" data-e-type=\"widget\" data-widget_type=\"text-editor.default\">\n\t\t\t\t\t\t\t\t\t<strong>BioCultura<\/strong> arriba a la seva 32a edici\u00f3, l\u2019auge de la producci\u00f3, vendes i consum ecol\u00f2gic. BioCultura com totes les edicions t\u00e9 el ferm prop\u00f2sit de seguir sorprenent els visitants amb les darreres novetats del sector ecol\u00f2gic.\t\t\t\t\t\t\t\t<\/div>\n\t\t\t\t<div class=\"elementor-element elementor-element-baec9e4 elementor-widget elementor-widget-button\" data-id=\"baec9e4\" data-element_type=\"widget\" data-e-type=\"widget\" data-widget_type=\"button.default\">\n\t\t\t\t\t\t\t\t\t\t<a class=\"elementor-button elementor-button-link elementor-size-sm\" href=\"https:\/\/www.lafargalhospitalet.com\/ca\/events\/biocultura-barcelona-3\/var\/ri-0.l-L1\/\">\n\t\t\t\t\t\t<span class=\"elementor-button-content-wrapper\">\n\t\t\t\t\t\t\t\t\t<span class=\"elementor-button-text\">M\u00e9s informaci\u00f3<\/span>\n\t\t\t\t\t<\/span>\n\t\t\t\t\t<\/a>\n\t\t\t\t\t\t\t\t<\/div>\n\t\t\t\t<\/div>\n\t\t\t\t<\/div>\n\t\t\t\t<\/div>\n\t\t<style id=\"loop-dynamic-19595\">.e-loop-item-20167 .elementor-element.elementor-element-bf9a407:not(.elementor-motion-effects-element-type-background), .e-loop-item-20167 .elementor-element.elementor-element-bf9a407 > .elementor-motion-effects-container > .elementor-motion-effects-layer{background-image:url(\"https:\/\/www.lafargalhospitalet.com\/wp-content\/uploads\/2026\/02\/RetroBarcelona.png\");}<\/style>\t\t<div data-elementor-type=\"loop-item\" data-elementor-id=\"19595\" class=\"elementor elementor-19595 elementor-19583 elementor-19583 swiper-slide e-loop-item e-loop-item-20167 post-20167 destacados_home type-destacados_home status-publish has-post-thumbnail hentry\" data-elementor-post-type=\"elementor_library\" role=\"group\" aria-roledescription=\"slide\" data-custom-edit-handle=\"1\">\n\t\t\t<div class=\"elementor-element elementor-element-bf9a407 e-con-full e-flex e-con e-parent\" data-id=\"bf9a407\" data-element_type=\"container\" data-e-type=\"container\" data-settings=\"{&quot;background_background&quot;:&quot;classic&quot;}\">\n\t\t<div class=\"elementor-element elementor-element-61f932d e-con-full e-flex e-con e-child\" data-id=\"61f932d\" data-element_type=\"container\" data-e-type=\"container\" data-settings=\"{&quot;background_background&quot;:&quot;classic&quot;}\">\n\t\t\t\t<div class=\"elementor-element elementor-element-8bbb54a elementor-widget elementor-widget-heading\" data-id=\"8bbb54a\" data-element_type=\"widget\" data-e-type=\"widget\" data-widget_type=\"heading.default\">\n\t\t\t\t\t<h6 class=\"elementor-heading-title elementor-size-default\">16 i 17 de maig de 2026<\/h6>\t\t\t\t<\/div>\n\t\t\t\t<div class=\"elementor-element elementor-element-d277a27 elementor-widget elementor-widget-heading\" data-id=\"d277a27\" data-element_type=\"widget\" data-e-type=\"widget\" data-widget_type=\"heading.default\">\n\t\t\t\t\t<h2 class=\"elementor-heading-title elementor-size-default\">RETROBARCELONA<\/h2>\t\t\t\t<\/div>\n\t\t\t\t<div class=\"elementor-element elementor-element-4b31142 elementor-widget elementor-widget-text-editor\" data-id=\"4b31142\" data-element_type=\"widget\" data-e-type=\"widget\" data-widget_type=\"text-editor.default\">\n\t\t\t\t\t\t\t\t\tLa Farga Centre d\u2019Activitats acull l\u201911a edici\u00f3 de <strong>RetroBarcelona<\/strong>, sal\u00f3 dedicat a la retroinform\u00e0tica i el videojoc cl\u00e0ssic, organitzat per l\u2019Associaci\u00f3 Cultural RetroBarcelona.\t\t\t\t\t\t\t\t<\/div>\n\t\t\t\t<div class=\"elementor-element elementor-element-baec9e4 elementor-widget elementor-widget-button\" data-id=\"baec9e4\" data-element_type=\"widget\" data-e-type=\"widget\" data-widget_type=\"button.default\">\n\t\t\t\t\t\t\t\t\t\t<a class=\"elementor-button elementor-button-link elementor-size-sm\" href=\"https:\/\/www.lafargalhospitalet.com\/ca\/events\/retrobarcelona-7\/var\/ri-0.l-L1\/\">\n\t\t\t\t\t\t<span class=\"elementor-button-content-wrapper\">\n\t\t\t\t\t\t\t\t\t<span class=\"elementor-button-text\">M\u00e9s informaci\u00f3<\/span>\n\t\t\t\t\t<\/span>\n\t\t\t\t\t<\/a>\n\t\t\t\t\t\t\t\t<\/div>\n\t\t\t\t<\/div>\n\t\t\t\t<\/div>\n\t\t\t\t<\/div>\n\t\t<style id=\"loop-dynamic-19595\">.e-loop-item-20169 .elementor-element.elementor-element-bf9a407:not(.elementor-motion-effects-element-type-background), .e-loop-item-20169 .elementor-element.elementor-element-bf9a407 > .elementor-motion-effects-container > .elementor-motion-effects-layer{background-image:url(\"https:\/\/www.lafargalhospitalet.com\/wp-content\/uploads\/2026\/02\/FiraGran-LaFarga.jpg\");}<\/style>\t\t<div data-elementor-type=\"loop-item\" data-elementor-id=\"19595\" class=\"elementor elementor-19595 elementor-19583 elementor-19583 swiper-slide e-loop-item e-loop-item-20169 post-20169 destacados_home type-destacados_home status-publish has-post-thumbnail hentry\" data-elementor-post-type=\"elementor_library\" role=\"group\" aria-roledescription=\"slide\" data-custom-edit-handle=\"1\">\n\t\t\t<div class=\"elementor-element elementor-element-bf9a407 e-con-full e-flex e-con e-parent\" data-id=\"bf9a407\" data-element_type=\"container\" data-e-type=\"container\" data-settings=\"{&quot;background_background&quot;:&quot;classic&quot;}\">\n\t\t<div class=\"elementor-element elementor-element-61f932d e-con-full e-flex e-con e-child\" data-id=\"61f932d\" data-element_type=\"container\" data-e-type=\"container\" data-settings=\"{&quot;background_background&quot;:&quot;classic&quot;}\">\n\t\t\t\t<div class=\"elementor-element elementor-element-8bbb54a elementor-widget elementor-widget-heading\" data-id=\"8bbb54a\" data-element_type=\"widget\" data-e-type=\"widget\" data-widget_type=\"heading.default\">\n\t\t\t\t\t<h6 class=\"elementor-heading-title elementor-size-default\">Del 27 al 29 de maig de 2026<\/h6>\t\t\t\t<\/div>\n\t\t\t\t<div class=\"elementor-element elementor-element-d277a27 elementor-widget elementor-widget-heading\" data-id=\"d277a27\" data-element_type=\"widget\" data-e-type=\"widget\" data-widget_type=\"heading.default\">\n\t\t\t\t\t<h2 class=\"elementor-heading-title elementor-size-default\">FIRAGRAN 2026<\/h2>\t\t\t\t<\/div>\n\t\t\t\t<div class=\"elementor-element elementor-element-4b31142 elementor-widget elementor-widget-text-editor\" data-id=\"4b31142\" data-element_type=\"widget\" data-e-type=\"widget\" data-widget_type=\"text-editor.default\">\n\t\t\t\t\t\t\t\t\t<strong>FiraGran<\/strong>, el Sal\u00f3 de la Gent Gran de Catalunya, torna a La Farga Centre d\u2019Activitats per promoure l\u2019envelliment actiu de les persones grans.\t\t\t\t\t\t\t\t<\/div>\n\t\t\t\t<div class=\"elementor-element elementor-element-baec9e4 elementor-widget elementor-widget-button\" data-id=\"baec9e4\" data-element_type=\"widget\" data-e-type=\"widget\" data-widget_type=\"button.default\">\n\t\t\t\t\t\t\t\t\t\t<a class=\"elementor-button elementor-button-link elementor-size-sm\" href=\"https:\/\/www.lafargalhospitalet.com\/ca\/events\/firagran-2025-3\/var\/ri-0.l-L1\/\">\n\t\t\t\t\t\t<span class=\"elementor-button-content-wrapper\">\n\t\t\t\t\t\t\t\t\t<span class=\"elementor-button-text\">M\u00e9s informaci\u00f3<\/span>\n\t\t\t\t\t<\/span>\n\t\t\t\t\t<\/a>\n\t\t\t\t\t\t\t\t<\/div>\n\t\t\t\t<\/div>\n\t\t\t\t<\/div>\n\t\t\t\t<\/div>\n\t\t<style id=\"loop-dynamic-19595\">.e-loop-item-20207 .elementor-element.elementor-element-bf9a407:not(.elementor-motion-effects-element-type-background), .e-loop-item-20207 .elementor-element.elementor-element-bf9a407 > .elementor-motion-effects-container > .elementor-motion-effects-layer{background-image:url(\"https:\/\/www.lafargalhospitalet.com\/wp-content\/uploads\/2026\/02\/Net-Zero-Tech-scaled.jpg\");}<\/style>\t\t<div data-elementor-type=\"loop-item\" data-elementor-id=\"19595\" class=\"elementor elementor-19595 elementor-19583 elementor-19583 swiper-slide e-loop-item e-loop-item-20207 post-20207 destacados_home type-destacados_home status-publish has-post-thumbnail hentry\" data-elementor-post-type=\"elementor_library\" role=\"group\" aria-roledescription=\"slide\" data-custom-edit-handle=\"1\">\n\t\t\t<div class=\"elementor-element elementor-element-bf9a407 e-con-full e-flex e-con e-parent\" data-id=\"bf9a407\" data-element_type=\"container\" data-e-type=\"container\" data-settings=\"{&quot;background_background&quot;:&quot;classic&quot;}\">\n\t\t<div class=\"elementor-element elementor-element-61f932d e-con-full e-flex e-con e-child\" data-id=\"61f932d\" data-element_type=\"container\" data-e-type=\"container\" data-settings=\"{&quot;background_background&quot;:&quot;classic&quot;}\">\n\t\t\t\t<div class=\"elementor-element elementor-element-8bbb54a elementor-widget elementor-widget-heading\" data-id=\"8bbb54a\" data-element_type=\"widget\" data-e-type=\"widget\" data-widget_type=\"heading.default\">\n\t\t\t\t\t<h6 class=\"elementor-heading-title elementor-size-default\">3 i 4 de juny de 2026<\/h6>\t\t\t\t<\/div>\n\t\t\t\t<div class=\"elementor-element elementor-element-d277a27 elementor-widget elementor-widget-heading\" data-id=\"d277a27\" data-element_type=\"widget\" data-e-type=\"widget\" data-widget_type=\"heading.default\">\n\t\t\t\t\t<h2 class=\"elementor-heading-title elementor-size-default\">NET ZERO TECH<\/h2>\t\t\t\t<\/div>\n\t\t\t\t<div class=\"elementor-element elementor-element-4b31142 elementor-widget elementor-widget-text-editor\" data-id=\"4b31142\" data-element_type=\"widget\" data-e-type=\"widget\" data-widget_type=\"text-editor.default\">\n\t\t\t\t\t\t\t\t\tAquest sal\u00f3 fira reunir\u00e0 <strong>empreses l\u00edders en tecnologies de zero emissions<\/strong>, juntament amb experts i professionals compromesos amb la transici\u00f3 cap a la neutralitat clim\u00e0tica.\t\t\t\t\t\t\t\t<\/div>\n\t\t\t\t<div class=\"elementor-element elementor-element-baec9e4 elementor-widget elementor-widget-button\" data-id=\"baec9e4\" data-element_type=\"widget\" data-e-type=\"widget\" data-widget_type=\"button.default\">\n\t\t\t\t\t\t\t\t\t\t<a class=\"elementor-button elementor-button-link elementor-size-sm\" href=\"https:\/\/www.lafargalhospitalet.com\/ca\/events\/net-zero-tech-5\/var\/ri-0.l-L1\/\">\n\t\t\t\t\t\t<span class=\"elementor-button-content-wrapper\">\n\t\t\t\t\t\t\t\t\t<span class=\"elementor-button-text\">M\u00e9s informaci\u00f3<\/span>\n\t\t\t\t\t<\/span>\n\t\t\t\t\t<\/a>\n\t\t\t\t\t\t\t\t<\/div>\n\t\t\t\t<\/div>\n\t\t\t\t<\/div>\n\t\t\t\t<\/div>\n\t\t<style id=\"loop-dynamic-19595\">.e-loop-item-20254 .elementor-element.elementor-element-bf9a407:not(.elementor-motion-effects-element-type-background), .e-loop-item-20254 .elementor-element.elementor-element-bf9a407 > .elementor-motion-effects-container > .elementor-motion-effects-layer{background-image:url(\"https:\/\/www.lafargalhospitalet.com\/wp-content\/uploads\/2026\/02\/Gastroteca-Farga-3-scaled.jpg\");}<\/style>\t\t<div data-elementor-type=\"loop-item\" data-elementor-id=\"19595\" class=\"elementor elementor-19595 elementor-19583 elementor-19583 swiper-slide e-loop-item e-loop-item-20254 post-20254 destacados_home type-destacados_home status-publish has-post-thumbnail hentry\" data-elementor-post-type=\"elementor_library\" role=\"group\" aria-roledescription=\"slide\" data-custom-edit-handle=\"1\">\n\t\t\t<div class=\"elementor-element elementor-element-bf9a407 e-con-full e-flex e-con e-parent\" data-id=\"bf9a407\" data-element_type=\"container\" data-e-type=\"container\" data-settings=\"{&quot;background_background&quot;:&quot;classic&quot;}\">\n\t\t<div class=\"elementor-element elementor-element-61f932d e-con-full e-flex e-con e-child\" data-id=\"61f932d\" data-element_type=\"container\" data-e-type=\"container\" data-settings=\"{&quot;background_background&quot;:&quot;classic&quot;}\">\n\t\t\t\t<div class=\"elementor-element elementor-element-8bbb54a elementor-widget elementor-widget-heading\" data-id=\"8bbb54a\" data-element_type=\"widget\" data-e-type=\"widget\" data-widget_type=\"heading.default\">\n\t\t\t\t\t<h6 class=\"elementor-heading-title elementor-size-default\">Dissabte 6 de juny de 2026<\/h6>\t\t\t\t<\/div>\n\t\t\t\t<div class=\"elementor-element elementor-element-d277a27 elementor-widget elementor-widget-heading\" data-id=\"d277a27\" data-element_type=\"widget\" data-e-type=\"widget\" data-widget_type=\"heading.default\">\n\t\t\t\t\t<h2 class=\"elementor-heading-title elementor-size-default\">GASTROTECA<\/h2>\t\t\t\t<\/div>\n\t\t\t\t<div class=\"elementor-element elementor-element-4b31142 elementor-widget elementor-widget-text-editor\" data-id=\"4b31142\" data-element_type=\"widget\" data-e-type=\"widget\" data-widget_type=\"text-editor.default\">\n\t\t\t\t\t\t\t\t\tJa \u00e9s aqu\u00ed la segona edici\u00f3 de la <strong>Gastroteca<\/strong>! Vine a fer xefla i a tastar els sabors de la ciutat el pr\u00f2xim dissabte 6 de juny de 2026, a La Farga Centre d\u2019Activitats!\t\t\t\t\t\t\t\t<\/div>\n\t\t\t\t<div class=\"elementor-element elementor-element-baec9e4 elementor-widget elementor-widget-button\" data-id=\"baec9e4\" data-element_type=\"widget\" data-e-type=\"widget\" data-widget_type=\"button.default\">\n\t\t\t\t\t\t\t\t\t\t<a class=\"elementor-button elementor-button-link elementor-size-sm\" href=\"https:\/\/www.lafargalhospitalet.com\/ca\/events\/gastroteca-3\/var\/ri-0.l-L1\/\">\n\t\t\t\t\t\t<span class=\"elementor-button-content-wrapper\">\n\t\t\t\t\t\t\t\t\t<span class=\"elementor-button-text\">M\u00e9s informaci\u00f3<\/span>\n\t\t\t\t\t<\/span>\n\t\t\t\t\t<\/a>\n\t\t\t\t\t\t\t\t<\/div>\n\t\t\t\t<\/div>\n\t\t\t\t<\/div>\n\t\t\t\t<\/div>\n\t\t<style id=\"loop-dynamic-19595\">.e-loop-item-20209 .elementor-element.elementor-element-bf9a407:not(.elementor-motion-effects-element-type-background), .e-loop-item-20209 .elementor-element.elementor-element-bf9a407 > .elementor-motion-effects-container > .elementor-motion-effects-layer{background-image:url(\"https:\/\/www.lafargalhospitalet.com\/wp-content\/uploads\/2026\/02\/Infrefest-Farga-scaled.jpg\");}<\/style>\t\t<div data-elementor-type=\"loop-item\" data-elementor-id=\"19595\" class=\"elementor elementor-19595 elementor-19583 elementor-19583 swiper-slide e-loop-item e-loop-item-20209 post-20209 destacados_home type-destacados_home status-publish has-post-thumbnail hentry\" data-elementor-post-type=\"elementor_library\" role=\"group\" aria-roledescription=\"slide\" data-custom-edit-handle=\"1\">\n\t\t\t<div class=\"elementor-element elementor-element-bf9a407 e-con-full e-flex e-con e-parent\" data-id=\"bf9a407\" data-element_type=\"container\" data-e-type=\"container\" data-settings=\"{&quot;background_background&quot;:&quot;classic&quot;}\">\n\t\t<div class=\"elementor-element elementor-element-61f932d e-con-full e-flex e-con e-child\" data-id=\"61f932d\" data-element_type=\"container\" data-e-type=\"container\" data-settings=\"{&quot;background_background&quot;:&quot;classic&quot;}\">\n\t\t\t\t<div class=\"elementor-element elementor-element-8bbb54a elementor-widget elementor-widget-heading\" data-id=\"8bbb54a\" data-element_type=\"widget\" data-e-type=\"widget\" data-widget_type=\"heading.default\">\n\t\t\t\t\t<h6 class=\"elementor-heading-title elementor-size-default\">5 i 6 de setembre de 2026<\/h6>\t\t\t\t<\/div>\n\t\t\t\t<div class=\"elementor-element elementor-element-d277a27 elementor-widget elementor-widget-heading\" data-id=\"d277a27\" data-element_type=\"widget\" data-e-type=\"widget\" data-widget_type=\"heading.default\">\n\t\t\t\t\t<h2 class=\"elementor-heading-title elementor-size-default\">INFREFEST 2026<\/h2>\t\t\t\t<\/div>\n\t\t\t\t<div class=\"elementor-element elementor-element-4b31142 elementor-widget elementor-widget-text-editor\" data-id=\"4b31142\" data-element_type=\"widget\" data-e-type=\"widget\" data-widget_type=\"text-editor.default\">\n\t\t\t\t\t\t\t\t\tLa Farga Centre d\u2019Activitats acull <strong>Infrefest 2026<\/strong>, un festival dedicat a jocs de cartes col\u00b7leccionables, com Magic: The Gathering, jocs de rol i jocs de taula.\t\t\t\t\t\t\t\t<\/div>\n\t\t\t\t<div class=\"elementor-element elementor-element-baec9e4 elementor-widget elementor-widget-button\" data-id=\"baec9e4\" data-element_type=\"widget\" data-e-type=\"widget\" data-widget_type=\"button.default\">\n\t\t\t\t\t\t\t\t\t\t<a class=\"elementor-button elementor-button-link elementor-size-sm\" href=\"https:\/\/www.lafargalhospitalet.com\/ca\/events\/infrefest-2026\/var\/ri-0.l-L1\/\">\n\t\t\t\t\t\t<span class=\"elementor-button-content-wrapper\">\n\t\t\t\t\t\t\t\t\t<span class=\"elementor-button-text\">M\u00e9s informaci\u00f3<\/span>\n\t\t\t\t\t<\/span>\n\t\t\t\t\t<\/a>\n\t\t\t\t\t\t\t\t<\/div>\n\t\t\t\t<\/div>\n\t\t\t\t<\/div>\n\t\t\t\t<\/div>\n\t\t<style id=\"loop-dynamic-19595\">.e-loop-item-20258 .elementor-element.elementor-element-bf9a407:not(.elementor-motion-effects-element-type-background), .e-loop-item-20258 .elementor-element.elementor-element-bf9a407 > .elementor-motion-effects-container > .elementor-motion-effects-layer{background-image:url(\"https:\/\/www.lafargalhospitalet.com\/wp-content\/uploads\/2026\/02\/AutoSens-InCabin-2.jpg\");}<\/style>\t\t<div data-elementor-type=\"loop-item\" data-elementor-id=\"19595\" class=\"elementor elementor-19595 elementor-19583 elementor-19583 swiper-slide e-loop-item e-loop-item-20258 post-20258 destacados_home type-destacados_home status-publish has-post-thumbnail hentry\" data-elementor-post-type=\"elementor_library\" role=\"group\" aria-roledescription=\"slide\" data-custom-edit-handle=\"1\">\n\t\t\t<div class=\"elementor-element elementor-element-bf9a407 e-con-full e-flex e-con e-parent\" data-id=\"bf9a407\" data-element_type=\"container\" data-e-type=\"container\" data-settings=\"{&quot;background_background&quot;:&quot;classic&quot;}\">\n\t\t<div class=\"elementor-element elementor-element-61f932d e-con-full e-flex e-con e-child\" data-id=\"61f932d\" data-element_type=\"container\" data-e-type=\"container\" data-settings=\"{&quot;background_background&quot;:&quot;classic&quot;}\">\n\t\t\t\t<div class=\"elementor-element elementor-element-8bbb54a elementor-widget elementor-widget-heading\" data-id=\"8bbb54a\" data-element_type=\"widget\" data-e-type=\"widget\" data-widget_type=\"heading.default\">\n\t\t\t\t\t<h6 class=\"elementor-heading-title elementor-size-default\">Del 22 al 24 de setembre de 2026<\/h6>\t\t\t\t<\/div>\n\t\t\t\t<div class=\"elementor-element elementor-element-d277a27 elementor-widget elementor-widget-heading\" data-id=\"d277a27\" data-element_type=\"widget\" data-e-type=\"widget\" data-widget_type=\"heading.default\">\n\t\t\t\t\t<h2 class=\"elementor-heading-title elementor-size-default\">AUTOSENS EUROPE &amp; INCABIN EUROPE<\/h2>\t\t\t\t<\/div>\n\t\t\t\t<div class=\"elementor-element elementor-element-4b31142 elementor-widget elementor-widget-text-editor\" data-id=\"4b31142\" data-element_type=\"widget\" data-e-type=\"widget\" data-widget_type=\"text-editor.default\">\n\t\t\t\t\t\t\t\t\tEls salons <strong>AutoSens Europe i InCabin Europe<\/strong> s\u00f3n dos esdeveniments internacionals co-localitzats, centrats en les tecnologies avan\u00e7ades per al vehicle intel\u00b7ligent.\t\t\t\t\t\t\t\t<\/div>\n\t\t\t\t<div class=\"elementor-element elementor-element-baec9e4 elementor-widget elementor-widget-button\" data-id=\"baec9e4\" data-element_type=\"widget\" data-e-type=\"widget\" data-widget_type=\"button.default\">\n\t\t\t\t\t\t\t\t\t\t<a class=\"elementor-button elementor-button-link elementor-size-sm\" href=\"https:\/\/www.lafargalhospitalet.com\/ca\/events\/autosens-europe-incabin-europe\/var\/ri-0.l-L1\/\">\n\t\t\t\t\t\t<span class=\"elementor-button-content-wrapper\">\n\t\t\t\t\t\t\t\t\t<span class=\"elementor-button-text\">M\u00e9s informaci\u00f3<\/span>\n\t\t\t\t\t<\/span>\n\t\t\t\t\t<\/a>\n\t\t\t\t\t\t\t\t<\/div>\n\t\t\t\t<\/div>\n\t\t\t\t<\/div>\n\t\t\t\t<\/div>\n\t\t<style id=\"loop-dynamic-19595\">.e-loop-item-20378 .elementor-element.elementor-element-bf9a407:not(.elementor-motion-effects-element-type-background), .e-loop-item-20378 .elementor-element.elementor-element-bf9a407 > .elementor-motion-effects-container > .elementor-motion-effects-layer{background-image:url(\"https:\/\/www.lafargalhospitalet.com\/wp-content\/uploads\/2026\/03\/MEAT-XPERIENCE-scaled.jpg\");}<\/style>\t\t<div data-elementor-type=\"loop-item\" data-elementor-id=\"19595\" class=\"elementor elementor-19595 elementor-19583 elementor-19583 swiper-slide e-loop-item e-loop-item-20378 post-20378 destacados_home type-destacados_home status-publish has-post-thumbnail hentry\" data-elementor-post-type=\"elementor_library\" role=\"group\" aria-roledescription=\"slide\" data-custom-edit-handle=\"1\">\n\t\t\t<div class=\"elementor-element elementor-element-bf9a407 e-con-full e-flex e-con e-parent\" data-id=\"bf9a407\" data-element_type=\"container\" data-e-type=\"container\" data-settings=\"{&quot;background_background&quot;:&quot;classic&quot;}\">\n\t\t<div class=\"elementor-element elementor-element-61f932d e-con-full e-flex e-con e-child\" data-id=\"61f932d\" data-element_type=\"container\" data-e-type=\"container\" data-settings=\"{&quot;background_background&quot;:&quot;classic&quot;}\">\n\t\t\t\t<div class=\"elementor-element elementor-element-8bbb54a elementor-widget elementor-widget-heading\" data-id=\"8bbb54a\" data-element_type=\"widget\" data-e-type=\"widget\" data-widget_type=\"heading.default\">\n\t\t\t\t\t<h6 class=\"elementor-heading-title elementor-size-default\">4 i 5 d'octubre de 2026<\/h6>\t\t\t\t<\/div>\n\t\t\t\t<div class=\"elementor-element elementor-element-d277a27 elementor-widget elementor-widget-heading\" data-id=\"d277a27\" data-element_type=\"widget\" data-e-type=\"widget\" data-widget_type=\"heading.default\">\n\t\t\t\t\t<h2 class=\"elementor-heading-title elementor-size-default\">MEAT XPERIENCE<\/h2>\t\t\t\t<\/div>\n\t\t\t\t<div class=\"elementor-element elementor-element-4b31142 elementor-widget elementor-widget-text-editor\" data-id=\"4b31142\" data-element_type=\"widget\" data-e-type=\"widget\" data-widget_type=\"text-editor.default\">\n\t\t\t\t\t\t\t\t\t<strong>Meat Xperience<\/strong> \u00e9s una fira especialitzada dedicada al sector carni, dissenyada per a carnissers, xarcuters i botigues gurmet de productes carnis, que se celebra per segona vegada a La Farga Centre d\u2019Activitats.\t\t\t\t\t\t\t\t<\/div>\n\t\t\t\t<div class=\"elementor-element elementor-element-baec9e4 elementor-widget elementor-widget-button\" data-id=\"baec9e4\" data-element_type=\"widget\" data-e-type=\"widget\" data-widget_type=\"button.default\">\n\t\t\t\t\t\t\t\t\t\t<a class=\"elementor-button elementor-button-link elementor-size-sm\" href=\"https:\/\/www.lafargalhospitalet.com\/ca\/events\/meat-xperience-3\/var\/ri-0.l-L1\/\">\n\t\t\t\t\t\t<span class=\"elementor-button-content-wrapper\">\n\t\t\t\t\t\t\t\t\t<span class=\"elementor-button-text\">M\u00e9s informaci\u00f3<\/span>\n\t\t\t\t\t<\/span>\n\t\t\t\t\t<\/a>\n\t\t\t\t\t\t\t\t<\/div>\n\t\t\t\t<\/div>\n\t\t\t\t<\/div>\n\t\t\t\t<\/div>\n\t\t<style id=\"loop-dynamic-19595\">.e-loop-item-20213 .elementor-element.elementor-element-bf9a407:not(.elementor-motion-effects-element-type-background), .e-loop-item-20213 .elementor-element.elementor-element-bf9a407 > .elementor-motion-effects-container > .elementor-motion-effects-layer{background-image:url(\"https:\/\/www.lafargalhospitalet.com\/wp-content\/uploads\/2026\/02\/Congres-Factor-Humano-Farga-scaled.jpg\");}<\/style>\t\t<div data-elementor-type=\"loop-item\" data-elementor-id=\"19595\" class=\"elementor elementor-19595 elementor-19583 elementor-19583 swiper-slide e-loop-item e-loop-item-20213 post-20213 destacados_home type-destacados_home status-publish has-post-thumbnail hentry\" data-elementor-post-type=\"elementor_library\" role=\"group\" aria-roledescription=\"slide\" data-custom-edit-handle=\"1\">\n\t\t\t<div class=\"elementor-element elementor-element-bf9a407 e-con-full e-flex e-con e-parent\" data-id=\"bf9a407\" data-element_type=\"container\" data-e-type=\"container\" data-settings=\"{&quot;background_background&quot;:&quot;classic&quot;}\">\n\t\t<div class=\"elementor-element elementor-element-61f932d e-con-full e-flex e-con e-child\" data-id=\"61f932d\" data-element_type=\"container\" data-e-type=\"container\" data-settings=\"{&quot;background_background&quot;:&quot;classic&quot;}\">\n\t\t\t\t<div class=\"elementor-element elementor-element-8bbb54a elementor-widget elementor-widget-heading\" data-id=\"8bbb54a\" data-element_type=\"widget\" data-e-type=\"widget\" data-widget_type=\"heading.default\">\n\t\t\t\t\t<h6 class=\"elementor-heading-title elementor-size-default\">Dijous 15 d'octubre de 2026<\/h6>\t\t\t\t<\/div>\n\t\t\t\t<div class=\"elementor-element elementor-element-d277a27 elementor-widget elementor-widget-heading\" data-id=\"d277a27\" data-element_type=\"widget\" data-e-type=\"widget\" data-widget_type=\"heading.default\">\n\t\t\t\t\t<h2 class=\"elementor-heading-title elementor-size-default\">CONGR\u00c9S FACTOR HUMANO<\/h2>\t\t\t\t<\/div>\n\t\t\t\t<div class=\"elementor-element elementor-element-4b31142 elementor-widget elementor-widget-text-editor\" data-id=\"4b31142\" data-element_type=\"widget\" data-e-type=\"widget\" data-widget_type=\"text-editor.default\">\n\t\t\t\t\t\t\t\t\tLa Farga Centre d\u2019Activitats acull el<strong> Congr\u00e9s Factor Humano<\/strong>, esdeveniment exclusiu per als professionals que integren els departaments de Recursos Humans de les empreses\t\t\t\t\t\t\t\t<\/div>\n\t\t\t\t<div class=\"elementor-element elementor-element-baec9e4 elementor-widget elementor-widget-button\" data-id=\"baec9e4\" data-element_type=\"widget\" data-e-type=\"widget\" data-widget_type=\"button.default\">\n\t\t\t\t\t\t\t\t\t\t<a class=\"elementor-button elementor-button-link elementor-size-sm\" href=\"https:\/\/www.lafargalhospitalet.com\/ca\/events\/congres-factor-humano-5\/var\/ri-0.l-L1\/\">\n\t\t\t\t\t\t<span class=\"elementor-button-content-wrapper\">\n\t\t\t\t\t\t\t\t\t<span class=\"elementor-button-text\">M\u00e9s informaci\u00f3<\/span>\n\t\t\t\t\t<\/span>\n\t\t\t\t\t<\/a>\n\t\t\t\t\t\t\t\t<\/div>\n\t\t\t\t<\/div>\n\t\t\t\t<\/div>\n\t\t\t\t<\/div>\n\t\t<style id=\"loop-dynamic-19595\">.e-loop-item-20375 .elementor-element.elementor-element-bf9a407:not(.elementor-motion-effects-element-type-background), .e-loop-item-20375 .elementor-element.elementor-element-bf9a407 > .elementor-motion-effects-container > .elementor-motion-effects-layer{background-image:url(\"https:\/\/www.lafargalhospitalet.com\/wp-content\/uploads\/2026\/03\/Cosmetorium-scaled.jpg\");}<\/style>\t\t<div data-elementor-type=\"loop-item\" data-elementor-id=\"19595\" class=\"elementor elementor-19595 elementor-19583 elementor-19583 swiper-slide e-loop-item e-loop-item-20375 post-20375 destacados_home type-destacados_home status-publish has-post-thumbnail hentry\" data-elementor-post-type=\"elementor_library\" role=\"group\" aria-roledescription=\"slide\" data-custom-edit-handle=\"1\">\n\t\t\t<div class=\"elementor-element elementor-element-bf9a407 e-con-full e-flex e-con e-parent\" data-id=\"bf9a407\" data-element_type=\"container\" data-e-type=\"container\" data-settings=\"{&quot;background_background&quot;:&quot;classic&quot;}\">\n\t\t<div class=\"elementor-element elementor-element-61f932d e-con-full e-flex e-con e-child\" data-id=\"61f932d\" data-element_type=\"container\" data-e-type=\"container\" data-settings=\"{&quot;background_background&quot;:&quot;classic&quot;}\">\n\t\t\t\t<div class=\"elementor-element elementor-element-8bbb54a elementor-widget elementor-widget-heading\" data-id=\"8bbb54a\" data-element_type=\"widget\" data-e-type=\"widget\" data-widget_type=\"heading.default\">\n\t\t\t\t\t<h6 class=\"elementor-heading-title elementor-size-default\">21 i 22 d'octubre de 2026<\/h6>\t\t\t\t<\/div>\n\t\t\t\t<div class=\"elementor-element elementor-element-d277a27 elementor-widget elementor-widget-heading\" data-id=\"d277a27\" data-element_type=\"widget\" data-e-type=\"widget\" data-widget_type=\"heading.default\">\n\t\t\t\t\t<h2 class=\"elementor-heading-title elementor-size-default\">COSMETORIUM<\/h2>\t\t\t\t<\/div>\n\t\t\t\t<div class=\"elementor-element elementor-element-4b31142 elementor-widget elementor-widget-text-editor\" data-id=\"4b31142\" data-element_type=\"widget\" data-e-type=\"widget\" data-widget_type=\"text-editor.default\">\n\t\t\t\t\t\t\t\t\t<strong>Cosmetorium<\/strong> \u00e9s el punt de trobada m\u00e9s gran de la ind\u00fastria cosm\u00e8tica del nostre pa\u00eds on con\u00e8ixer les \u00faltimes novetats del sector.\t\t\t\t\t\t\t\t<\/div>\n\t\t\t\t<div class=\"elementor-element elementor-element-baec9e4 elementor-widget elementor-widget-button\" data-id=\"baec9e4\" data-element_type=\"widget\" data-e-type=\"widget\" data-widget_type=\"button.default\">\n\t\t\t\t\t\t\t\t\t\t<a class=\"elementor-button elementor-button-link elementor-size-sm\" href=\"https:\/\/www.lafargalhospitalet.com\/ca\/events\/cosmetorium-2\/var\/ri-0.l-L1\/\">\n\t\t\t\t\t\t<span class=\"elementor-button-content-wrapper\">\n\t\t\t\t\t\t\t\t\t<span class=\"elementor-button-text\">M\u00e9s informaci\u00f3<\/span>\n\t\t\t\t\t<\/span>\n\t\t\t\t\t<\/a>\n\t\t\t\t\t\t\t\t<\/div>\n\t\t\t\t<\/div>\n\t\t\t\t<\/div>\n\t\t\t\t<\/div>\n\t\t\t\t<\/div>\n\t\t<\/div>\n\t\t\t\t\t<div class=\"elementor-swiper-button elementor-swiper-button-prev\" role=\"button\" tabindex=\"0\" aria-label=\"Previous\">\n\t\t\t\t<svg aria-hidden=\"true\" class=\"e-font-icon-svg e-eicon-chevron-left\" viewBox=\"0 0 1000 1000\" xmlns=\"http:\/\/www.w3.org\/2000\/svg\"><path d=\"M646 125C629 125 613 133 604 142L308 442C296 454 292 471 292 487 292 504 296 521 308 533L604 854C617 867 629 875 646 875 663 875 679 871 692 858 704 846 713 829 713 812 713 796 708 779 692 767L438 487 692 225C700 217 708 204 708 187 708 171 704 154 692 142 675 129 663 125 646 125Z\"><\/path><\/svg>\t\t\t<\/div>\n\t\t\t<div class=\"elementor-swiper-button elementor-swiper-button-next\" role=\"button\" tabindex=\"0\" aria-label=\"Next\">\n\t\t\t\t<svg aria-hidden=\"true\" class=\"e-font-icon-svg e-eicon-chevron-right\" viewBox=\"0 0 1000 1000\" xmlns=\"http:\/\/www.w3.org\/2000\/svg\"><path d=\"M696 533C708 521 713 504 713 487 713 471 708 454 696 446L400 146C388 133 375 125 354 125 338 125 325 129 313 142 300 154 292 171 292 187 292 204 296 221 308 233L563 492 304 771C292 783 288 800 288 817 288 833 296 850 308 863 321 871 338 875 354 875 371 875 388 867 400 854L696 533Z\"><\/path><\/svg>\t\t\t<\/div>\n\t\t\t\t\t\t<\/div>\n\t\t\t\t<\/div>\n\t\t<div class=\"elementor-element elementor-element-52e80ea e-flex e-con-boxed e-con e-parent\" data-id=\"52e80ea\" data-element_type=\"container\" data-e-type=\"container\">\n\t\t\t\t\t<div class=\"e-con-inner\">\n\t\t<div class=\"elementor-element elementor-element-50c1461 e-con-full e-flex e-con e-child\" data-id=\"50c1461\" data-element_type=\"container\" data-e-type=\"container\">\n\t\t\t\t<div class=\"elementor-element elementor-element-db85401 elementor-widget elementor-widget-heading\" data-id=\"db85401\" data-element_type=\"widget\" data-e-type=\"widget\" data-widget_type=\"heading.default\">\n\t\t\t\t\t<h2 class=\"elementor-heading-title elementor-size-default\">La Farga de L\u2019Hospitalet, un espai vers\u00e0til de 8.500 m<sup>2<\/sup> on tots els escenaris s\u00f3n possibles.<\/h2>\t\t\t\t<\/div>\n\t\t\t\t<\/div>\n\t\t<div class=\"elementor-element elementor-element-33c8426 e-con-full e-flex e-con e-child\" data-id=\"33c8426\" data-element_type=\"container\" data-e-type=\"container\">\n\t\t\t\t<div class=\"elementor-element elementor-element-0f0c3ad elementor-widget elementor-widget-text-editor\" data-id=\"0f0c3ad\" data-element_type=\"widget\" data-e-type=\"widget\" data-widget_type=\"text-editor.default\">\n\t\t\t\t\t\t\t\t\t<p>El marc idoni per a un lliurament de premis. Un ampli i vist\u00f3s sal\u00f3 on celebrar un sopar de gala. L\u2019escenari ideal per al concert d\u2019una banda de rock. Un recinte capa\u00e7 d\u2019allotjar fires i congressos de tota mena. Un excel\u00b7lent plat\u00f3 per rodar una pel\u00b7l\u00edcula o un espot.<br \/><br \/>La Farga Centre d\u2019Activitats \u00e9s tot aix\u00f2 i molt m\u00e9s. \u00c9s un espai vers\u00e0til i polivalent on es pot materialitzar qualsevol projecte, on un equip de professionals posar\u00e0 a la vostra disposici\u00f3 el seu know-how i un ampli ventall d\u2019innovadores solucions.<\/p>\t\t\t\t\t\t\t\t<\/div>\n\t\t\t\t<\/div>\n\t\t\t\t\t<\/div>\n\t\t\t\t<\/div>\n\t\t<div class=\"elementor-element elementor-element-da80ee8 e-flex e-con-boxed e-con e-parent\" data-id=\"da80ee8\" data-element_type=\"container\" data-e-type=\"container\">\n\t\t\t\t\t<div class=\"e-con-inner\">\n\t\t<div class=\"elementor-element elementor-element-f8d67c5 e-con-full e-flex e-con e-child\" data-id=\"f8d67c5\" data-element_type=\"container\" data-e-type=\"container\">\n\t\t<a class=\"elementor-element elementor-element-62a02cc e-con-full e-flex e-con e-child\" data-id=\"62a02cc\" data-element_type=\"container\" data-e-type=\"container\" data-settings=\"{&quot;position&quot;:&quot;absolute&quot;}\" href=\"https:\/\/www.lafargalhospitalet.com\/ca\/centre-activitats-la-farga-hospitalet-espai-versatil\/\">\n\t\t\t\t<\/a>\n\t\t\t\t<div class=\"elementor-element elementor-element-c910e88 elementor-widget elementor-widget-image\" data-id=\"c910e88\" data-element_type=\"widget\" data-e-type=\"widget\" data-widget_type=\"image.default\">\n\t\t\t\t\t\t\t\t\t\t\t\t\t\t\t<img fetchpriority=\"high\" decoding=\"async\" width=\"420\" height=\"420\" src=\"https:\/\/www.lafargalhospitalet.com\/wp-content\/uploads\/2025\/10\/img_home_espacio_versatil_la_Farga_hospitalet_centro-de-actividades.jpg\" class=\"attachment-full size-full wp-image-731\" alt=\"\" srcset=\"https:\/\/www.lafargalhospitalet.com\/wp-content\/uploads\/2025\/10\/img_home_espacio_versatil_la_Farga_hospitalet_centro-de-actividades.jpg 420w, https:\/\/www.lafargalhospitalet.com\/wp-content\/uploads\/2025\/10\/img_home_espacio_versatil_la_Farga_hospitalet_centro-de-actividades-300x300.jpg 300w, https:\/\/www.lafargalhospitalet.com\/wp-content\/uploads\/2025\/10\/img_home_espacio_versatil_la_Farga_hospitalet_centro-de-actividades-150x150.jpg 150w\" sizes=\"(max-width: 420px) 100vw, 420px\" \/>\t\t\t\t\t\t\t\t\t\t\t\t\t\t\t<\/div>\n\t\t<div class=\"elementor-element elementor-element-8400613 e-con-full e-flex e-con e-child\" data-id=\"8400613\" data-element_type=\"container\" data-e-type=\"container\">\n\t\t\t\t<div class=\"elementor-element elementor-element-09d6a06 elementor-widget elementor-widget-heading\" data-id=\"09d6a06\" data-element_type=\"widget\" data-e-type=\"widget\" data-widget_type=\"heading.default\">\n\t\t\t\t\t<h4 class=\"elementor-heading-title elementor-size-default\">Espai vers\u00e0til\n<\/h4>\t\t\t\t<\/div>\n\t\t\t\t<div class=\"elementor-element elementor-element-27d1538 elementor-widget-divider--view-line elementor-widget elementor-widget-divider\" data-id=\"27d1538\" data-element_type=\"widget\" data-e-type=\"widget\" data-widget_type=\"divider.default\">\n\t\t\t\t\t\t\t<div class=\"elementor-divider\">\n\t\t\t<span class=\"elementor-divider-separator\">\n\t\t\t\t\t\t<\/span>\n\t\t<\/div>\n\t\t\t\t\t\t<\/div>\n\t\t\t\t<div class=\"elementor-element elementor-element-5c4ff27 elementor-widget elementor-widget-text-editor\" data-id=\"5c4ff27\" data-element_type=\"widget\" data-e-type=\"widget\" data-widget_type=\"text-editor.default\">\n\t\t\t\t\t\t\t\t\t<p>Congressos, reunions, concerts, esdeveniments multitudinaris\u2026 tots els escenaris s\u00f3n possibles a La Farga de L\u2019Hospitalet.<\/p>\t\t\t\t\t\t\t\t<\/div>\n\t\t\t\t<div class=\"elementor-element elementor-element-bb52e38 elementor-widget elementor-widget-button\" data-id=\"bb52e38\" data-element_type=\"widget\" data-e-type=\"widget\" data-widget_type=\"button.default\">\n\t\t\t\t\t\t\t\t\t\t<a class=\"elementor-button elementor-button-link elementor-size-sm\" href=\"https:\/\/www.lafargalhospitalet.com\/ca\/centre-activitats-la-farga-hospitalet-espai-versatil\/\">\n\t\t\t\t\t\t<span class=\"elementor-button-content-wrapper\">\n\t\t\t\t\t\t<span class=\"elementor-button-icon\">\n\t\t\t\t<svg aria-hidden=\"true\" class=\"e-font-icon-svg e-fas-plus\" viewBox=\"0 0 448 512\" xmlns=\"http:\/\/www.w3.org\/2000\/svg\"><path d=\"M416 208H272V64c0-17.67-14.33-32-32-32h-32c-17.67 0-32 14.33-32 32v144H32c-17.67 0-32 14.33-32 32v32c0 17.67 14.33 32 32 32h144v144c0 17.67 14.33 32 32 32h32c17.67 0 32-14.33 32-32V304h144c17.67 0 32-14.33 32-32v-32c0-17.67-14.33-32-32-32z\"><\/path><\/svg>\t\t\t<\/span>\n\t\t\t\t\t\t\t\t<\/span>\n\t\t\t\t\t<\/a>\n\t\t\t\t\t\t\t\t<\/div>\n\t\t\t\t<\/div>\n\t\t\t\t<\/div>\n\t\t<div class=\"elementor-element elementor-element-407de5e e-con-full e-flex e-con e-child\" data-id=\"407de5e\" data-element_type=\"container\" data-e-type=\"container\">\n\t\t<a class=\"elementor-element elementor-element-40b9366 e-con-full e-flex e-con e-child\" data-id=\"40b9366\" data-element_type=\"container\" data-e-type=\"container\" data-settings=\"{&quot;position&quot;:&quot;absolute&quot;}\" href=\"https:\/\/www.lafargalhospitalet.com\/ca\/organitzadors-la-farga-hospitalet-centre-activitats\/\">\n\t\t\t\t<\/a>\n\t\t\t\t<div class=\"elementor-element elementor-element-0be40ee elementor-widget elementor-widget-image\" data-id=\"0be40ee\" data-element_type=\"widget\" data-e-type=\"widget\" data-widget_type=\"image.default\">\n\t\t\t\t\t\t\t\t\t\t\t\t\t\t\t<img decoding=\"async\" width=\"420\" height=\"420\" src=\"https:\/\/www.lafargalhospitalet.com\/wp-content\/uploads\/2025\/10\/img_home_organiza_tu_evento_la_Farga_hospitalet_centro-de-actividades.jpg\" class=\"attachment-full size-full wp-image-732\" alt=\"\" srcset=\"https:\/\/www.lafargalhospitalet.com\/wp-content\/uploads\/2025\/10\/img_home_organiza_tu_evento_la_Farga_hospitalet_centro-de-actividades.jpg 420w, https:\/\/www.lafargalhospitalet.com\/wp-content\/uploads\/2025\/10\/img_home_organiza_tu_evento_la_Farga_hospitalet_centro-de-actividades-300x300.jpg 300w, https:\/\/www.lafargalhospitalet.com\/wp-content\/uploads\/2025\/10\/img_home_organiza_tu_evento_la_Farga_hospitalet_centro-de-actividades-150x150.jpg 150w\" sizes=\"(max-width: 420px) 100vw, 420px\" \/>\t\t\t\t\t\t\t\t\t\t\t\t\t\t\t<\/div>\n\t\t<div class=\"elementor-element elementor-element-bb7de91 e-con-full e-flex e-con e-child\" data-id=\"bb7de91\" data-element_type=\"container\" data-e-type=\"container\">\n\t\t\t\t<div class=\"elementor-element elementor-element-31115d0 elementor-widget elementor-widget-heading\" data-id=\"31115d0\" data-element_type=\"widget\" data-e-type=\"widget\" data-widget_type=\"heading.default\">\n\t\t\t\t\t<h4 class=\"elementor-heading-title elementor-size-default\">Organitza el teu esdeveniment<\/h4>\t\t\t\t<\/div>\n\t\t\t\t<div class=\"elementor-element elementor-element-bdb8766 elementor-widget-divider--view-line elementor-widget elementor-widget-divider\" data-id=\"bdb8766\" data-element_type=\"widget\" data-e-type=\"widget\" data-widget_type=\"divider.default\">\n\t\t\t\t\t\t\t<div class=\"elementor-divider\">\n\t\t\t<span class=\"elementor-divider-separator\">\n\t\t\t\t\t\t<\/span>\n\t\t<\/div>\n\t\t\t\t\t\t<\/div>\n\t\t\t\t<div class=\"elementor-element elementor-element-612403d elementor-widget elementor-widget-text-editor\" data-id=\"612403d\" data-element_type=\"widget\" data-e-type=\"widget\" data-widget_type=\"text-editor.default\">\n\t\t\t\t\t\t\t\t\tPosem tot el nostre assessorament i serveis perqu\u00e8 organitzar el teu esdeveniment sigui el m\u00e9s f\u00e0cil possible. Estem per ajudar-te.\t\t\t\t\t\t\t\t<\/div>\n\t\t\t\t<div class=\"elementor-element elementor-element-8f0f0aa elementor-widget elementor-widget-button\" data-id=\"8f0f0aa\" data-element_type=\"widget\" data-e-type=\"widget\" data-widget_type=\"button.default\">\n\t\t\t\t\t\t\t\t\t\t<a class=\"elementor-button elementor-button-link elementor-size-sm\" href=\"https:\/\/www.lafargalhospitalet.com\/ca\/organitzadors-la-farga-hospitalet-centre-activitats\/\">\n\t\t\t\t\t\t<span class=\"elementor-button-content-wrapper\">\n\t\t\t\t\t\t<span class=\"elementor-button-icon\">\n\t\t\t\t<svg aria-hidden=\"true\" class=\"e-font-icon-svg e-fas-plus\" viewBox=\"0 0 448 512\" xmlns=\"http:\/\/www.w3.org\/2000\/svg\"><path d=\"M416 208H272V64c0-17.67-14.33-32-32-32h-32c-17.67 0-32 14.33-32 32v144H32c-17.67 0-32 14.33-32 32v32c0 17.67 14.33 32 32 32h144v144c0 17.67 14.33 32 32 32h32c17.67 0 32-14.33 32-32V304h144c17.67 0 32-14.33 32-32v-32c0-17.67-14.33-32-32-32z\"><\/path><\/svg>\t\t\t<\/span>\n\t\t\t\t\t\t\t\t<\/span>\n\t\t\t\t\t<\/a>\n\t\t\t\t\t\t\t\t<\/div>\n\t\t\t\t<\/div>\n\t\t\t\t<\/div>\n\t\t<div class=\"elementor-element elementor-element-870b225 e-con-full e-flex e-con e-child\" data-id=\"870b225\" data-element_type=\"container\" data-e-type=\"container\">\n\t\t<a class=\"elementor-element elementor-element-9bdabeb e-con-full e-flex e-con e-child\" data-id=\"9bdabeb\" data-element_type=\"container\" data-e-type=\"container\" data-settings=\"{&quot;position&quot;:&quot;absolute&quot;}\" href=\"https:\/\/www.lafargalhospitalet.com\/ca\/descripcio-espais-la-farga-hospitalet-centre-activitats\/\">\n\t\t\t\t<\/a>\n\t\t\t\t<div class=\"elementor-element elementor-element-ea4d86c elementor-widget elementor-widget-image\" data-id=\"ea4d86c\" data-element_type=\"widget\" data-e-type=\"widget\" data-widget_type=\"image.default\">\n\t\t\t\t\t\t\t\t\t\t\t\t\t\t\t<img decoding=\"async\" width=\"420\" height=\"420\" src=\"https:\/\/www.lafargalhospitalet.com\/wp-content\/uploads\/2025\/10\/img_home_descubre_espacios_home_la_Farga_hospitalet_centro-de-actividades.jpg\" class=\"attachment-full size-full wp-image-733\" alt=\"\" srcset=\"https:\/\/www.lafargalhospitalet.com\/wp-content\/uploads\/2025\/10\/img_home_descubre_espacios_home_la_Farga_hospitalet_centro-de-actividades.jpg 420w, https:\/\/www.lafargalhospitalet.com\/wp-content\/uploads\/2025\/10\/img_home_descubre_espacios_home_la_Farga_hospitalet_centro-de-actividades-300x300.jpg 300w, https:\/\/www.lafargalhospitalet.com\/wp-content\/uploads\/2025\/10\/img_home_descubre_espacios_home_la_Farga_hospitalet_centro-de-actividades-150x150.jpg 150w\" sizes=\"(max-width: 420px) 100vw, 420px\" \/>\t\t\t\t\t\t\t\t\t\t\t\t\t\t\t<\/div>\n\t\t<div class=\"elementor-element elementor-element-6b97612 e-con-full e-flex e-con e-child\" data-id=\"6b97612\" data-element_type=\"container\" data-e-type=\"container\">\n\t\t\t\t<div class=\"elementor-element elementor-element-0472bf8 elementor-widget elementor-widget-heading\" data-id=\"0472bf8\" data-element_type=\"widget\" data-e-type=\"widget\" data-widget_type=\"heading.default\">\n\t\t\t\t\t<h4 class=\"elementor-heading-title elementor-size-default\">Descubreix els espais<\/h4>\t\t\t\t<\/div>\n\t\t\t\t<div class=\"elementor-element elementor-element-843d83a elementor-widget-divider--view-line elementor-widget elementor-widget-divider\" data-id=\"843d83a\" data-element_type=\"widget\" data-e-type=\"widget\" data-widget_type=\"divider.default\">\n\t\t\t\t\t\t\t<div class=\"elementor-divider\">\n\t\t\t<span class=\"elementor-divider-separator\">\n\t\t\t\t\t\t<\/span>\n\t\t<\/div>\n\t\t\t\t\t\t<\/div>\n\t\t\t\t<div class=\"elementor-element elementor-element-791107f elementor-widget elementor-widget-text-editor\" data-id=\"791107f\" data-element_type=\"widget\" data-e-type=\"widget\" data-widget_type=\"text-editor.default\">\n\t\t\t\t\t\t\t\t\tAccedeix a la descripci\u00f3 i pl\u00e0nols de tots els espais que componen La Farga de L\u2019Hospitalet.\t\t\t\t\t\t\t\t<\/div>\n\t\t\t\t<div class=\"elementor-element elementor-element-9305fad elementor-widget elementor-widget-button\" data-id=\"9305fad\" data-element_type=\"widget\" data-e-type=\"widget\" data-widget_type=\"button.default\">\n\t\t\t\t\t\t\t\t\t\t<a class=\"elementor-button elementor-button-link elementor-size-sm\" href=\"https:\/\/www.lafargalhospitalet.com\/ca\/descripcio-espais-la-farga-hospitalet-centre-activitats\/\">\n\t\t\t\t\t\t<span class=\"elementor-button-content-wrapper\">\n\t\t\t\t\t\t<span class=\"elementor-button-icon\">\n\t\t\t\t<svg aria-hidden=\"true\" class=\"e-font-icon-svg e-fas-plus\" viewBox=\"0 0 448 512\" xmlns=\"http:\/\/www.w3.org\/2000\/svg\"><path d=\"M416 208H272V64c0-17.67-14.33-32-32-32h-32c-17.67 0-32 14.33-32 32v144H32c-17.67 0-32 14.33-32 32v32c0 17.67 14.33 32 32 32h144v144c0 17.67 14.33 32 32 32h32c17.67 0 32-14.33 32-32V304h144c17.67 0 32-14.33 32-32v-32c0-17.67-14.33-32-32-32z\"><\/path><\/svg>\t\t\t<\/span>\n\t\t\t\t\t\t\t\t<\/span>\n\t\t\t\t\t<\/a>\n\t\t\t\t\t\t\t\t<\/div>\n\t\t\t\t<\/div>\n\t\t\t\t<\/div>\n\t\t\t\t\t<\/div>\n\t\t\t\t<\/div>\n\t\t<div class=\"elementor-element elementor-element-61ec9a4 e-grid e-con-boxed e-con e-parent\" data-id=\"61ec9a4\" data-element_type=\"container\" data-e-type=\"container\" data-settings=\"{&quot;background_background&quot;:&quot;classic&quot;}\">\n\t\t\t\t\t<div class=\"e-con-inner\">\n\t\t<div class=\"elementor-element elementor-element-5a0aa59 e-con-full e-flex e-con e-child\" data-id=\"5a0aa59\" data-element_type=\"container\" data-e-type=\"container\" data-settings=\"{&quot;background_background&quot;:&quot;classic&quot;}\">\n\t\t\t\t<div class=\"elementor-element elementor-element-b37501b elementor-widget elementor-widget-image\" data-id=\"b37501b\" data-element_type=\"widget\" data-e-type=\"widget\" data-widget_type=\"image.default\">\n\t\t\t\t\t\t\t\t\t\t\t\t\t\t\t<img loading=\"lazy\" decoding=\"async\" width=\"100\" height=\"100\" src=\"https:\/\/www.lafargalhospitalet.com\/wp-content\/uploads\/2025\/10\/icon_metros2.png\" class=\"attachment-full size-full wp-image-738\" alt=\"8500 m2\" \/>\t\t\t\t\t\t\t\t\t\t\t\t\t\t\t<\/div>\n\t\t\t\t<div class=\"elementor-element elementor-element-14bd77c elementor-widget elementor-widget-counter\" data-id=\"14bd77c\" data-element_type=\"widget\" data-e-type=\"widget\" data-widget_type=\"counter.default\">\n\t\t\t\t\t\t\t<div class=\"elementor-counter\">\n\t\t\t\t\t\t<div class=\"elementor-counter-number-wrapper\">\n\t\t\t\t<span class=\"elementor-counter-number-prefix\"><\/span>\n\t\t\t\t<span class=\"elementor-counter-number\" data-duration=\"2000\" data-to-value=\"8500\" data-from-value=\"0\" data-delimiter=\".\">0<\/span>\n\t\t\t\t<span class=\"elementor-counter-number-suffix\">m\u00b2<\/span>\n\t\t\t<\/div>\n\t\t<\/div>\n\t\t\t\t\t\t<\/div>\n\t\t\t\t<div class=\"elementor-element elementor-element-fc96904 elementor-widget elementor-widget-text-editor\" data-id=\"fc96904\" data-element_type=\"widget\" data-e-type=\"widget\" data-widget_type=\"text-editor.default\">\n\t\t\t\t\t\t\t\t\t<p>Per celebrar qualsevol esdeveniment<\/p>\t\t\t\t\t\t\t\t<\/div>\n\t\t\t\t<\/div>\n\t\t<div class=\"elementor-element elementor-element-35a265b e-con-full e-flex e-con e-child\" data-id=\"35a265b\" data-element_type=\"container\" data-e-type=\"container\" data-settings=\"{&quot;background_background&quot;:&quot;classic&quot;}\">\n\t\t\t\t<div class=\"elementor-element elementor-element-ba18668 elementor-widget elementor-widget-image\" data-id=\"ba18668\" data-element_type=\"widget\" data-e-type=\"widget\" data-widget_type=\"image.default\">\n\t\t\t\t\t\t\t\t\t\t\t\t\t\t\t<img loading=\"lazy\" decoding=\"async\" width=\"75\" height=\"75\" src=\"https:\/\/www.lafargalhospitalet.com\/wp-content\/uploads\/2025\/10\/icon_congresistas.png\" class=\"attachment-full size-full wp-image-736\" alt=\"Jornadas y reuniones\" \/>\t\t\t\t\t\t\t\t\t\t\t\t\t\t\t<\/div>\n\t\t\t\t<div class=\"elementor-element elementor-element-0b2448e elementor-widget elementor-widget-counter\" data-id=\"0b2448e\" data-element_type=\"widget\" data-e-type=\"widget\" data-widget_type=\"counter.default\">\n\t\t\t\t\t\t\t<div class=\"elementor-counter\">\n\t\t\t\t\t\t<div class=\"elementor-counter-number-wrapper\">\n\t\t\t\t<span class=\"elementor-counter-number-prefix\"><\/span>\n\t\t\t\t<span class=\"elementor-counter-number\" data-duration=\"2000\" data-to-value=\"1200\" data-from-value=\"0\" data-delimiter=\".\">0<\/span>\n\t\t\t\t<span class=\"elementor-counter-number-suffix\"><\/span>\n\t\t\t<\/div>\n\t\t<\/div>\n\t\t\t\t\t\t<\/div>\n\t\t\t\t<div class=\"elementor-element elementor-element-c999391 elementor-widget elementor-widget-text-editor\" data-id=\"c999391\" data-element_type=\"widget\" data-e-type=\"widget\" data-widget_type=\"text-editor.default\">\n\t\t\t\t\t\t\t\t\tCongressistes en un esdeveniment\t\t\t\t\t\t\t\t<\/div>\n\t\t\t\t<\/div>\n\t\t<div class=\"elementor-element elementor-element-ebcd09e e-con-full e-flex e-con e-child\" data-id=\"ebcd09e\" data-element_type=\"container\" data-e-type=\"container\" data-settings=\"{&quot;background_background&quot;:&quot;classic&quot;}\">\n\t\t\t\t<div class=\"elementor-element elementor-element-df573df elementor-widget elementor-widget-image\" data-id=\"df573df\" data-element_type=\"widget\" data-e-type=\"widget\" data-widget_type=\"image.default\">\n\t\t\t\t\t\t\t\t\t\t\t\t\t\t\t<img loading=\"lazy\" decoding=\"async\" width=\"75\" height=\"75\" src=\"https:\/\/www.lafargalhospitalet.com\/wp-content\/uploads\/2025\/10\/icon_eventos.png\" class=\"attachment-full size-full wp-image-737\" alt=\"Ferias y eventos\" \/>\t\t\t\t\t\t\t\t\t\t\t\t\t\t\t<\/div>\n\t\t\t\t<div class=\"elementor-element elementor-element-fe0905e elementor-widget elementor-widget-counter\" data-id=\"fe0905e\" data-element_type=\"widget\" data-e-type=\"widget\" data-widget_type=\"counter.default\">\n\t\t\t\t\t\t\t<div class=\"elementor-counter\">\n\t\t\t\t\t\t<div class=\"elementor-counter-number-wrapper\">\n\t\t\t\t<span class=\"elementor-counter-number-prefix\"><\/span>\n\t\t\t\t<span class=\"elementor-counter-number\" data-duration=\"2000\" data-to-value=\"120\" data-from-value=\"0\" data-delimiter=\".\">0<\/span>\n\t\t\t\t<span class=\"elementor-counter-number-suffix\"><\/span>\n\t\t\t<\/div>\n\t\t<\/div>\n\t\t\t\t\t\t<\/div>\n\t\t\t\t<div class=\"elementor-element elementor-element-d0fd488 elementor-widget elementor-widget-text-editor\" data-id=\"d0fd488\" data-element_type=\"widget\" data-e-type=\"widget\" data-widget_type=\"text-editor.default\">\n\t\t\t\t\t\t\t\t\t<p>Estands en una fira<\/p>\t\t\t\t\t\t\t\t<\/div>\n\t\t\t\t<\/div>\n\t\t<div class=\"elementor-element elementor-element-c5c648b e-con-full e-flex e-con e-child\" data-id=\"c5c648b\" data-element_type=\"container\" data-e-type=\"container\" data-settings=\"{&quot;background_background&quot;:&quot;classic&quot;}\">\n\t\t\t\t<div class=\"elementor-element elementor-element-9f07824 elementor-widget elementor-widget-image\" data-id=\"9f07824\" data-element_type=\"widget\" data-e-type=\"widget\" data-widget_type=\"image.default\">\n\t\t\t\t\t\t\t\t\t\t\t\t\t\t\t<img loading=\"lazy\" decoding=\"async\" width=\"75\" height=\"75\" src=\"https:\/\/www.lafargalhospitalet.com\/wp-content\/uploads\/2025\/10\/ico_examen.png\" class=\"attachment-full size-full wp-image-735\" alt=\"Candidatos en un examen\" \/>\t\t\t\t\t\t\t\t\t\t\t\t\t\t\t<\/div>\n\t\t\t\t<div class=\"elementor-element elementor-element-6947a20 elementor-widget elementor-widget-counter\" data-id=\"6947a20\" data-element_type=\"widget\" data-e-type=\"widget\" data-widget_type=\"counter.default\">\n\t\t\t\t\t\t\t<div class=\"elementor-counter\">\n\t\t\t\t\t\t<div class=\"elementor-counter-number-wrapper\">\n\t\t\t\t<span class=\"elementor-counter-number-prefix\"><\/span>\n\t\t\t\t<span class=\"elementor-counter-number\" data-duration=\"2000\" data-to-value=\"2275\" data-from-value=\"0\" data-delimiter=\".\">0<\/span>\n\t\t\t\t<span class=\"elementor-counter-number-suffix\"><\/span>\n\t\t\t<\/div>\n\t\t<\/div>\n\t\t\t\t\t\t<\/div>\n\t\t\t\t<div class=\"elementor-element elementor-element-8a5edca elementor-widget elementor-widget-text-editor\" data-id=\"8a5edca\" data-element_type=\"widget\" data-e-type=\"widget\" data-widget_type=\"text-editor.default\">\n\t\t\t\t\t\t\t\t\t<p>Candidats en un ex\u00e0men<\/p>\t\t\t\t\t\t\t\t<\/div>\n\t\t\t\t<\/div>\n\t\t\t\t\t<\/div>\n\t\t\t\t<\/div>\n\t\t<div class=\"elementor-element elementor-element-ba1c487 e-flex e-con-boxed e-con e-parent\" data-id=\"ba1c487\" data-element_type=\"container\" data-e-type=\"container\">\n\t\t\t\t\t<div class=\"e-con-inner\">\n\t\t\t\t<div class=\"elementor-element elementor-element-62d73ce elementor-widget elementor-widget-heading\" data-id=\"62d73ce\" data-element_type=\"widget\" data-e-type=\"widget\" data-widget_type=\"heading.default\">\n\t\t\t\t\t<h2 class=\"elementor-heading-title elementor-size-default\">Descobreix els propers esdeveniments<\/h2>\t\t\t\t<\/div>\n\t\t\t\t<div class=\"elementor-element elementor-element-e9deb4d elementor-widget-divider--view-line elementor-widget elementor-widget-divider\" data-id=\"e9deb4d\" data-element_type=\"widget\" data-e-type=\"widget\" data-widget_type=\"divider.default\">\n\t\t\t\t\t\t\t<div class=\"elementor-divider\">\n\t\t\t<span class=\"elementor-divider-separator\">\n\t\t\t\t\t\t<\/span>\n\t\t<\/div>\n\t\t\t\t\t\t<\/div>\n\t\t\t\t<div class=\"elementor-element elementor-element-eventon elementor-widget elementor-widget-EventON\" data-id=\"eventon\" data-element_type=\"widget\" data-e-type=\"widget\" data-widget_type=\"EventON.default\">\n\t\t\t\t<div class=\"elementor-widget-container\">\n\t\t\t\t\t<!-- EventON Calendar --><div id='evcal_calendar_311' class='ajde_evcal_calendar boxy color tbg1 boxstyle0 box_4 etttc_custom ajax_loading_cal' data-cal=''><div id='evcal_head' class='calendar_header evcal_nosort' ><div class='evo_cal_above evodfx evofx_dr_r marb5 evofx_ww'><button class='cal_head_btn evo-gototoday-btn' style='' data-mo='5' data-yr='2026' data-dy='' aria-label='Go to today'>Mes actual<\/button><\/div><div class='evo_cal_above_content'><\/div><div class='evo_header_title '><div class='evo_header_mo evodfx evofx_ai_c'><div class='evo_loading_bar_holder h100 noMinH swipe' style=''><div class='evo_loading_bar wid_80% hi_40px' style='width:80%; height:40px; '><\/div><\/div><\/div><\/div><\/div><div class='evo_filter_bar evo_main_filter_bar eventon_sorting_section '><div class='evo_filter_container evodfx evo_fx_ai_c'><div class='evo_filter_container_in'><div class='eventon_filter_line' ><div class='evo_loading_bar_holder h100 loading_filters swipe' style='min-height:30px;'><div class='nesthold r g10'><div class='evo_loading_bar wid_100% hi_30px' style='width:100%; height:30px; margin-bottom:1px;'><\/div><div class='evo_loading_bar wid_100% hi_30px' style='width:100%; height:30px; margin-bottom:1px;'><\/div><div class='evo_loading_bar wid_100% hi_30px' style='width:100%; height:30px; margin-bottom:1px;'><\/div><div class='evo_loading_bar wid_100% hi_30px' style='width:100%; height:30px; margin-bottom:1px;'><\/div><div class='evo_loading_bar wid_100% hi_30px' style='width:100%; height:30px; margin-bottom:1px;'><\/div><\/div><\/div><\/div><\/div><div class='evo_filter_nav evo_filter_l'><i class='fa fa-chevron-left'><\/i><\/div><div class='evo_filter_nav evo_filter_r'><i class='fa fa-chevron-right'><\/i><\/div><\/div><div class='evo_filter_aply_btns'><\/div><div class='evo_filter_menu'><\/div><\/div><div id='eventon_loadbar_section'><div id='eventon_loadbar'><\/div><\/div><!-- Events List --><div class='evo_events_list_box'><div id='evcal_list' class='eventon_events_list '><div class='evo_loading_bar_holder h100 loading_e_tile swipe' style=''><div class='nest nest1 e'><div class='nesthold  g'><div class='evo_loading_bar wid_50% hi_55px' style='width:50%; height:55px; '><\/div><div class='evo_loading_bar wid_90% hi_30px' style='width:90%; height:30px; '><\/div><div class='evo_loading_bar wid_90% hi_30px' style='width:90%; height:30px; '><\/div><\/div><\/div><div class='nest nest1 e'><div class='nesthold  g'><div class='evo_loading_bar wid_50% hi_55px' style='width:50%; height:55px; '><\/div><div class='evo_loading_bar wid_90% hi_30px' style='width:90%; height:30px; '><\/div><div class='evo_loading_bar wid_90% hi_30px' style='width:90%; height:30px; '><\/div><\/div><\/div><div class='nest nest1 e'><div class='nesthold  g'><div class='evo_loading_bar wid_50% hi_55px' style='width:50%; height:55px; '><\/div><div class='evo_loading_bar wid_90% hi_30px' style='width:90%; height:30px; '><\/div><div class='evo_loading_bar wid_90% hi_30px' style='width:90%; height:30px; '><\/div><\/div><\/div><div class='nest nest1 e'><div class='nesthold  g'><div class='evo_loading_bar wid_50% hi_55px' style='width:50%; height:55px; '><\/div><div class='evo_loading_bar wid_90% hi_30px' style='width:90%; height:30px; '><\/div><div class='evo_loading_bar wid_90% hi_30px' style='width:90%; height:30px; '><\/div><\/div><\/div><div class='nest nest1 e'><div class='nesthold  g'><div class='evo_loading_bar wid_50% hi_55px' style='width:50%; height:55px; '><\/div><div class='evo_loading_bar wid_90% hi_30px' style='width:90%; height:30px; '><\/div><div class='evo_loading_bar wid_90% hi_30px' style='width:90%; height:30px; '><\/div><\/div><\/div><div class='nest nest1 e'><div class='nesthold  g'><div class='evo_loading_bar wid_50% hi_55px' style='width:50%; height:55px; '><\/div><div class='evo_loading_bar wid_90% hi_30px' style='width:90%; height:30px; '><\/div><div class='evo_loading_bar wid_90% hi_30px' style='width:90%; height:30px; '><\/div><\/div><\/div><\/div>\t\t\t<\/div>\n\t\t\t<\/div><!-- evo_events_list_box -->\t\n\t\t\t<div class='clear'><\/div>\n\t\t\t\t\t \t<div id='evcal_footer' class='evo_bottom' style='display:none'>\n\t\t \t\t<div class='evo_cal_data' data-sc=\"{&quot;accord&quot;:&quot;no&quot;,&quot;bottom_nav&quot;:&quot;no&quot;,&quot;cal_id&quot;:&quot;&quot;,&quot;cal_init_nonajax&quot;:&quot;no&quot;,&quot;calendar_type&quot;:&quot;default&quot;,&quot;day_incre&quot;:0,&quot;ehover&quot;:&quot;def&quot;,&quot;ep_fields&quot;:&quot;&quot;,&quot;etc_override&quot;:&quot;no&quot;,&quot;evc_open&quot;:&quot;no&quot;,&quot;event_count&quot;:&quot;40&quot;,&quot;event_location&quot;:&quot;all&quot;,&quot;event_order&quot;:&quot;ASC&quot;,&quot;event_organizer&quot;:&quot;all&quot;,&quot;event_parts&quot;:&quot;no&quot;,&quot;event_past_future&quot;:&quot;all&quot;,&quot;event_status&quot;:&quot;all&quot;,&quot;event_tag&quot;:&quot;all&quot;,&quot;event_type&quot;:&quot;86&quot;,&quot;event_type_2&quot;:&quot;all&quot;,&quot;event_virtual&quot;:&quot;all&quot;,&quot;eventtop_date_style&quot;:0,&quot;eventtop_style&quot;:&quot;2&quot;,&quot;exp_jumper&quot;:&quot;no&quot;,&quot;exp_so&quot;:&quot;no&quot;,&quot;filter_relationship&quot;:&quot;AND&quot;,&quot;filter_show_set_only&quot;:&quot;no&quot;,&quot;filter_style&quot;:&quot;default&quot;,&quot;filter_type&quot;:&quot;default&quot;,&quot;filters&quot;:&quot;yes&quot;,&quot;fixed_day&quot;:&quot;1&quot;,&quot;fixed_month&quot;:&quot;5&quot;,&quot;fixed_year&quot;:&quot;2026&quot;,&quot;focus_end_date_range&quot;:&quot;1780264799&quot;,&quot;focus_start_date_range&quot;:&quot;1777586400&quot;,&quot;ft_event_priority&quot;:&quot;yes&quot;,&quot;grid_ux&quot;:0,&quot;heat&quot;:&quot;no&quot;,&quot;hide_arrows&quot;:&quot;no&quot;,&quot;hide_cancels&quot;:&quot;no&quot;,&quot;hide_empty_months&quot;:&quot;no&quot;,&quot;hide_end_time&quot;:&quot;no&quot;,&quot;hide_et_dn&quot;:&quot;no&quot;,&quot;hide_et_extra&quot;:&quot;no&quot;,&quot;hide_et_tags&quot;:&quot;no&quot;,&quot;hide_et_tl&quot;:&quot;no&quot;,&quot;hide_ft&quot;:&quot;no&quot;,&quot;hide_ft_img&quot;:&quot;no&quot;,&quot;hide_month_headers&quot;:&quot;no&quot;,&quot;hide_mult_occur&quot;:&quot;no&quot;,&quot;hide_past&quot;:&quot;no&quot;,&quot;hide_past_by&quot;:&quot;ee&quot;,&quot;hide_so&quot;:&quot;no&quot;,&quot;hide_sort_options&quot;:&quot;no&quot;,&quot;hover&quot;:&quot;number&quot;,&quot;ics&quot;:&quot;no&quot;,&quot;jumper&quot;:&quot;no&quot;,&quot;jumper_count&quot;:5,&quot;jumper_offset&quot;:&quot;0&quot;,&quot;lang&quot;:&quot;L1&quot;,&quot;layout_changer&quot;:&quot;no&quot;,&quot;livenow_bar&quot;:&quot;yes&quot;,&quot;load_fullmonth&quot;:&quot;no&quot;,&quot;mapformat&quot;:&quot;roadmap&quot;,&quot;mapiconurl&quot;:&quot;&quot;,&quot;maps_load&quot;:&quot;no&quot;,&quot;mapscroll&quot;:&quot;true&quot;,&quot;mapzoom&quot;:&quot;18&quot;,&quot;members_only&quot;:&quot;no&quot;,&quot;ml_priority&quot;:&quot;no&quot;,&quot;ml_toend&quot;:&quot;no&quot;,&quot;mo1st&quot;:&quot;&quot;,&quot;month_incre&quot;:0,&quot;nexttogrid&quot;:&quot;no&quot;,&quot;number_of_months&quot;:&quot;1&quot;,&quot;only_ft&quot;:&quot;no&quot;,&quot;pec&quot;:&quot;&quot;,&quot;s&quot;:&quot;&quot;,&quot;search&quot;:&quot;&quot;,&quot;search_all&quot;:&quot;no&quot;,&quot;sep_month&quot;:&quot;no&quot;,&quot;show_et_ft_img&quot;:&quot;no&quot;,&quot;show_limit&quot;:&quot;no&quot;,&quot;show_limit_ajax&quot;:&quot;yes&quot;,&quot;show_limit_paged&quot;:1,&quot;show_limit_redir&quot;:&quot;&quot;,&quot;show_repeats&quot;:&quot;no&quot;,&quot;show_search&quot;:&quot;no&quot;,&quot;show_upcoming&quot;:0,&quot;show_year&quot;:&quot;no&quot;,&quot;social_share&quot;:&quot;no&quot;,&quot;sort_by&quot;:&quot;sort_date&quot;,&quot;style&quot;:&quot;&quot;,&quot;tile_bg&quot;:&quot;1&quot;,&quot;tile_bg_size&quot;:&quot;full&quot;,&quot;tile_count&quot;:&quot;4&quot;,&quot;tile_height&quot;:0,&quot;tile_style&quot;:0,&quot;tiles&quot;:&quot;yes&quot;,&quot;ux_val&quot;:&quot;4&quot;,&quot;view_switcher&quot;:&quot;no&quot;,&quot;wpml_l1&quot;:&quot;&quot;,&quot;wpml_l2&quot;:&quot;&quot;,&quot;wpml_l3&quot;:&quot;&quot;,&quot;x_ids&quot;:&quot;&quot;,&quot;yl_priority&quot;:&quot;no&quot;,&quot;yl_toend&quot;:&quot;no&quot;,&quot;0&quot;:&quot;jumper_offset=a\\&quot;2\\&quot;&quot;,&quot;_cver&quot;:&quot;5.0.6&quot;}\" data-filter_data=\"[]\" data-nav_data=\"{&quot;month_title&quot;:&quot;&lt;p id=&#039;evcal_cur&#039; class=&#039;evo_month_title padr10&#039;&gt; maig 2026&lt;\\\/p&gt;&quot;,&quot;arrows&quot;:&quot;&lt;p class=&#039;evo_arrows&#039;&gt;\\n\\t\\t\\t\\t\\t&lt;button id=&#039;evcal_prev&#039; class=&#039;evcal_arrows evcal_btn_prev evodfx evofx_jc_c evofx_ai_c&#039; aria-label=&#039;Previous Month&#039;&gt;&lt;i class=&#039;fa fa-chevron-left&#039; aria-hidden=&#039;true&#039;&gt;&lt;\\\/i&gt;&lt;\\\/button&gt;\\n\\t\\t\\t\\t\\t&lt;button id=&#039;evcal_next&#039; class=&#039;evcal_arrows evo_arrow_next evcal_btn_next evodfx evofx_jc_c evofx_ai_c&#039; aria-label=&#039;Next Month&#039;&gt;&lt;i class=&#039;fa fa-chevron-right&#039; aria-hidden=&#039;true&#039;&gt;&lt;\\\/i&gt;&lt;\\\/button&gt;\\n\\t\\t\\t\\t\\t&lt;\\\/p&gt;&quot;}\" data-od=\"{&quot;lang_no_events&quot;:&quot;No Events&quot;,&quot;cal_tz_offset&quot;:120,&quot;cal_tz&quot;:&quot;Europe\\\/Madrid&quot;}\" ><\/div>\n\t\t \t\t<div class='evo_cal_events' data-events=\"\"><\/div>\n\t\t \t<\/div>\n\t\t\t\t\n\t\t\t\n\t\t\t\t\t\t<\/div><!-- EventON End -->\n\t\t\t\t\t\t\t<\/div>\n\t\t\t\t<\/div>\n\t\t\t\t<div class=\"elementor-element elementor-element-1916f81 elementor-align-center elementor-widget elementor-widget-button\" data-id=\"1916f81\" data-element_type=\"widget\" data-e-type=\"widget\" data-widget_type=\"button.default\">\n\t\t\t\t\t\t\t\t\t\t<a class=\"elementor-button elementor-button-link elementor-size-sm\" href=\"https:\/\/www.lafargalhospitalet.com\/ca\/agenda-events-la-farga-hospitalet-centre-activitats\/\">\n\t\t\t\t\t\t<span class=\"elementor-button-content-wrapper\">\n\t\t\t\t\t\t\t\t\t<span class=\"elementor-button-text\">CONSULTA L\u2019AGENDA COMPLETA<\/span>\n\t\t\t\t\t<\/span>\n\t\t\t\t\t<\/a>\n\t\t\t\t\t\t\t\t<\/div>\n\t\t\t\t\t<\/div>\n\t\t\t\t<\/div>\n\t\t<div class=\"elementor-element elementor-element-c774a5e e-flex e-con-boxed e-con e-parent\" data-id=\"c774a5e\" data-element_type=\"container\" data-e-type=\"container\" data-settings=\"{&quot;background_background&quot;:&quot;classic&quot;}\">\n\t\t\t\t\t<div class=\"e-con-inner\">\n\t\t\t\t<div class=\"elementor-element elementor-element-07f00db elementor-widget elementor-widget-heading\" data-id=\"07f00db\" data-element_type=\"widget\" data-e-type=\"widget\" data-widget_type=\"heading.default\">\n\t\t\t\t\t<h2 class=\"elementor-heading-title elementor-size-default\">Visita virtual 360\u00ba<\/h2>\t\t\t\t<\/div>\n\t\t\t\t<div class=\"elementor-element elementor-element-192cf3e elementor-widget-divider--view-line elementor-widget elementor-widget-divider\" data-id=\"192cf3e\" data-element_type=\"widget\" data-e-type=\"widget\" data-widget_type=\"divider.default\">\n\t\t\t\t\t\t\t<div class=\"elementor-divider\">\n\t\t\t<span class=\"elementor-divider-separator\">\n\t\t\t\t\t\t<\/span>\n\t\t<\/div>\n\t\t\t\t\t\t<\/div>\n\t\t\t\t<div class=\"elementor-element elementor-element-112a9c2 elementor-widget elementor-widget-text-editor\" data-id=\"112a9c2\" data-element_type=\"widget\" data-e-type=\"widget\" data-widget_type=\"text-editor.default\">\n\t\t\t\t\t\t\t\t\t<p>La millor manera de con\u00e8ixer cada rac\u00f3 de La Farga Centre d\u2019Activitats.<\/p>\t\t\t\t\t\t\t\t<\/div>\n\t\t\t\t<div class=\"elementor-element elementor-element-91b9257 e-n-tabs-none elementor-widget elementor-widget-n-tabs\" data-id=\"91b9257\" data-element_type=\"widget\" data-e-type=\"widget\" data-settings=\"{&quot;tabs_justify_horizontal&quot;:&quot;start&quot;,&quot;horizontal_scroll_mobile&quot;:&quot;enable&quot;,&quot;horizontal_scroll&quot;:&quot;disable&quot;}\" data-widget_type=\"nested-tabs.default\">\n\t\t\t\t\t\t\t<div class=\"e-n-tabs\" data-widget-number=\"152801879\" aria-label=\"Tabuladors. Obre elements amb Retorn o Espai, tanca amb Esc i navega amb les tecles de fletxa.\">\n\t\t\t<div class=\"e-n-tabs-heading\" role=\"tablist\">\n\t\t\t\t\t<button id=\"e-n-tab-title-1528018791\" data-tab-title-id=\"e-n-tab-title-1528018791\" class=\"e-n-tab-title\" aria-selected=\"true\" data-tab-index=\"1\" role=\"tab\" tabindex=\"0\" aria-controls=\"e-n-tab-content-1528018791\" style=\"--n-tabs-title-order: 1;\">\n\t\t\t\t\t\t<span class=\"e-n-tab-title-text\">\n\t\t\t\tVista t\u00e9cnica\t\t\t<\/span>\n\t\t<\/button>\n\t\t\t\t<button id=\"e-n-tab-title-1528018792\" data-tab-title-id=\"e-n-tab-title-1528018792\" class=\"e-n-tab-title\" aria-selected=\"false\" data-tab-index=\"2\" role=\"tab\" tabindex=\"-1\" aria-controls=\"e-n-tab-content-1528018792\" style=\"--n-tabs-title-order: 2;\">\n\t\t\t\t\t\t<span class=\"e-n-tab-title-text\">\n\t\t\t\tLa Farga Congress\t\t\t<\/span>\n\t\t<\/button>\n\t\t\t\t<button id=\"e-n-tab-title-1528018793\" data-tab-title-id=\"e-n-tab-title-1528018793\" class=\"e-n-tab-title\" aria-selected=\"false\" data-tab-index=\"3\" role=\"tab\" tabindex=\"-1\" aria-controls=\"e-n-tab-content-1528018793\" style=\"--n-tabs-title-order: 3;\">\n\t\t\t\t\t\t<span class=\"e-n-tab-title-text\">\n\t\t\t\tVista live\t\t\t<\/span>\n\t\t<\/button>\n\t\t\t\t\t<\/div>\n\t\t\t<div class=\"e-n-tabs-content\">\n\t\t\t\t<div id=\"e-n-tab-content-1528018791\" role=\"tabpanel\" aria-labelledby=\"e-n-tab-title-1528018791\" data-tab-index=\"1\" style=\"--n-tabs-title-order: 1;\" class=\"e-active elementor-element elementor-element-01d8690 e-con-full e-flex e-con e-child\" data-id=\"01d8690\" data-element_type=\"container\" data-e-type=\"container\">\n\t\t<div class=\"elementor-element elementor-element-bb0011d e-flex e-con-boxed e-con e-child\" data-id=\"bb0011d\" data-element_type=\"container\" data-e-type=\"container\">\n\t\t\t\t\t<div class=\"e-con-inner\">\n\t\t\t\t<div class=\"elementor-element elementor-element-df78a65 elementor-widget elementor-widget-html\" data-id=\"df78a65\" data-element_type=\"widget\" data-e-type=\"widget\" data-widget_type=\"html.default\">\n\t\t\t\t\t<iframe width='100%' height='550' src='https:\/\/my.matterport.com\/show\/?m=K6EbSQrkGJg' \nframeborder='0' allowfullscreen allow='vr'><\/iframe>\t\t\t\t<\/div>\n\t\t\t\t\t<\/div>\n\t\t\t\t<\/div>\n\t\t\t\t<\/div>\n\t\t<div id=\"e-n-tab-content-1528018792\" role=\"tabpanel\" aria-labelledby=\"e-n-tab-title-1528018792\" data-tab-index=\"2\" style=\"--n-tabs-title-order: 2;\" class=\" elementor-element elementor-element-5ca7f99 e-con-full e-flex e-con e-child\" data-id=\"5ca7f99\" data-element_type=\"container\" data-e-type=\"container\">\n\t\t<div class=\"elementor-element elementor-element-d9a0cca e-flex e-con-boxed e-con e-child\" data-id=\"d9a0cca\" data-element_type=\"container\" data-e-type=\"container\">\n\t\t\t\t\t<div class=\"e-con-inner\">\n\t\t\t\t<div class=\"elementor-element elementor-element-c2ec9a4 elementor-widget elementor-widget-html\" data-id=\"c2ec9a4\" data-element_type=\"widget\" data-e-type=\"widget\" data-widget_type=\"html.default\">\n\t\t\t\t\t<iframe width='100%' height='550' src='https:\/\/my.matterport.com\/show\/?m=VJ5RnfbXSph' \nframeborder='0' allowfullscreen allow='vr'><\/iframe>\t\t\t\t<\/div>\n\t\t\t\t\t<\/div>\n\t\t\t\t<\/div>\n\t\t\t\t<\/div>\n\t\t<div id=\"e-n-tab-content-1528018793\" role=\"tabpanel\" aria-labelledby=\"e-n-tab-title-1528018793\" data-tab-index=\"3\" style=\"--n-tabs-title-order: 3;\" class=\" elementor-element elementor-element-510aa01 e-con-full e-flex e-con e-child\" data-id=\"510aa01\" data-element_type=\"container\" data-e-type=\"container\">\n\t\t<div class=\"elementor-element elementor-element-65308a5 e-flex e-con-boxed e-con e-child\" data-id=\"65308a5\" data-element_type=\"container\" data-e-type=\"container\">\n\t\t\t\t\t<div class=\"e-con-inner\">\n\t\t\t\t<div class=\"elementor-element elementor-element-ef616fe elementor-widget elementor-widget-html\" data-id=\"ef616fe\" data-element_type=\"widget\" data-e-type=\"widget\" data-widget_type=\"html.default\">\n\t\t\t\t\t<iframe width='100%' height='550' src='https:\/\/my.matterport.com\/show\/?m=G7MJkVikHPt' \nframeborder='0' allowfullscreen allow='vr'><\/iframe>\t\t\t\t<\/div>\n\t\t\t\t\t<\/div>\n\t\t\t\t<\/div>\n\t\t\t\t<\/div>\n\t\t\t\t\t<\/div>\n\t\t<\/div>\n\t\t\t\t\t\t<\/div>\n\t\t\t\t\t<\/div>\n\t\t\t\t<\/div>\n\t\t<div class=\"elementor-element elementor-element-4937a98 e-flex e-con-boxed e-con e-parent\" data-id=\"4937a98\" data-element_type=\"container\" data-e-type=\"container\">\n\t\t\t\t\t<div class=\"e-con-inner\">\n\t\t\t\t<div class=\"elementor-element elementor-element-fe73859 elementor-widget elementor-widget-heading\" data-id=\"fe73859\" data-element_type=\"widget\" data-e-type=\"widget\" data-widget_type=\"heading.default\">\n\t\t\t\t\t<h2 class=\"elementor-heading-title elementor-size-default\">\u00daltimes not\u00edcies publicades<\/h2>\t\t\t\t<\/div>\n\t\t\t\t<div class=\"elementor-element elementor-element-8559fe6 elementor-widget-divider--view-line elementor-widget elementor-widget-divider\" data-id=\"8559fe6\" data-element_type=\"widget\" data-e-type=\"widget\" data-widget_type=\"divider.default\">\n\t\t\t\t\t\t\t<div class=\"elementor-divider\">\n\t\t\t<span class=\"elementor-divider-separator\">\n\t\t\t\t\t\t<\/span>\n\t\t<\/div>\n\t\t\t\t\t\t<\/div>\n\t\t\t\t<div class=\"elementor-element elementor-element-5f5ba38 elementor-posts--align-left elementor-grid-3 elementor-grid-tablet-2 elementor-grid-mobile-1 elementor-posts--thumbnail-top elementor-widget elementor-widget-posts\" data-id=\"5f5ba38\" data-element_type=\"widget\" data-e-type=\"widget\" data-settings=\"{&quot;classic_columns&quot;:&quot;3&quot;,&quot;classic_columns_tablet&quot;:&quot;2&quot;,&quot;classic_columns_mobile&quot;:&quot;1&quot;,&quot;classic_row_gap&quot;:{&quot;unit&quot;:&quot;px&quot;,&quot;size&quot;:35,&quot;sizes&quot;:[]},&quot;classic_row_gap_tablet&quot;:{&quot;unit&quot;:&quot;px&quot;,&quot;size&quot;:&quot;&quot;,&quot;sizes&quot;:[]},&quot;classic_row_gap_mobile&quot;:{&quot;unit&quot;:&quot;px&quot;,&quot;size&quot;:&quot;&quot;,&quot;sizes&quot;:[]}}\" data-widget_type=\"posts.classic\">\n\t\t\t\t<div class=\"elementor-widget-container\">\n\t\t\t\t\t\t\t<div class=\"elementor-posts-container elementor-posts elementor-posts--skin-classic elementor-grid\" role=\"list\">\n\t\t\t\t<article class=\"elementor-post elementor-grid-item post-20408 post type-post status-publish format-standard has-post-thumbnail hentry category-noticies tag-centre-dactivitats tag-la-farga-centre-dactivitats\" role=\"listitem\">\n\t\t\t\t<a class=\"elementor-post__thumbnail__link\" href=\"https:\/\/www.lafargalhospitalet.com\/ca\/lajuntament-engega-un-dispositiu-especial-a-la-farga-per-acompanyar-en-els-tramits-de-regularitzacio-extraordinaria-de-persones-migrants\/\" tabindex=\"-1\" >\n\t\t\t<div class=\"elementor-post__thumbnail\"><img loading=\"lazy\" decoding=\"async\" width=\"768\" height=\"512\" src=\"https:\/\/www.lafargalhospitalet.com\/wp-content\/uploads\/2025\/12\/LaFargaLHospitalet-768x512.jpg\" class=\"attachment-medium_large size-medium_large wp-image-19959\" alt=\"\" srcset=\"https:\/\/www.lafargalhospitalet.com\/wp-content\/uploads\/2025\/12\/LaFargaLHospitalet-768x512.jpg 768w, https:\/\/www.lafargalhospitalet.com\/wp-content\/uploads\/2025\/12\/LaFargaLHospitalet-300x200.jpg 300w, https:\/\/www.lafargalhospitalet.com\/wp-content\/uploads\/2025\/12\/LaFargaLHospitalet.jpg 960w\" sizes=\"(max-width: 768px) 100vw, 768px\" \/><\/div>\n\t\t<\/a>\n\t\t\t\t<div class=\"elementor-post__text\">\n\t\t\t\t<h3 class=\"elementor-post__title\">\n\t\t\t<a href=\"https:\/\/www.lafargalhospitalet.com\/ca\/lajuntament-engega-un-dispositiu-especial-a-la-farga-per-acompanyar-en-els-tramits-de-regularitzacio-extraordinaria-de-persones-migrants\/\" >\n\t\t\t\tL&#8217;Ajuntament engega un dispositiu especial a La Farga per acompanyar en els tr\u00e0mits de regularitzaci\u00f3 extraordin\u00e0ria de persones migrants\t\t\t<\/a>\n\t\t<\/h3>\n\t\t\t\t<div class=\"elementor-post__meta-data\">\n\t\t\t\t\t<span class=\"elementor-post-date\">\n\t\t\t17 d'abril de 2026\t\t<\/span>\n\t\t\t\t<\/div>\n\t\t\t\t<div class=\"elementor-post__excerpt\">\n\t\t\t<p>A La Farga Centre d&#8217;Activitats, amb acc\u00e9s pel carrer de Barcelona. <\/p>\n\t\t<\/div>\n\t\t\t\t<\/div>\n\t\t\t\t<\/article>\n\t\t\t\t<article class=\"elementor-post elementor-grid-item post-20398 post type-post status-publish format-standard has-post-thumbnail hentry category-noticias tag-centre-dactivitats tag-super90s\" role=\"listitem\">\n\t\t\t\t<a class=\"elementor-post__thumbnail__link\" href=\"https:\/\/www.lafargalhospitalet.com\/ca\/la-farga-viatja-als-anys-90-amb-el-festival-super90s-aquest-dissabte\/\" tabindex=\"-1\" >\n\t\t\t<div class=\"elementor-post__thumbnail\"><img loading=\"lazy\" decoding=\"async\" width=\"768\" height=\"512\" src=\"https:\/\/www.lafargalhospitalet.com\/wp-content\/uploads\/2026\/04\/Super90-Farga-768x512.jpg\" class=\"attachment-medium_large size-medium_large wp-image-20399\" alt=\"\" srcset=\"https:\/\/www.lafargalhospitalet.com\/wp-content\/uploads\/2026\/04\/Super90-Farga-768x512.jpg 768w, https:\/\/www.lafargalhospitalet.com\/wp-content\/uploads\/2026\/04\/Super90-Farga-300x200.jpg 300w, https:\/\/www.lafargalhospitalet.com\/wp-content\/uploads\/2026\/04\/Super90-Farga-1024x683.jpg 1024w, https:\/\/www.lafargalhospitalet.com\/wp-content\/uploads\/2026\/04\/Super90-Farga-1536x1024.jpg 1536w, https:\/\/www.lafargalhospitalet.com\/wp-content\/uploads\/2026\/04\/Super90-Farga-2048x1365.jpg 2048w\" sizes=\"(max-width: 768px) 100vw, 768px\" \/><\/div>\n\t\t<\/a>\n\t\t\t\t<div class=\"elementor-post__text\">\n\t\t\t\t<h3 class=\"elementor-post__title\">\n\t\t\t<a href=\"https:\/\/www.lafargalhospitalet.com\/ca\/la-farga-viatja-als-anys-90-amb-el-festival-super90s-aquest-dissabte\/\" >\n\t\t\t\tLa Farga viatja als anys 90 amb el festival Super\u201990s\t\t\t<\/a>\n\t\t<\/h3>\n\t\t\t\t<div class=\"elementor-post__meta-data\">\n\t\t\t\t\t<span class=\"elementor-post-date\">\n\t\t\t15 d'abril de 2026\t\t<\/span>\n\t\t\t\t<\/div>\n\t\t\t\t<div class=\"elementor-post__excerpt\">\n\t\t\t<p>Aquest dissabte 18 d\u2019abril, La Farga de L\u2019Hospitalet acollir\u00e0 una nova edici\u00f3 del festival Super 90&#8217;s Festival.<\/p>\n\t\t<\/div>\n\t\t\t\t<\/div>\n\t\t\t\t<\/article>\n\t\t\t\t<article class=\"elementor-post elementor-grid-item post-20381 post type-post status-publish format-standard has-post-thumbnail hentry category-noticias category-sin-categoria tag-centre-dactivitats tag-paripe-ferial-abril\" role=\"listitem\">\n\t\t\t\t<a class=\"elementor-post__thumbnail__link\" href=\"https:\/\/www.lafargalhospitalet.com\/ca\/la-farga-acull-aquest-dissabte-el-paripe-tardeo-feria-de-abril-en-la-seva-edicio-mes-gran\/\" tabindex=\"-1\" >\n\t\t\t<div class=\"elementor-post__thumbnail\"><img loading=\"lazy\" decoding=\"async\" width=\"768\" height=\"504\" src=\"https:\/\/www.lafargalhospitalet.com\/wp-content\/uploads\/2026\/04\/Paripe-Farga-768x504.png\" class=\"attachment-medium_large size-medium_large wp-image-20382\" alt=\"\" srcset=\"https:\/\/www.lafargalhospitalet.com\/wp-content\/uploads\/2026\/04\/Paripe-Farga-768x504.png 768w, https:\/\/www.lafargalhospitalet.com\/wp-content\/uploads\/2026\/04\/Paripe-Farga-300x197.png 300w, https:\/\/www.lafargalhospitalet.com\/wp-content\/uploads\/2026\/04\/Paripe-Farga.png 970w\" sizes=\"(max-width: 768px) 100vw, 768px\" \/><\/div>\n\t\t<\/a>\n\t\t\t\t<div class=\"elementor-post__text\">\n\t\t\t\t<h3 class=\"elementor-post__title\">\n\t\t\t<a href=\"https:\/\/www.lafargalhospitalet.com\/ca\/la-farga-acull-aquest-dissabte-el-paripe-tardeo-feria-de-abril-en-la-seva-edicio-mes-gran\/\" >\n\t\t\t\tLa Farga acull aquest dissabte el Parip\u00e9 &#8216;Feria de Abril&#8217; en la seva edici\u00f3 m\u00e9s gran\t\t\t<\/a>\n\t\t<\/h3>\n\t\t\t\t<div class=\"elementor-post__meta-data\">\n\t\t\t\t\t<span class=\"elementor-post-date\">\n\t\t\t8 d'abril de 2026\t\t<\/span>\n\t\t\t\t<\/div>\n\t\t\t\t<div class=\"elementor-post__excerpt\">\n\t\t\t<p>La Farga Centre d\u2019Activitats ser\u00e0 l\u2019escenari aquest dissabte, 11 d\u2019abril, d\u2019una nova edici\u00f3 del Parip\u00e9 &#8216;Feria de Abril&#8217;.<\/p>\n\t\t<\/div>\n\t\t\t\t<\/div>\n\t\t\t\t<\/article>\n\t\t\t\t<\/div>\n\t\t\n\t\t\t\t\t\t<\/div>\n\t\t\t\t<\/div>\n\t\t\t\t<div class=\"elementor-element elementor-element-4dd7ad0 elementor-align-center elementor-widget elementor-widget-button\" data-id=\"4dd7ad0\" data-element_type=\"widget\" data-e-type=\"widget\" data-widget_type=\"button.default\">\n\t\t\t\t\t\t\t\t\t\t<a class=\"elementor-button elementor-button-link elementor-size-sm\" href=\"https:\/\/www.lafargalhospitalet.com\/ca\/noticies-la-farga-hospitalet-centro-actividades\/\">\n\t\t\t\t\t\t<span class=\"elementor-button-content-wrapper\">\n\t\t\t\t\t\t\t\t\t<span class=\"elementor-button-text\">ACCEDEIX A TOTES LES NOT\u00cdCIES<\/span>\n\t\t\t\t\t<\/span>\n\t\t\t\t\t<\/a>\n\t\t\t\t\t\t\t\t<\/div>\n\t\t\t\t\t<\/div>\n\t\t\t\t<\/div>\n\t\t<div class=\"elementor-element elementor-element-2222e2d e-flex e-con-boxed e-con e-parent\" data-id=\"2222e2d\" data-element_type=\"container\" data-e-type=\"container\" data-settings=\"{&quot;background_background&quot;:&quot;classic&quot;}\">\n\t\t\t\t\t<div class=\"e-con-inner\">\n\t\t\t\t<div class=\"elementor-element elementor-element-6ae1fcc elementor-widget elementor-widget-heading\" data-id=\"6ae1fcc\" data-element_type=\"widget\" data-e-type=\"widget\" data-widget_type=\"heading.default\">\n\t\t\t\t\t<h2 class=\"elementor-heading-title elementor-size-default\">Com arribar<\/h2>\t\t\t\t<\/div>\n\t\t\t\t<div class=\"elementor-element elementor-element-a13d83d elementor-widget-divider--view-line elementor-widget elementor-widget-divider\" data-id=\"a13d83d\" data-element_type=\"widget\" data-e-type=\"widget\" data-widget_type=\"divider.default\">\n\t\t\t\t\t\t\t<div class=\"elementor-divider\">\n\t\t\t<span class=\"elementor-divider-separator\">\n\t\t\t\t\t\t<\/span>\n\t\t<\/div>\n\t\t\t\t\t\t<\/div>\n\t\t<div class=\"elementor-element elementor-element-febf5b2 e-con-full e-flex e-con e-child\" data-id=\"febf5b2\" data-element_type=\"container\" data-e-type=\"container\">\n\t\t<div class=\"elementor-element elementor-element-6081313 e-con-full e-flex e-con e-child\" data-id=\"6081313\" data-element_type=\"container\" data-e-type=\"container\">\n\t\t\t\t<div class=\"elementor-element elementor-element-c761beb elementor-widget elementor-widget-html\" data-id=\"c761beb\" data-element_type=\"widget\" data-e-type=\"widget\" data-widget_type=\"html.default\">\n\t\t\t\t\t<iframe src=\"https:\/\/www.google.com\/maps\/d\/embed?mid=1mJ3N4_SNZb2uf2LFY1ebZlXGhWs\" width=\"98%\" height=\"500\"><\/iframe>\t\t\t\t<\/div>\n\t\t\t\t<\/div>\n\t\t<div class=\"elementor-element elementor-element-d9a63af e-con-full e-flex e-con e-child\" data-id=\"d9a63af\" data-element_type=\"container\" data-e-type=\"container\">\n\t\t<div class=\"elementor-element elementor-element-7a9d591 e-con-full e-flex e-con e-child\" data-id=\"7a9d591\" data-element_type=\"container\" data-e-type=\"container\">\n\t\t\t\t<div class=\"elementor-element elementor-element-c131b7b elementor-widget elementor-widget-heading\" data-id=\"c131b7b\" data-element_type=\"widget\" data-e-type=\"widget\" data-widget_type=\"heading.default\">\n\t\t\t\t\t<h5 class=\"elementor-heading-title elementor-size-default\">La Farga Centre d\u2019Activitats<\/h5>\t\t\t\t<\/div>\n\t\t\t\t<div class=\"elementor-element elementor-element-a8478ca elementor-widget-divider--view-line elementor-widget elementor-widget-divider\" data-id=\"a8478ca\" data-element_type=\"widget\" data-e-type=\"widget\" data-widget_type=\"divider.default\">\n\t\t\t\t\t\t\t<div class=\"elementor-divider\">\n\t\t\t<span class=\"elementor-divider-separator\">\n\t\t\t\t\t\t<\/span>\n\t\t<\/div>\n\t\t\t\t\t\t<\/div>\n\t\t\t\t<div class=\"elementor-element elementor-element-ebe1e3e elementor-widget elementor-widget-text-editor\" data-id=\"ebe1e3e\" data-element_type=\"widget\" data-e-type=\"widget\" data-widget_type=\"text-editor.default\">\n\t\t\t\t\t\t\t\t\t<p>C. Barcelona, 2<br \/>08901 L\u2019Hospitalet de Llobregat<\/p>\t\t\t\t\t\t\t\t<\/div>\n\t\t\t\t<\/div>\n\t\t<div class=\"elementor-element elementor-element-1f5caed e-con-full e-flex e-con e-child\" data-id=\"1f5caed\" data-element_type=\"container\" data-e-type=\"container\">\n\t\t\t\t<div class=\"elementor-element elementor-element-4ff94e3 elementor-widget elementor-widget-heading\" data-id=\"4ff94e3\" data-element_type=\"widget\" data-e-type=\"widget\" data-widget_type=\"heading.default\">\n\t\t\t\t\t<h5 class=\"elementor-heading-title elementor-size-default\">La Farga Congress<\/h5>\t\t\t\t<\/div>\n\t\t\t\t<div class=\"elementor-element elementor-element-1091c85 elementor-widget-divider--view-line elementor-widget elementor-widget-divider\" data-id=\"1091c85\" data-element_type=\"widget\" data-e-type=\"widget\" data-widget_type=\"divider.default\">\n\t\t\t\t\t\t\t<div class=\"elementor-divider\">\n\t\t\t<span class=\"elementor-divider-separator\">\n\t\t\t\t\t\t<\/span>\n\t\t<\/div>\n\t\t\t\t\t\t<\/div>\n\t\t\t\t<div class=\"elementor-element elementor-element-2495cce elementor-widget elementor-widget-text-editor\" data-id=\"2495cce\" data-element_type=\"widget\" data-e-type=\"widget\" data-widget_type=\"text-editor.default\">\n\t\t\t\t\t\t\t\t\t<p>C. Girona, 10<br \/>08901 L\u2019Hospitalet de Llobregat<\/p>\t\t\t\t\t\t\t\t<\/div>\n\t\t\t\t<\/div>\n\t\t<div class=\"elementor-element elementor-element-841ff6c e-con-full e-flex e-con e-child\" data-id=\"841ff6c\" data-element_type=\"container\" data-e-type=\"container\">\n\t\t\t\t<div class=\"elementor-element elementor-element-5316e62 elementor-widget elementor-widget-heading\" data-id=\"5316e62\" data-element_type=\"widget\" data-e-type=\"widget\" data-widget_type=\"heading.default\">\n\t\t\t\t\t<h5 class=\"elementor-heading-title elementor-size-default\">La Farga Gesti\u00f3 d\u2019Equipaments\nMunicipals, S.A<\/h5>\t\t\t\t<\/div>\n\t\t\t\t<div class=\"elementor-element elementor-element-6035a1a elementor-widget-divider--view-line elementor-widget elementor-widget-divider\" data-id=\"6035a1a\" data-element_type=\"widget\" data-e-type=\"widget\" data-widget_type=\"divider.default\">\n\t\t\t\t\t\t\t<div class=\"elementor-divider\">\n\t\t\t<span class=\"elementor-divider-separator\">\n\t\t\t\t\t\t<\/span>\n\t\t<\/div>\n\t\t\t\t\t\t<\/div>\n\t\t\t\t<div class=\"elementor-element elementor-element-af5882f elementor-widget elementor-widget-text-editor\" data-id=\"af5882f\" data-element_type=\"widget\" data-e-type=\"widget\" data-widget_type=\"text-editor.default\">\n\t\t\t\t\t\t\t\t\t<p>C. Barcelona, 2<br \/>08901 L\u2019Hospitalet de Llobregat<\/p>\t\t\t\t\t\t\t\t<\/div>\n\t\t\t\t<\/div>\n\t\t\t\t<div class=\"elementor-element elementor-element-5d1ebbf elementor-widget elementor-widget-button\" data-id=\"5d1ebbf\" data-element_type=\"widget\" data-e-type=\"widget\" data-widget_type=\"button.default\">\n\t\t\t\t\t\t\t\t\t\t<a class=\"elementor-button elementor-button-link elementor-size-sm\" href=\"https:\/\/www.lafargalhospitalet.com\/ca\/contacte\/\">\n\t\t\t\t\t\t<span class=\"elementor-button-content-wrapper\">\n\t\t\t\t\t\t\t\t\t<span class=\"elementor-button-text\">CONTACTAR<\/span>\n\t\t\t\t\t<\/span>\n\t\t\t\t\t<\/a>\n\t\t\t\t\t\t\t\t<\/div>\n\t\t\t\t<\/div>\n\t\t\t\t<\/div>\n\t\t\t\t\t<\/div>\n\t\t\t\t<\/div>\n\t\t\t\t<\/div>\n\t\t","protected":false},"excerpt":{"rendered":"<p>La Farga de L\u2019Hospitalet, un espai vers\u00e0til de 8.500 m2 on tots els escenaris s\u00f3n possibles. El marc idoni per a un lliurament de premis. Un ampli i vist\u00f3s sal\u00f3 on celebrar un sopar de gala. L\u2019escenari ideal per al concert d\u2019una banda de rock. Un recinte capa\u00e7 d\u2019allotjar fires i congressos de tota mena. [&hellip;]<\/p>\n","protected":false},"author":1,"featured_media":0,"parent":0,"menu_order":0,"comment_status":"closed","ping_status":"closed","template":"elementor_header_footer","meta":{"_monsterinsights_skip_tracking":false,"_monsterinsights_sitenote_active":false,"_monsterinsights_sitenote_note":"","_monsterinsights_sitenote_category":0,"footnotes":""},"class_list":["post-729","page","type-page","status-publish","hentry"],"yoast_head":"<!-- This site is optimized with the Yoast SEO plugin v27.5 - https:\/\/yoast.com\/product\/yoast-seo-wordpress\/ -->\n<title>La Farga L&#039;Hospitalet Centre d&#039;Activitats. La Farga GEM, S.A.<\/title>\n<meta name=\"description\" content=\"La Farga L&#039;Hospitalet Centre d&#039;Activitats. Fires Congressos. Concerts, exposicions, reunions, filmacions, reunions, sopars de gala\" \/>\n<meta name=\"robots\" content=\"index, follow, max-snippet:-1, max-image-preview:large, max-video-preview:-1\" \/>\n<link rel=\"canonical\" href=\"https:\/\/www.lafargalhospitalet.com\/\" \/>\n<meta property=\"og:locale\" content=\"ca_ES\" \/>\n<meta property=\"og:type\" content=\"article\" \/>\n<meta property=\"og:title\" content=\"La Farga L&#039;Hospitalet Centre d&#039;Activitats. La Farga GEM, S.A.\" \/>\n<meta property=\"og:description\" content=\"La Farga L&#039;Hospitalet Centre d&#039;Activitats. Fires Congressos. Concerts, exposicions, reunions, filmacions, reunions, sopars de gala\" \/>\n<meta property=\"og:url\" content=\"https:\/\/www.lafargalhospitalet.com\/\" \/>\n<meta property=\"og:site_name\" content=\"La Farga L&#039;Hospitalet Centre d&#039;Activitats. La Farga GEM, S.A.\" \/>\n<meta property=\"article:publisher\" content=\"https:\/\/www.facebook.com\/fargahospitalet\/\" \/>\n<meta property=\"article:modified_time\" content=\"2026-02-24T09:00:29+00:00\" \/>\n<meta property=\"og:image\" content=\"https:\/\/www.lafargalhospitalet.com\/wp-content\/uploads\/2025\/10\/img_home_espacio_versatil_la_Farga_hospitalet_centro-de-actividades.jpg\" \/>\n\t<meta property=\"og:image:width\" content=\"420\" \/>\n\t<meta property=\"og:image:height\" content=\"420\" \/>\n\t<meta property=\"og:image:type\" content=\"image\/jpeg\" \/>\n<meta name=\"twitter:card\" content=\"summary_large_image\" \/>\n<meta name=\"twitter:site\" content=\"@fargahospitalet\" \/>\n<meta name=\"twitter:label1\" content=\"Temps estimat de lectura\" \/>\n\t<meta name=\"twitter:data1\" content=\"2 minuts\" \/>\n<script type=\"application\/ld+json\" class=\"yoast-schema-graph\">{\"@context\":\"https:\\\/\\\/schema.org\",\"@graph\":[{\"@type\":\"WebPage\",\"@id\":\"https:\\\/\\\/www.lafargalhospitalet.com\\\/\",\"url\":\"https:\\\/\\\/www.lafargalhospitalet.com\\\/\",\"name\":\"La Farga L'Hospitalet Centre d'Activitats. La Farga GEM, S.A.\",\"isPartOf\":{\"@id\":\"https:\\\/\\\/www.lafargalhospitalet.com\\\/#website\"},\"primaryImageOfPage\":{\"@id\":\"https:\\\/\\\/www.lafargalhospitalet.com\\\/#primaryimage\"},\"image\":{\"@id\":\"https:\\\/\\\/www.lafargalhospitalet.com\\\/#primaryimage\"},\"thumbnailUrl\":\"https:\\\/\\\/www.lafargalhospitalet.com\\\/wp-content\\\/uploads\\\/2025\\\/10\\\/img_home_espacio_versatil_la_Farga_hospitalet_centro-de-actividades.jpg\",\"datePublished\":\"2025-10-27T16:28:09+00:00\",\"dateModified\":\"2026-02-24T09:00:29+00:00\",\"description\":\"La Farga L'Hospitalet Centre d'Activitats. Fires Congressos. Concerts, exposicions, reunions, filmacions, reunions, sopars de gala\",\"breadcrumb\":{\"@id\":\"https:\\\/\\\/www.lafargalhospitalet.com\\\/#breadcrumb\"},\"inLanguage\":\"ca\",\"potentialAction\":[{\"@type\":\"ReadAction\",\"target\":[\"https:\\\/\\\/www.lafargalhospitalet.com\\\/\"]}]},{\"@type\":\"ImageObject\",\"inLanguage\":\"ca\",\"@id\":\"https:\\\/\\\/www.lafargalhospitalet.com\\\/#primaryimage\",\"url\":\"https:\\\/\\\/www.lafargalhospitalet.com\\\/wp-content\\\/uploads\\\/2025\\\/10\\\/img_home_espacio_versatil_la_Farga_hospitalet_centro-de-actividades.jpg\",\"contentUrl\":\"https:\\\/\\\/www.lafargalhospitalet.com\\\/wp-content\\\/uploads\\\/2025\\\/10\\\/img_home_espacio_versatil_la_Farga_hospitalet_centro-de-actividades.jpg\"},{\"@type\":\"BreadcrumbList\",\"@id\":\"https:\\\/\\\/www.lafargalhospitalet.com\\\/#breadcrumb\",\"itemListElement\":[{\"@type\":\"ListItem\",\"position\":1,\"name\":\"Portada\",\"item\":\"https:\\\/\\\/www.lafargalhospitalet.com\\\/\"},{\"@type\":\"ListItem\",\"position\":2,\"name\":\"Inici\"}]},{\"@type\":\"WebSite\",\"@id\":\"https:\\\/\\\/www.lafargalhospitalet.com\\\/#website\",\"url\":\"https:\\\/\\\/www.lafargalhospitalet.com\\\/\",\"name\":\"La Farga L'Hospitalet Centre d'Activitats. La Farga GEM, S.A.\",\"description\":\"La Farga L&#039;Hospitalet Centre d&#039;Activitats. Gestionat per La Farga GEM, S.A. Fires i Congressos. Concerts, exposicions, reunions, filmacions, sopars de gala.\",\"publisher\":{\"@id\":\"https:\\\/\\\/www.lafargalhospitalet.com\\\/#organization\"},\"potentialAction\":[{\"@type\":\"SearchAction\",\"target\":{\"@type\":\"EntryPoint\",\"urlTemplate\":\"https:\\\/\\\/www.lafargalhospitalet.com\\\/?s={search_term_string}\"},\"query-input\":{\"@type\":\"PropertyValueSpecification\",\"valueRequired\":true,\"valueName\":\"search_term_string\"}}],\"inLanguage\":\"ca\"},{\"@type\":\"Organization\",\"@id\":\"https:\\\/\\\/www.lafargalhospitalet.com\\\/#organization\",\"name\":\"La Farga L'Hospitalet Centre d'Activitats. La Farga GEM, S.A.\",\"url\":\"https:\\\/\\\/www.lafargalhospitalet.com\\\/\",\"logo\":{\"@type\":\"ImageObject\",\"inLanguage\":\"ca\",\"@id\":\"https:\\\/\\\/www.lafargalhospitalet.com\\\/#\\\/schema\\\/logo\\\/image\\\/\",\"url\":\"https:\\\/\\\/www.lafargalhospitalet.com\\\/wp-content\\\/uploads\\\/2025\\\/10\\\/logotipo_lafarga_centre_activitats.png\",\"contentUrl\":\"https:\\\/\\\/www.lafargalhospitalet.com\\\/wp-content\\\/uploads\\\/2025\\\/10\\\/logotipo_lafarga_centre_activitats.png\",\"width\":266,\"height\":101,\"caption\":\"La Farga L'Hospitalet Centre d'Activitats. La Farga GEM, S.A.\"},\"image\":{\"@id\":\"https:\\\/\\\/www.lafargalhospitalet.com\\\/#\\\/schema\\\/logo\\\/image\\\/\"},\"sameAs\":[\"https:\\\/\\\/www.facebook.com\\\/fargahospitalet\\\/\",\"https:\\\/\\\/x.com\\\/fargahospitalet\",\"https:\\\/\\\/www.instagram.com\\\/lafargahospitalet\\\/\",\"https:\\\/\\\/www.youtube.com\\\/channel\\\/UCoLt6hen3PqGXgbLMGI3Qdw\",\"https:\\\/\\\/www.flickr.com\\\/photos\\\/lafargagemsa\\\/albums\"]}]}<\/script>\n<!-- \/ Yoast SEO plugin. -->","yoast_head_json":{"title":"La Farga L'Hospitalet Centre d'Activitats. La Farga GEM, S.A.","description":"La Farga L'Hospitalet Centre d'Activitats. Fires Congressos. Concerts, exposicions, reunions, filmacions, reunions, sopars de gala","robots":{"index":"index","follow":"follow","max-snippet":"max-snippet:-1","max-image-preview":"max-image-preview:large","max-video-preview":"max-video-preview:-1"},"canonical":"https:\/\/www.lafargalhospitalet.com\/","og_locale":"ca_ES","og_type":"article","og_title":"La Farga L'Hospitalet Centre d'Activitats. La Farga GEM, S.A.","og_description":"La Farga L'Hospitalet Centre d'Activitats. Fires Congressos. Concerts, exposicions, reunions, filmacions, reunions, sopars de gala","og_url":"https:\/\/www.lafargalhospitalet.com\/","og_site_name":"La Farga L&#039;Hospitalet Centre d&#039;Activitats. La Farga GEM, S.A.","article_publisher":"https:\/\/www.facebook.com\/fargahospitalet\/","article_modified_time":"2026-02-24T09:00:29+00:00","og_image":[{"width":420,"height":420,"url":"https:\/\/www.lafargalhospitalet.com\/wp-content\/uploads\/2025\/10\/img_home_espacio_versatil_la_Farga_hospitalet_centro-de-actividades.jpg","type":"image\/jpeg"}],"twitter_card":"summary_large_image","twitter_site":"@fargahospitalet","twitter_misc":{"Temps estimat de lectura":"2 minuts"},"schema":{"@context":"https:\/\/schema.org","@graph":[{"@type":"WebPage","@id":"https:\/\/www.lafargalhospitalet.com\/","url":"https:\/\/www.lafargalhospitalet.com\/","name":"La Farga L'Hospitalet Centre d'Activitats. La Farga GEM, S.A.","isPartOf":{"@id":"https:\/\/www.lafargalhospitalet.com\/#website"},"primaryImageOfPage":{"@id":"https:\/\/www.lafargalhospitalet.com\/#primaryimage"},"image":{"@id":"https:\/\/www.lafargalhospitalet.com\/#primaryimage"},"thumbnailUrl":"https:\/\/www.lafargalhospitalet.com\/wp-content\/uploads\/2025\/10\/img_home_espacio_versatil_la_Farga_hospitalet_centro-de-actividades.jpg","datePublished":"2025-10-27T16:28:09+00:00","dateModified":"2026-02-24T09:00:29+00:00","description":"La Farga L'Hospitalet Centre d'Activitats. Fires Congressos. Concerts, exposicions, reunions, filmacions, reunions, sopars de gala","breadcrumb":{"@id":"https:\/\/www.lafargalhospitalet.com\/#breadcrumb"},"inLanguage":"ca","potentialAction":[{"@type":"ReadAction","target":["https:\/\/www.lafargalhospitalet.com\/"]}]},{"@type":"ImageObject","inLanguage":"ca","@id":"https:\/\/www.lafargalhospitalet.com\/#primaryimage","url":"https:\/\/www.lafargalhospitalet.com\/wp-content\/uploads\/2025\/10\/img_home_espacio_versatil_la_Farga_hospitalet_centro-de-actividades.jpg","contentUrl":"https:\/\/www.lafargalhospitalet.com\/wp-content\/uploads\/2025\/10\/img_home_espacio_versatil_la_Farga_hospitalet_centro-de-actividades.jpg"},{"@type":"BreadcrumbList","@id":"https:\/\/www.lafargalhospitalet.com\/#breadcrumb","itemListElement":[{"@type":"ListItem","position":1,"name":"Portada","item":"https:\/\/www.lafargalhospitalet.com\/"},{"@type":"ListItem","position":2,"name":"Inici"}]},{"@type":"WebSite","@id":"https:\/\/www.lafargalhospitalet.com\/#website","url":"https:\/\/www.lafargalhospitalet.com\/","name":"La Farga L'Hospitalet Centre d'Activitats. La Farga GEM, S.A.","description":"La Farga L&#039;Hospitalet Centre d&#039;Activitats. Gestionat per La Farga GEM, S.A. Fires i Congressos. Concerts, exposicions, reunions, filmacions, sopars de gala.","publisher":{"@id":"https:\/\/www.lafargalhospitalet.com\/#organization"},"potentialAction":[{"@type":"SearchAction","target":{"@type":"EntryPoint","urlTemplate":"https:\/\/www.lafargalhospitalet.com\/?s={search_term_string}"},"query-input":{"@type":"PropertyValueSpecification","valueRequired":true,"valueName":"search_term_string"}}],"inLanguage":"ca"},{"@type":"Organization","@id":"https:\/\/www.lafargalhospitalet.com\/#organization","name":"La Farga L'Hospitalet Centre d'Activitats. La Farga GEM, S.A.","url":"https:\/\/www.lafargalhospitalet.com\/","logo":{"@type":"ImageObject","inLanguage":"ca","@id":"https:\/\/www.lafargalhospitalet.com\/#\/schema\/logo\/image\/","url":"https:\/\/www.lafargalhospitalet.com\/wp-content\/uploads\/2025\/10\/logotipo_lafarga_centre_activitats.png","contentUrl":"https:\/\/www.lafargalhospitalet.com\/wp-content\/uploads\/2025\/10\/logotipo_lafarga_centre_activitats.png","width":266,"height":101,"caption":"La Farga L'Hospitalet Centre d'Activitats. La Farga GEM, S.A."},"image":{"@id":"https:\/\/www.lafargalhospitalet.com\/#\/schema\/logo\/image\/"},"sameAs":["https:\/\/www.facebook.com\/fargahospitalet\/","https:\/\/x.com\/fargahospitalet","https:\/\/www.instagram.com\/lafargahospitalet\/","https:\/\/www.youtube.com\/channel\/UCoLt6hen3PqGXgbLMGI3Qdw","https:\/\/www.flickr.com\/photos\/lafargagemsa\/albums"]}]}},"_links":{"self":[{"href":"https:\/\/www.lafargalhospitalet.com\/ca\/wp-json\/wp\/v2\/pages\/729","targetHints":{"allow":["GET"]}}],"collection":[{"href":"https:\/\/www.lafargalhospitalet.com\/ca\/wp-json\/wp\/v2\/pages"}],"about":[{"href":"https:\/\/www.lafargalhospitalet.com\/ca\/wp-json\/wp\/v2\/types\/page"}],"author":[{"embeddable":true,"href":"https:\/\/www.lafargalhospitalet.com\/ca\/wp-json\/wp\/v2\/users\/1"}],"replies":[{"embeddable":true,"href":"https:\/\/www.lafargalhospitalet.com\/ca\/wp-json\/wp\/v2\/comments?post=729"}],"version-history":[{"count":12,"href":"https:\/\/www.lafargalhospitalet.com\/ca\/wp-json\/wp\/v2\/pages\/729\/revisions"}],"predecessor-version":[{"id":20250,"href":"https:\/\/www.lafargalhospitalet.com\/ca\/wp-json\/wp\/v2\/pages\/729\/revisions\/20250"}],"wp:attachment":[{"href":"https:\/\/www.lafargalhospitalet.com\/ca\/wp-json\/wp\/v2\/media?parent=729"}],"curies":[{"name":"wp","href":"https:\/\/api.w.org\/{rel}","templated":true}]}}